{"id":695,"type":"Standard","slug":"\/mesto\/navigace-na-strankach\/co-si-vzit-s-sebou","media":[],"seo":{"title":"Kdy nav\u0161t\u00edvit Ben\u00e1tky a co si vz\u00edt s sebou? (Pod\u00edvejte se na mapu Ben\u00e1tek) ","meta":[{"name":"description","content":"Kdy nav\u0161t\u00edvit Ben\u00e1tky a co si vz\u00edt s sebou? P\u0159e\u010dt\u011bte si v\u00edce o nejvhodn\u011bj\u0161\u00ed dob\u011b pro n\u00e1v\u0161t\u011bvu Ben\u00e1tek. Pro nov\u00e9 n\u00e1v\u0161t\u011bvn\u00edky jsou na interaktivn\u00ed map\u011b pr\u016fvodce k dispozici ve\u0161ker\u00e9 informace o hotelu."},{"name":"generator","content":"TYPO3 CMS x T3Headless"},{"name":"keywords","content":"Kdy nav\u0161t\u00edvit Ben\u00e1tky a co si vz\u00edt s sebou?"},{"property":"og:title","content":"Kdy nav\u0161t\u00edvit Ben\u00e1tky a co si vz\u00edt s sebou? (Pod\u00edvejte se na mapu Ben\u00e1tek)"},{"property":"og:description","content":"Kdy nav\u0161t\u00edvit Ben\u00e1tky a co si vz\u00edt s sebou? P\u0159e\u010dt\u011bte si v\u00edce o nejvhodn\u011bj\u0161\u00ed dob\u011b pro n\u00e1v\u0161t\u011bvu Ben\u00e1tek. Pro nov\u00e9 n\u00e1v\u0161t\u011bvn\u00edky jsou na interaktivn\u00ed map\u011b pr\u016fvodce k dispozici ve\u0161ker\u00e9 informace o hotelu."},{"name":"twitter:card","content":"summary"},{"name":"twitter:title","content":"Kdy nav\u0161t\u00edvit Ben\u00e1tky a co si vz\u00edt s sebou? (Pod\u00edvejte se na mapu Ben\u00e1tek)"},{"name":"twitter:description","content":"Kdy nav\u0161t\u00edvit Ben\u00e1tky a co si vz\u00edt s sebou? P\u0159e\u010dt\u011bte si v\u00edce o nejvhodn\u011bj\u0161\u00ed dob\u011b pro n\u00e1v\u0161t\u011bvu Ben\u00e1tek. Pro nov\u00e9 n\u00e1v\u0161t\u011bvn\u00edky jsou na interaktivn\u00ed map\u011b pr\u016fvodce k dispozici ve\u0161ker\u00e9 informace o hotelu."}],"link":[{"href":"https:\/\/headless-stg.venicexplorer.com\/cs\/mesto\/navigace-na-strankach\/co-si-vzit-s-sebou","rel":"canonical"},{"rel":"alternate","hreflang":"de-DE","href":"\/\/headless-stg.venicexplorer.com\/de\/die-stadt\/venedig-navigieren\/was-sie-mitbringen-sollten"},{"rel":"alternate","hreflang":"it-IT","href":"\/\/headless-stg.venicexplorer.com\/it\/la-citta\/venezia-navigare\/cosa-portare"},{"rel":"alternate","hreflang":"zh-CN","href":"\/\/headless-stg.venicexplorer.com\/zh\/%E5%9F%8E%E5%B8%82\/%E5%A8%81%E5%B0%BC%E6%96%AF%E5%AF%BC%E8%88%AA\/%E5%B8%A6%E4%BB%80%E4%B9%88"},{"rel":"alternate","hreflang":"cs-CZ","href":"\/\/headless-stg.venicexplorer.com\/cs\/mesto\/navigace-na-strankach\/co-si-vzit-s-sebou"},{"rel":"alternate","hreflang":"fr-FR","href":"\/\/headless-stg.venicexplorer.com\/fr\/la-ville\/venise-naviguer\/ce-quil-faut-apporter"},{"rel":"alternate","hreflang":"ja-JP","href":"\/\/headless-stg.venicexplorer.com\/ja\/%E8%A1%97%E3%81%AE%E6%A7%98%E5%AD%90\/%E3%83%B4%E3%82%A7%E3%83%8D%E3%83%84%E3%82%A3%E3%82%A2%E3%83%8A%E3%83%93\/%E6%8C%81%E3%81%A1%E7%89%A9"},{"rel":"alternate","hreflang":"pt-PT","href":"\/\/headless-stg.venicexplorer.com\/pt\/a-cidade\/navegar-em-veneza\/o-que-levar"},{"rel":"alternate","hreflang":"ru-RU","href":"\/\/headless-stg.venicexplorer.com\/ru\/gorod\/navigacija-po-venecii\/chto-vzjat-s-soboi"},{"rel":"alternate","hreflang":"sk-SK","href":"\/\/headless-stg.venicexplorer.com\/sk\/mesto\/benatky-navigovat\/co-si-priniest"},{"rel":"alternate","hreflang":"es-ES","href":"\/\/headless-stg.venicexplorer.com\/es\/la-ciudad\/venecia-navegar\/que-llevar"}],"htmlAttrs":{"lang":"cs","dir":null},"bodyAttrs":{"class":"pid-695 layout-layout-0"}},"meta":{"title":"Kdy nav\u0161t\u00edvit Ben\u00e1tky a co si vz\u00edt s sebou? (Pod\u00edvejte se na mapu Ben\u00e1tek) ","subtitle":"","abstract":"","description":"Kdy nav\u0161t\u00edvit Ben\u00e1tky a co si vz\u00edt s sebou? P\u0159e\u010dt\u011bte si v\u00edce o nejvhodn\u011bj\u0161\u00ed dob\u011b pro n\u00e1v\u0161t\u011bvu Ben\u00e1tek. Pro nov\u00e9 n\u00e1v\u0161t\u011bvn\u00edky jsou na interaktivn\u00ed map\u011b pr\u016fvodce k dispozici ve\u0161ker\u00e9 informace o hotelu.","keywords":"Kdy nav\u0161t\u00edvit Ben\u00e1tky a co si vz\u00edt s sebou?","canonical":"","robots":{"noIndex":false,"noFollow":false},"author":"","authorEmail":"","ogTitle":"Kdy nav\u0161t\u00edvit Ben\u00e1tky a co si vz\u00edt s sebou? (Pod\u00edvejte se na mapu Ben\u00e1tek)","ogDescription":"Kdy nav\u0161t\u00edvit Ben\u00e1tky a co si vz\u00edt s sebou? P\u0159e\u010dt\u011bte si v\u00edce o nejvhodn\u011bj\u0161\u00ed dob\u011b pro n\u00e1v\u0161t\u011bvu Ben\u00e1tek. Pro nov\u00e9 n\u00e1v\u0161t\u011bvn\u00edky jsou na interaktivn\u00ed map\u011b pr\u016fvodce k dispozici ve\u0161ker\u00e9 informace o hotelu.","ogImage":null,"twitterTitle":"Kdy nav\u0161t\u00edvit Ben\u00e1tky a co si vz\u00edt s sebou? (Pod\u00edvejte se na mapu Ben\u00e1tek)","twitterDescription":"Kdy nav\u0161t\u00edvit Ben\u00e1tky a co si vz\u00edt s sebou? P\u0159e\u010dt\u011bte si v\u00edce o nejvhodn\u011bj\u0161\u00ed dob\u011b pro n\u00e1v\u0161t\u011bvu Ben\u00e1tek. Pro nov\u00e9 n\u00e1v\u0161t\u011bvn\u00edky jsou na interaktivn\u00ed map\u011b pr\u016fvodce k dispozici ve\u0161ker\u00e9 informace o hotelu.","twitterCard":"summary","twitterImage":null},"categories":"","breadcrumbs":[{"title":"Home","link":"\/cs\/","target":"","active":1,"current":0,"spacer":0,"hasSubpages":1},{"title":"M\u011bsto","link":"\/cs\/mesto","target":"","active":1,"current":0,"spacer":0,"hasSubpages":1},{"title":"Navigace na str\u00e1nk\u00e1ch","link":"\/cs\/mesto\/navigace-na-strankach","target":"","active":1,"current":0,"spacer":0,"hasSubpages":1},{"title":"Co si vz\u00edt s sebou","link":"\/cs\/mesto\/navigace-na-strankach\/co-si-vzit-s-sebou","target":"","active":1,"current":1,"spacer":0,"hasSubpages":0}],"appearance":{"layout":"layout-0","backendLayout":"subpage"},"content":{"colPos2":[{"id":5898,"type":"textpic","colPos":2,"categories":"","appearance":{"layout":"default","frameClass":"indent","spaceBefore":"large","spaceAfter":"medium"},"content":{"header":"","subheader":"","headerLayout":0,"headerPosition":"","headerLink":"","enlargeImageOnClick":false,"bodytext":"<p>Ben\u00e1tky jsou jedine\u010dnou cestovn\u00ed destinac\u00ed. Mnoho cestovatel\u016f m\u00e1 toto kr\u00e1sn\u00e9 m\u011bsto na sv\u00e9m seznamu. Ben\u00e1tky se skl\u00e1daj\u00ed ze 118 ostrov\u016f a maj\u00ed<a href=\"\/cs\/mesto\/sestieri\"> <strong>\u0161est historick\u00fdch \u010dtvrt\u00ed<\/strong><\/a><strong> <\/strong>(sestieri), kter\u00e9 si m\u016f\u017eete prohl\u00e9dnout. Krom\u011b \u00fa\u017easn\u00fdch z\u00e1\u017eitk\u016f z m\u011bsta maj\u00ed<a href=\"\/cs\/mesto\/navigace-na-strankach\/itinerare\/murano-itinerary\"> <strong>ostrovy v okol\u00ed Ben\u00e1tek<\/strong> <\/a>tak\u00e9 co nab\u00eddnout. Kdy je tedy nejlep\u0161\u00ed Ben\u00e1tky nav\u0161t\u00edvit? Jak si skute\u010dn\u011b u\u017e\u00edt v\u0161echny nejlep\u0161\u00ed <a href=\"\/cs\/explore\/the-best-of-venice\"><strong>ben\u00e1tsk\u00e9 atrakce<\/strong><\/a>?<\/p><blockquote><p>Pokud si chcete vychutnat kouzlo Ben\u00e1tek pohodln\u011b a levn\u011b, zva\u017ete koupi - <a href=\"\/cs\/prohlidky-benatek-a-vstupenky\/venice-city-pass\"><strong>Venice City Pass.<\/strong><\/a><\/p><\/blockquote><h2>M\u00e1m nav\u0161t\u00edvit Ben\u00e1tky v l\u00e9t\u011b?<\/h2>\n<p>V\u011bt\u0161ina lid\u00ed p\u0159ij\u00ed\u017ed\u00ed do Ben\u00e1tek v l\u00e9t\u011b, tzv. la bella stagione. Od \u010dervna do srpna zde uvid\u00edte davy turist\u016f. N\u011bkte\u0159\u00ed z nich se p\u0159ij\u00ed\u017ed\u011bj\u00ed koupat a u\u017e\u00edvat si tepl\u00e9ho mo\u0159e. A\u010dkoli to m\u016f\u017ee b\u00fdt ide\u00e1ln\u00ed doba pro dovolenou u mo\u0159e, po\u010das\u00ed ve m\u011bst\u011b m\u016f\u017ee b\u00fdt parn\u00e9. P\u0159esto je srpen nejru\u0161n\u011bj\u0161\u00edm m\u011bs\u00edcem pro Ben\u00e1t\u010dany pracuj\u00edc\u00ed v pohostinstv\u00ed.<\/p><blockquote><p>Ben\u00e1tky jsou z hlediska hotelov\u00e9 logistiky velmi specifick\u00fdm m\u011bstem. Poskytneme v\u00e1m p\u0159edstavu o v\u0161ech typech ubytov\u00e1n\u00ed, kter\u00e9 jsou v Ben\u00e1tk\u00e1ch k dispozici, - <a href=\"\/cs\/the-city\/explore-venice\/venice-hotels\"><strong>Hotely v Ben\u00e1tk\u00e1ch<\/strong><\/a><\/p><\/blockquote><h2>N\u00e1v\u0161t\u011bva Ben\u00e1tek na ja\u0159e nebo na podzim<\/h2>\n<p>S ohledem na tuto skute\u010dnost je vynikaj\u00edc\u00ed dobou pro n\u00e1v\u0161t\u011bvu Ben\u00e1tek jaro, zejm\u00e9na duben nebo kv\u011bten. V tomto obdob\u00ed je v<a href=\"\/cs\/mesto\/weather-seasons\"> <strong>Ben\u00e1tk\u00e1ch n\u00e1dhern\u00e9 po\u010das\u00ed<\/strong><\/a>. Nav\u00edc je zde m\u00e9n\u011b ohromuj\u00edc\u00ed mno\u017estv\u00ed turist\u016f ne\u017e v letn\u00edch m\u011bs\u00edc\u00edch. Kr\u00e1sy Ben\u00e1tek si m\u016f\u017eete vychutnat tak\u00e9 v z\u00e1\u0159\u00ed nebo \u0159\u00edjnu.<\/p>\n<p>Neobvyklou dobou pro n\u00e1v\u0161t\u011bvu Ben\u00e1tek je listopad, doba mlhy a vysok\u00e9 vody, tzv. <a href=\"\/cs\/mesto\/weather-seasons\/acqua-alta-in-venice\"><strong>aqua alta<\/strong><\/a>. Vysok\u00e1 voda m\u016f\u017ee b\u00fdt pro n\u011bkter\u00e9 n\u00e1v\u0161t\u011bvn\u00edky probl\u00e9m, ale ve skute\u010dnosti trv\u00e1 jen n\u011bkolik hodin. M\u011bstsk\u00fd \u00fa\u0159ad p\u0159ipravuje v ulic\u00edch m\u011bsta zv\u00fd\u0161en\u00e9 chodn\u00edky a do\u010dasn\u00e9 trasy vaporetta.&nbsp;<\/p>","gallery":{"position":{"horizontal":"center","vertical":"above","noWrap":false},"width":600,"count":{"files":0,"columns":1,"rows":0},"columnSpacing":10,"border":{"enabled":false,"width":2,"padding":0},"rows":[]}}}],"colPos200":[{"id":8985,"type":"html","colPos":200,"categories":"","appearance":{"layout":"default","frameClass":"default","spaceBefore":"","spaceAfter":""},"content":{"header":"","bodytext":"<script async src=\"https:\/\/pagead2.googlesyndication.com\/pagead\/js\/adsbygoogle.js?client=ca-pub-1040989709317155\"\r\n     crossorigin=\"anonymous\"><\/script>\r\n<ins class=\"adsbygoogle\"\r\n     style=\"display:block\"\r\n     data-ad-format=\"autorelaxed\"\r\n     data-ad-client=\"ca-pub-1040989709317155\"\r\n     data-ad-slot=\"5532357575\"><\/ins>\r\n<script>\r\n     (adsbygoogle = window.adsbygoogle || []).push({});\r\n<\/script>"}},{"id":8986,"type":"textpic","colPos":200,"categories":"","appearance":{"layout":"default","frameClass":"default","spaceBefore":"","spaceAfter":""},"content":{"header":"","subheader":"","headerLayout":0,"headerPosition":"","headerLink":"","enlargeImageOnClick":false,"bodytext":"<h2>Vyplat\u00ed se jet do Ben\u00e1tek v zim\u011b?<\/h2>\n<p>Otra fant\u00e1stica opci\u00f3n es visitar Venecia en Navidad. Es una experiencia impactante e inolvidable. Ver la ciudad engalanada con decoraciones festivas es muy emocionante. En esta \u00e9poca, pasear por las calles de Venecia parece un cuento de hadas.<\/p><blockquote><p>Italsk\u00e9 Ben\u00e1tky jsou velmi jedine\u010dn\u00fdm m\u011bstem. M\u00e1 jedine\u010dnou s\u00ed\u0165 kan\u00e1l\u016f a ohromuj\u00edc\u00ed architekturu - <a href=\"\/cs\/mesto\/exploring-venice-understanding-its-unique-location\"><strong>Prozkoumejte Ben\u00e1tky<\/strong><\/a><\/p><\/blockquote><h2>N\u00e1v\u0161t\u011bva Ben\u00e1tek b\u011bhem zvl\u00e1\u0161tn\u00edch ud\u00e1lost\u00ed<\/h2>\n<p>Si quiere disfrutar al m\u00e1ximo de Venecia, intente llegar durante alguno de los<a href=\"\/cs\/mesto\/venice-annual-events\"> acontecimientos anuales<\/a>. Los m\u00e1s famosos son el<a href=\"https:\/\/venicexplorer.com\/the-city\/venice-culture\/annual-events\/venice-carnival\" target=\"_blank\" rel=\"noreferrer\"> Carnaval de Venecia<\/a> y la <a href=\"\/cs\/mesto\/venice-annual-events\/the-venice-biennale\">Bienal de Venecia<\/a>. Por supuesto, tambi\u00e9n hay muchas otras festividades a lo largo del a\u00f1o. Es una \u00e9poca especial para los lugare\u00f1os y una oportunidad para que los turistas disfruten de la aut\u00e9ntica cultura veneciana.<\/p><blockquote><p>Italsk\u00e9 Ben\u00e1tky jsou velmi jedine\u010dn\u00fdm m\u011bstem. M\u00e1 jedine\u010dnou s\u00ed\u0165 kan\u00e1l\u016f a ohromuj\u00edc\u00ed architekturu - <a href=\"\/cs\/mesto\/exploring-venice-understanding-its-unique-location\"><strong>Prozkoumejte Ben\u00e1tky<\/strong><\/a><\/p><\/blockquote><h2>Na co nezapomenout p\u0159i cest\u011b do Ben\u00e1tek?<\/h2>\n<p>No importa cu\u00e1ntos d\u00edas quiera pasar en Venecia, siempre es mejor planificar el viaje. Le ofrecemos un <a href=\"\/cs\/\">mapa interactivo de Venecia <\/a>muy f\u00e1cil de usar que le ayudar\u00e1 a navegar por la ciudad. Le ofrece informaci\u00f3n sobre lo mejor que Venecia puede ofrecerle. Tambi\u00e9n puede ayudarle a crear una ruta \u00fanica, ideal s\u00f3lo para usted. Tambi\u00e9n puede <a href=\"https:\/\/www.viator.com\/Venice\/d522-ttd\" target=\"_blank\" rel=\"noreferrer\">reservar visitas<\/a> con antelaci\u00f3n y utilizar los <a href=\"\/cs\/prohlidky-benatek-a-vstupenky\/venice-city-pass\">pases urbanos<\/a>.<\/p>\n<p>Para viajar a Venecia sin problemas ni estr\u00e9s, no lleve mucho equipaje. Intente limitar su equipaje y lleve s\u00f3lo lo imprescindible. El<a href=\"\/cs\/the-city\/visitor-information\/venice-transport-useful-numbers\"> transporte en Venecia<\/a> es diferente al de muchos destinos europeos. Por eso, llevar equipaje pesado puede ser una complicaci\u00f3n. Una soluci\u00f3n es optar por un taxi acu\u00e1tico privado o un porteador, pero estos servicios son costosos.&nbsp;<\/p>","gallery":{"position":{"horizontal":"center","vertical":"above","noWrap":false},"width":600,"count":{"files":0,"columns":1,"rows":0},"columnSpacing":10,"border":{"enabled":false,"width":2,"padding":0},"rows":[]}}},{"id":7964,"type":"html","colPos":200,"categories":"","appearance":{"layout":"default","frameClass":"default","spaceBefore":"","spaceAfter":""},"content":{"header":"","bodytext":"<div data-vi-partner-id=P00039620 data-vi-widget-ref=W-a147b50f-c8ea-4cb8-8d5b-5773d7647858 ><\/div>\r\n"}}],"colPos110":[{"id":7963,"type":"html","colPos":110,"categories":"","appearance":{"layout":"default","frameClass":"default","spaceBefore":"","spaceAfter":""},"content":{"header":"","bodytext":"<div data-gyg-href=\"https:\/\/widget.getyourguide.com\/default\/availability.frame\" data-gyg-tour-id=\"6503\" data-gyg-locale-code=\"cs-CZ\" data-gyg-currency=\"EUR\" data-gyg-widget=\"availability\" data-gyg-variant=\"horizontal\" data-gyg-partner-id=\"NWNDQWO\"><\/div>\r\n<br \/>\r\n<div data-vi-partner-id=P00039620 data-vi-widget-ref=W-d65a2644-f57f-472f-9c5c-0ffee518dea9 ><\/div>\r\n"}}],"colPos0":[{"id":5909,"type":"venice_banner_picture","colPos":0,"categories":"","appearance":{"layout":"default","frameClass":"default","spaceBefore":"","spaceAfter":""},"content":{"header":" Kdy nav\u0161t\u00edvit Ben\u00e1tky a co si vz\u00edt s sebou","subheader":"","headerLayout":0,"headerPosition":"","headerLink":"","media":[{"publicUrl":"https:\/\/cdn.venicexplorer.com\/fileadmin\/venice-images\/venezia_header.jpg","properties":{"title":null,"alternative":"When to visit Venice and what to bring","description":null,"link":null,"linkData":null,"mimeType":"image\/jpeg","type":"image","filename":"venezia_header.jpg","originalUrl":"https:\/\/cdn.venicexplorer.com\/fileadmin\/venice-images\/venezia_header.jpg","uidLocal":989,"fileReferenceUid":281241,"size":"179 KB","dimensions":{"width":1024,"height":660},"cropDimensions":{"width":1024,"height":660},"crop":{"default":{"cropArea":{"x":0,"y":0,"width":1,"height":1},"selectedRatio":"NaN","focusArea":null}},"autoplay":null,"extension":"jpg"}}]}}]},"i18n":[{"languageId":0,"locale":"en_US.UTF-8","title":"English","navigationTitle":"English","twoLetterIsoCode":"en","hreflang":"en-us","direction":"ltr","flag":"flags-us","link":"\/the-city\/navigate-venice\/what-to-bring","active":0,"current":0,"available":1},{"languageId":1,"locale":"de_DE.UTF-8","title":"Deutch","navigationTitle":"Deutch","twoLetterIsoCode":"de","hreflang":"de-DE","direction":"ltr","flag":"flags-de","link":"\/de\/die-stadt\/venedig-navigieren\/was-sie-mitbringen-sollten","active":0,"current":0,"available":1},{"languageId":2,"locale":"it_IT.UTF-8","title":"Italian","navigationTitle":"Italian","twoLetterIsoCode":"it","hreflang":"it-IT","direction":"ltr","flag":"flags-it","link":"\/it\/la-citta\/venezia-navigare\/cosa-portare","active":0,"current":0,"available":1},{"languageId":3,"locale":"zh_CN.UTF-8","title":"Chinese","navigationTitle":"CN","twoLetterIsoCode":"zh","hreflang":"zh-CN","direction":"ltr","flag":"flags-cn","link":"\/zh\/%E5%9F%8E%E5%B8%82\/%E5%A8%81%E5%B0%BC%E6%96%AF%E5%AF%BC%E8%88%AA\/%E5%B8%A6%E4%BB%80%E4%B9%88","active":0,"current":0,"available":1},{"languageId":5,"locale":"cs_CZ.UTF-8","title":"Czech","navigationTitle":"CZ","twoLetterIsoCode":"cs","hreflang":"cs-CZ","direction":"ltr","flag":"flags-cz","link":"\/cs\/mesto\/navigace-na-strankach\/co-si-vzit-s-sebou","active":1,"current":0,"available":1},{"languageId":4,"locale":"fr_FR.UTF-8","title":"French","navigationTitle":"fr","twoLetterIsoCode":"fr","hreflang":"fr-FR","direction":"ltr","flag":"flags-fr","link":"\/fr\/la-ville\/venise-naviguer\/ce-quil-faut-apporter","active":0,"current":0,"available":1},{"languageId":6,"locale":"ja_JP.UTF-8","title":"Japanese","navigationTitle":"JP","twoLetterIsoCode":"ja","hreflang":"ja-JP","direction":"ltr","flag":"flags-jp","link":"\/ja\/%E8%A1%97%E3%81%AE%E6%A7%98%E5%AD%90\/%E3%83%B4%E3%82%A7%E3%83%8D%E3%83%84%E3%82%A3%E3%82%A2%E3%83%8A%E3%83%93\/%E6%8C%81%E3%81%A1%E7%89%A9","active":0,"current":0,"available":1},{"languageId":7,"locale":"pt_PT.UTF-8","title":"Portuguese","navigationTitle":"PT","twoLetterIsoCode":"pt","hreflang":"pt-PT","direction":"ltr","flag":"flags-pt","link":"\/pt\/a-cidade\/navegar-em-veneza\/o-que-levar","active":0,"current":0,"available":1},{"languageId":9,"locale":"ru_RU.UTF-8","title":"Russian","navigationTitle":"RU","twoLetterIsoCode":"ru","hreflang":"ru-RU","direction":"ltr","flag":"flags-ru","link":"\/ru\/gorod\/navigacija-po-venecii\/chto-vzjat-s-soboi","active":0,"current":0,"available":1},{"languageId":10,"locale":"sk_SK.UTF-8","title":"Slovak","navigationTitle":"Sk","twoLetterIsoCode":"sk","hreflang":"sk-SK","direction":"ltr","flag":"flags-sk","link":"\/sk\/mesto\/benatky-navigovat\/co-si-priniest","active":0,"current":0,"available":1},{"languageId":8,"locale":"es_ES.UTF-8","title":"Spanish","navigationTitle":"ES","twoLetterIsoCode":"es","hreflang":"es-ES","direction":"ltr","flag":"flags-es","link":"\/es\/la-ciudad\/venecia-navegar\/que-llevar","active":0,"current":0,"available":1},{"languageId":11,"locale":"ar_SA.UTF-8","title":"Arabic","navigationTitle":"\u0627\u0644\u0639\u0631\u0628\u064a\u0629","twoLetterIsoCode":"ar","hreflang":"ar_SA","direction":"rtl","flag":"flags-tn","link":"\/ar\/the-city\/navigate-venice\/what-to-bring","active":0,"current":0,"available":0},{"languageId":12,"locale":"hi_IN","title":"Hindi","navigationTitle":"\u0939\u093f\u0928\u094d\u0926\u0940","twoLetterIsoCode":"hi","hreflang":"hi_IN","direction":"ltr","flag":"flags-in","link":"\/hi\/the-city\/navigate-venice\/what-to-bring","active":0,"current":0,"available":0}],"title":"Co si vz\u00edt s sebou","osmId":"","longitude":"0","latitude":"0","mobilePageType":"4","schemaPageType":"WebPage","googleAnalyticsId":"G-RQ3LZE7DK1","picture":[],"searchbox":{"additionalFilters":[],"existingParameters":null,"pluginNamespace":"tx_solr","name":"q","value":null,"query":null,"searchUri":"\/cs\/mesto\/navigace-na-strankach\/co-si-vzit-s-sebou?type=7383","suggestUri":"\/cs\/mesto\/navigace-na-strankach\/co-si-vzit-s-sebou?type=7384"},"navigation":[{"title":"Home","link":"\/cs\/","target":"","active":1,"current":0,"spacer":0,"hasSubpages":1,"mobilePageType":"3","children":[{"title":"M\u011bsto","link":"\/cs\/mesto","target":"","active":1,"current":0,"spacer":0,"hasSubpages":1,"mobilePageType":"1","children":[{"title":"To nejlep\u0161\u00ed z Ben\u00e1tek","link":"\/cs\/explore\/the-best-of-venice","target":"","active":0,"current":0,"spacer":0,"hasSubpages":1,"mobilePageType":"4","children":[{"title":"N\u00e1m\u011bst\u00ed Svat\u00e9ho Marka","link":"\/cs\/explore\/the-best-of-venice\/piazza-san-marco","target":"","active":0,"current":0,"spacer":0,"hasSubpages":0,"mobilePageType":"4"},{"title":"Bazilika svat\u00e9ho Marka","link":"https:\/\/venicexplorer.com\/cs\/explore\/venice-churches\/st-marks-basilica\/","target":"","active":0,"current":0,"spacer":0,"hasSubpages":0,"mobilePageType":"4"},{"title":"D\u00f3\u017eec\u00ed pal\u00e1c","link":"https:\/\/venicexplorer.com\/cs\/explore\/venice-museums-galleries\/doges-palace\/","target":"","active":0,"current":0,"spacer":0,"hasSubpages":0,"mobilePageType":"4"},{"title":"Kampanila svat\u00e9ho Marka","link":"\/cs\/explore\/the-best-of-venice\/st-marks-campanile","target":"","active":0,"current":0,"spacer":0,"hasSubpages":0,"mobilePageType":"4"},{"title":"Scuola Grande di San Rocco","link":"\/cs\/explore\/the-best-of-venice\/scuola-grande-di-san-rocco","target":"","active":0,"current":0,"spacer":0,"hasSubpages":0,"mobilePageType":"4"},{"title":"Most Rialto","link":"\/cs\/explore\/the-best-of-venice\/ponte-di-rialto","target":"","active":0,"current":0,"spacer":0,"hasSubpages":0,"mobilePageType":"4"},{"title":"Santa Maria della Sallute","link":"https:\/\/venicexplorer.com\/explore\/venice-churches\/santa-maria-della-salute\/","target":"","active":0,"current":0,"spacer":0,"hasSubpages":0,"mobilePageType":"4"},{"title":"Velk\u00fd kan\u00e1l","link":"\/cs\/explore\/the-best-of-venice\/grand-canal","target":"","active":0,"current":0,"spacer":0,"hasSubpages":0,"mobilePageType":"4"},{"title":"Most vzdech\u016f","link":"\/cs\/explore\/the-best-of-venice\/bridge-of-sighs","target":"","active":0,"current":0,"spacer":0,"hasSubpages":0,"mobilePageType":"4"},{"title":"N\u00e1rodn\u00ed knihovna Marciana","link":"\/cs\/explore\/the-best-of-venice\/marciana-national-library","target":"","active":0,"current":0,"spacer":0,"hasSubpages":0,"mobilePageType":"4"},{"title":"Kostel San Polo","link":"https:\/\/venicexplorer.com\/cs\/explore\/venice-churches\/chiesa-di-san-polo\/","target":"","active":0,"current":0,"spacer":0,"hasSubpages":0,"mobilePageType":"4"},{"title":"Redentore","link":"https:\/\/venicexplorer.com\/cs\/explore\/venice-churches\/the-redentore\/","target":"","active":0,"current":0,"spacer":0,"hasSubpages":0,"mobilePageType":"4"},{"title":"Zattere","link":"\/cs\/explore\/the-best-of-venice\/zattere","target":"","active":0,"current":0,"spacer":0,"hasSubpages":0,"mobilePageType":"4"},{"title":"Ben\u00e1tsk\u00e1 laguna","link":"\/cs\/explore\/the-best-of-venice\/the-venetian-lagoon","target":"","active":0,"current":0,"spacer":0,"hasSubpages":0,"mobilePageType":"4"},{"title":"Ben\u00e1tsk\u00e9 bien\u00e1le","link":"\/cs\/mesto\/venice-annual-events\/the-venice-biennale","target":"","active":0,"current":0,"spacer":0,"hasSubpages":0,"mobilePageType":"4"},{"title":"Gondoly","link":"\/cs\/explore\/the-best-of-venice\/gondolas","target":"","active":0,"current":0,"spacer":0,"hasSubpages":0,"mobilePageType":"4"},{"title":"Ben\u00e1tsk\u00fd karneval","link":"\/cs\/mesto\/venice-annual-events\/venice-carnival","target":"","active":0,"current":0,"spacer":0,"hasSubpages":0,"mobilePageType":"4"},{"title":"Hitorick\u00e9 regaty","link":"\/cs\/mesto\/venice-annual-events\/regata-storica","target":"","active":0,"current":0,"spacer":0,"hasSubpages":0,"mobilePageType":"4"},{"title":"Vogalonga","link":"\/cs\/mesto\/venice-annual-events\/vogalonga","target":"","active":0,"current":0,"spacer":0,"hasSubpages":0,"mobilePageType":"4"},{"title":"Ben\u00e1tsk\u00fd arzen\u00e1l","link":"\/cs\/explore\/the-best-of-venice\/the-arsenal-of-venice","target":"","active":0,"current":0,"spacer":0,"hasSubpages":0,"mobilePageType":"4"},{"title":"Maratony v lagun\u011b","link":"\/cs\/explore\/the-best-of-venice\/the-lagoon-marathon","target":"","active":0,"current":0,"spacer":0,"hasSubpages":0,"mobilePageType":"4"}]},{"title":"Odhalen\u00e9 Ben\u00e1tky","link":"\/cs\/mesto\/odhalene-benatky","target":"","active":0,"current":0,"spacer":0,"hasSubpages":1,"mobilePageType":"4","children":[{"title":"Short History of Venice","link":"\/cs\/the-city\/venice-uncovered\/short-history-of-venice","target":"","active":0,"current":0,"spacer":0,"hasSubpages":0,"mobilePageType":"4"},{"title":"V\u0161e o Ben\u00e1tk\u00e1ch","link":"\/cs\/mesto\/odhalene-benatky\/vse-o-benatkach","target":"","active":0,"current":0,"spacer":0,"hasSubpages":0,"mobilePageType":"4"},{"title":"Almanac of Venice History","link":"\/cs\/the-city\/venice-uncovered\/almanac-of-venice-history","target":"","active":0,"current":0,"spacer":0,"hasSubpages":0,"mobilePageType":"4"},{"title":"Ka\u017edoro\u010dn\u00ed  akce v Ben\u00e1tk\u00e1ch","link":"\/cs\/mesto\/venice-annual-events","target":"","active":0,"current":0,"spacer":0,"hasSubpages":1,"mobilePageType":"4","children":[{"title":"Ben\u00e1tsk\u00fd karneval","link":"\/cs\/mesto\/venice-annual-events\/venice-carnival","target":"","active":0,"current":0,"spacer":0,"hasSubpages":0,"mobilePageType":"4"},{"title":"Historick\u00e1 Regata","link":"\/cs\/mesto\/venice-annual-events\/regata-storica","target":"","active":0,"current":0,"spacer":0,"hasSubpages":0,"mobilePageType":"4"},{"title":"Vogalonga","link":"\/cs\/mesto\/venice-annual-events\/vogalonga","target":"","active":0,"current":0,"spacer":0,"hasSubpages":0,"mobilePageType":"4"},{"title":"Mezin\u00e1rodn\u00ed filmov\u00fd festival v Ben\u00e1tk\u00e1ch","link":"\/cs\/mesto\/venice-annual-events\/venice-international-film-festival","target":"","active":0,"current":0,"spacer":0,"hasSubpages":0,"mobilePageType":"4"},{"title":"Ben\u00e1tsk\u00e9 Bien\u00e1le","link":"\/cs\/mesto\/venice-annual-events\/the-venice-biennale","target":"","active":0,"current":0,"spacer":0,"hasSubpages":0,"mobilePageType":"4"},{"title":"Su e Zo per I Ponti","link":"\/cs\/mesto\/venice-annual-events\/su-e-zo-per-i-ponti","target":"","active":0,"current":0,"spacer":0,"hasSubpages":0,"mobilePageType":"4"},{"title":"Festa Della Sensa","link":"\/cs\/mesto\/venice-annual-events\/festa-della-sensa","target":"","active":0,"current":0,"spacer":0,"hasSubpages":0,"mobilePageType":"4"},{"title":"Sagra di Sant\u2019Antonio","link":"\/cs\/mesto\/venice-annual-events\/sagra-di-sant-antonio","target":"","active":0,"current":0,"spacer":0,"hasSubpages":0,"mobilePageType":"4"},{"title":"Festa della Salute","link":"\/cs\/mesto\/venice-annual-events\/festa-della-salute","target":"","active":0,"current":0,"spacer":0,"hasSubpages":0,"mobilePageType":"4"},{"title":"Festa del Redentore","link":"\/cs\/mesto\/venice-annual-events\/festa-del-redentore","target":"","active":0,"current":0,"spacer":0,"hasSubpages":0,"mobilePageType":"4"},{"title":"Festa di San Marco","link":"\/cs\/mesto\/venice-annual-events\/festa-di-san-marco","target":"","active":0,"current":0,"spacer":0,"hasSubpages":0,"mobilePageType":"4"},{"title":"Festa di Santi Pietro e Paolo","link":"\/cs\/mesto\/venice-annual-events\/festa-di-santi-pietro-e-paolo","target":"","active":0,"current":0,"spacer":0,"hasSubpages":0,"mobilePageType":"4"},{"title":"Festa di San Martino","link":"\/cs\/mesto\/venice-annual-events\/festa-di-san-martino","target":"","active":0,"current":0,"spacer":0,"hasSubpages":0,"mobilePageType":"4"},{"title":"Zioba Grasso","link":"\/cs\/mesto\/venice-annual-events\/zioba-grasso","target":"","active":0,"current":0,"spacer":0,"hasSubpages":0,"mobilePageType":"4"},{"title":"Sv\u00e1tek Mari\u00ed","link":"\/cs\/mesto\/venice-annual-events\/festa-delle-marie","target":"","active":0,"current":0,"spacer":0,"hasSubpages":0,"mobilePageType":"4"},{"title":"Ben\u00e1tsk\u00fd maraton","link":"\/cs\/mesto\/venice-annual-events\/the-venice-marathon","target":"","active":0,"current":0,"spacer":0,"hasSubpages":0,"mobilePageType":"4"},{"title":"P\u016flmaraton Jesolo Moonlight","link":"\/cs\/mesto\/venice-annual-events\/jesolo-moonlight-half-marathon","target":"","active":0,"current":0,"spacer":0,"hasSubpages":0,"mobilePageType":"4"},{"title":"No\u010dn\u00ed stezka v Ben\u00e1tk\u00e1ch","link":"\/cs\/mesto\/venice-annual-events\/venice-night-trail","target":"","active":0,"current":0,"spacer":0,"hasSubpages":0,"mobilePageType":"4"}]},{"title":"Ben\u00e1tsk\u00e9 Recepty","link":"\/cs\/mesto\/venetian-recipes","target":"","active":0,"current":0,"spacer":0,"hasSubpages":1,"mobilePageType":"4","children":[{"title":"R\u00fd\u017ee a hr\u00e1ch (Risi e Bisi)","link":"\/cs\/mesto\/venetian-recipes\/risi-e-bisi","target":"","active":0,"current":0,"spacer":0,"hasSubpages":0,"mobilePageType":"4"},{"title":"Fig a la Venessiana","link":"\/cs\/mesto\/venetian-recipes\/fegato-alla-veneziana","target":"","active":0,"current":0,"spacer":0,"hasSubpages":0,"mobilePageType":"4"},{"title":"Sma\u017een\u00e9 kr\u00e9my","link":"\/cs\/mesto\/venetian-recipes\/crema-fritte","target":"","active":0,"current":0,"spacer":0,"hasSubpages":0,"mobilePageType":"4"},{"title":"N\u00e1soben\u00e9 lilky","link":"\/cs\/mesto\/venetian-recipes\/moltiplicati-melanzane","target":"","active":0,"current":0,"spacer":0,"hasSubpages":0,"mobilePageType":"4"},{"title":"Pala\u010dinky od Toni Trolese","link":"\/cs\/mesto\/venetian-recipes\/frittelle-di-toni-trolese","target":"","active":0,"current":0,"spacer":0,"hasSubpages":0,"mobilePageType":"4"},{"title":"Sard\u00e8 in Sa\u00f2r","link":"\/cs\/mesto\/venetian-recipes\/sarde-in-saor","target":"","active":0,"current":0,"spacer":0,"hasSubpages":0,"mobilePageType":"4"},{"title":"Caramel Sauce","link":"\/cs\/mesto\/venetian-recipes\/caramel-sauce","target":"","active":0,"current":0,"spacer":0,"hasSubpages":0,"mobilePageType":"4"},{"title":"Pera al Forno e Biscotti Tavern","link":"\/cs\/mesto\/venetian-recipes\/pera-al-forno-e-biscotti-tavern","target":"","active":0,"current":0,"spacer":0,"hasSubpages":0,"mobilePageType":"4"},{"title":"Pane di Sapa","link":"\/cs\/mesto\/venetian-recipes\/pane-di-sapa","target":"","active":0,"current":0,"spacer":0,"hasSubpages":0,"mobilePageType":"4"},{"title":"Cuttles in Casseruola con il Loro Inchiostro","link":"\/cs\/mesto\/venetian-recipes\/cuttles-in-casseruola-con-il-loro-inchiostro","target":"","active":0,"current":0,"spacer":0,"hasSubpages":0,"mobilePageType":"4"},{"title":"il Baicoli","link":"\/cs\/mesto\/venetian-recipes\/il-baicoli","target":"","active":0,"current":0,"spacer":0,"hasSubpages":0,"mobilePageType":"4"},{"title":"Roditrici Tavern a Venezia","link":"\/cs\/mesto\/venetian-recipes\/cicchetti-veneziani","target":"","active":0,"current":0,"spacer":0,"hasSubpages":0,"mobilePageType":"4"}]},{"title":"Hudba a koncerty v Ben\u00e1tk\u00e1ch","link":"\/cs\/mesto\/music-and-concerts-in-venice","target":"","active":0,"current":0,"spacer":0,"hasSubpages":0,"mobilePageType":"4"},{"title":"Filmy nato\u010den\u00e9 v Ben\u00e1tk\u00e1ch","link":"\/cs\/explore\/films-shot-in-venice","target":"","active":0,"current":0,"spacer":0,"hasSubpages":0,"mobilePageType":"4"}]},{"title":"eXplore Ben\u00e1tky","link":"\/cs\/mesto\/explore-benatky","target":"","active":0,"current":0,"spacer":0,"hasSubpages":1,"mobilePageType":"1","children":[{"title":"Mapa Ben\u00e1tek","link":"\/cs\/","target":"","active":0,"current":0,"spacer":0,"hasSubpages":0,"mobilePageType":"3"},{"title":"Muzea a galerie v Ben\u00e1tk\u00e1ch","link":"\/cs\/mesto\/explore-benatky\/venice-museums-galleries","target":"","active":0,"current":0,"spacer":0,"hasSubpages":0,"mobilePageType":"1"},{"title":"Divadla","link":"\/cs\/mesto\/explore-benatky\/venice-theatres","target":"","active":0,"current":0,"spacer":0,"hasSubpages":0,"mobilePageType":"1"},{"title":"Kostely v Ben\u00e1tk\u00e1ch","link":"\/cs\/mesto\/explore-benatky\/venice-churches","target":"","active":0,"current":0,"spacer":0,"hasSubpages":0,"mobilePageType":"1"},{"title":"Sestieri","link":"\/cs\/mesto\/sestieri","target":"","active":0,"current":0,"spacer":0,"hasSubpages":1,"mobilePageType":"4","children":[{"title":"San Marco","link":"\/cs\/mesto\/sestieri\/san-marco","target":"","active":0,"current":0,"spacer":0,"hasSubpages":0,"mobilePageType":"4"},{"title":"San Polo","link":"\/cs\/mesto\/sestieri\/san-polo","target":"","active":0,"current":0,"spacer":0,"hasSubpages":0,"mobilePageType":"4"},{"title":"Santa Croce","link":"\/cs\/mesto\/sestieri\/santa-croce","target":"","active":0,"current":0,"spacer":0,"hasSubpages":0,"mobilePageType":"4"},{"title":"Castello","link":"\/cs\/mesto\/sestieri\/castello","target":"","active":0,"current":0,"spacer":0,"hasSubpages":0,"mobilePageType":"4"},{"title":"Dorsoduro","link":"\/cs\/mesto\/sestieri\/dorsoduro","target":"","active":0,"current":0,"spacer":0,"hasSubpages":0,"mobilePageType":"4"},{"title":"Cannaregio","link":"\/cs\/mesto\/sestieri\/cannaregio","target":"","active":0,"current":0,"spacer":0,"hasSubpages":0,"mobilePageType":"4"}]},{"title":"Hotels in Venice","link":"\/cs\/the-city\/explore-venice\/venice-hotels","target":"","active":0,"current":0,"spacer":0,"hasSubpages":0,"mobilePageType":"4"},{"title":"Nakupov\u00e1n\u00ed v Ben\u00e1tk\u00e1ch","link":"\/cs\/mesto\/shopping-in-venice","target":"","active":0,"current":0,"spacer":0,"hasSubpages":1,"mobilePageType":"4","children":[{"title":"Nakupov\u00e1n\u00ed v Ben\u00e1tk\u00e1ch, Obecn\u00e9 Informace","link":"\/cs\/mesto\/shopping-in-venice\/shopping-in-venice-general-information","target":"","active":0,"current":0,"spacer":0,"hasSubpages":0,"mobilePageType":"4"},{"title":"M\u00f3da a dopl\u0148ky","link":"\/cs\/mesto\/shopping-in-venice\/fashion-and-accessories","target":"","active":0,"current":0,"spacer":0,"hasSubpages":0,"mobilePageType":"4"},{"title":"Design interi\u00e9ru a tkaniny","link":"\/cs\/mesto\/shopping-in-venice\/fabrics-and-interior-design","target":"","active":0,"current":0,"spacer":0,"hasSubpages":0,"mobilePageType":"4"},{"title":"Masky a kost\u00fdmy","link":"\/cs\/mesto\/shopping-in-venice\/masks-and-costumes","target":"","active":0,"current":0,"spacer":0,"hasSubpages":0,"mobilePageType":"4"},{"title":"Sklo","link":"\/cs\/mesto\/shopping-in-venice\/glass","target":"","active":0,"current":0,"spacer":0,"hasSubpages":0,"mobilePageType":"4"},{"title":"\u0160perky","link":"\/cs\/mesto\/shopping-in-venice\/jewellery","target":"","active":0,"current":0,"spacer":0,"hasSubpages":0,"mobilePageType":"4"},{"title":"Knihy a d\u00e1rky","link":"\/cs\/mesto\/shopping-in-venice\/books-and-gifts","target":"","active":0,"current":0,"spacer":0,"hasSubpages":0,"mobilePageType":"4"},{"title":"Trhy a obchody s potravinami","link":"\/cs\/mesto\/shopping-in-venice\/markets-and-food-shops","target":"","active":0,"current":0,"spacer":0,"hasSubpages":0,"mobilePageType":"4"},{"title":"Trh Rialto a Pescheria","link":"\/cs\/mesto\/shopping-in-venice\/rialto-market-and-the-pescheria","target":"","active":0,"current":0,"spacer":0,"hasSubpages":0,"mobilePageType":"4"},{"title":"Jednotliv\u00e9 turistick\u00e9 slu\u017eby, kter\u00e9 maj\u00ed b\u00fdt zakoupeny","link":"\/cs\/mesto\/shopping-in-venice\/single-tourist-services-to-be-purchased","target":"","active":0,"current":0,"spacer":0,"hasSubpages":0,"mobilePageType":"4"}]},{"title":"Mimo vy\u0161lapan\u00e9 cesty","link":"\/cs\/mesto\/explore-benatky\/off-the-beaten-track-in-venice","target":"","active":0,"current":0,"spacer":0,"hasSubpages":0,"mobilePageType":"4"},{"title":"Venice Surroundings","link":"\/cs\/the-city\/explore-venice\/islands-of-venice\/default-title","target":"","active":0,"current":0,"spacer":0,"hasSubpages":0,"mobilePageType":"1"}]},{"title":"Navigace na str\u00e1nk\u00e1ch","link":"\/cs\/mesto\/navigace-na-strankach","target":"","active":1,"current":0,"spacer":0,"hasSubpages":1,"mobilePageType":"1","children":[{"title":"Itiner\u00e1\u0159e","link":"\/cs\/mesto\/navigace-na-strankach\/itinerare","target":"","active":0,"current":0,"spacer":0,"hasSubpages":1,"mobilePageType":"1","children":[{"title":"Celodenn\u00ed itiner\u00e1\u0159 San Marco","link":"\/cs\/mesto\/navigace-na-strankach\/itinerare\/san-marco-fullday-itinerary","target":"","active":0,"current":0,"spacer":0,"hasSubpages":0,"mobilePageType":"4"},{"title":"San Marco a Castello Itiner\u00e1\u0159","link":"\/cs\/mesto\/navigace-na-strankach\/itinerare\/san-marco-and-castello-itinerary","target":"","active":0,"current":0,"spacer":0,"hasSubpages":0,"mobilePageType":"4"},{"title":"San Polo a Dorsoduro","link":"\/cs\/mesto\/navigace-na-strankach\/itinerare\/san-polo-and-dorsoduro","target":"","active":0,"current":0,"spacer":0,"hasSubpages":0,"mobilePageType":"4"},{"title":"Ghetto, Cannaregio a Castello","link":"\/cs\/mesto\/navigace-na-strankach\/itinerare\/the-ghetto-cannaregio-and-castello","target":"","active":0,"current":0,"spacer":0,"hasSubpages":0,"mobilePageType":"4"},{"title":"Itiner\u00e1\u0159 Giudecca a San Giorgio Maggiore","link":"\/cs\/mesto\/navigace-na-strankach\/itinerare\/giudecca-and-san-giorgio-maggiore-itinerary","target":"","active":0,"current":0,"spacer":0,"hasSubpages":0,"mobilePageType":"4"},{"title":"Itinerario de Murano","link":"\/cs\/mesto\/navigace-na-strankach\/itinerare\/murano-itinerary","target":"","active":0,"current":0,"spacer":0,"hasSubpages":0,"mobilePageType":"4"},{"title":"Itiner\u00e1\u0159 Burana","link":"\/cs\/mesto\/navigace-na-strankach\/itinerare\/burano-itinerary","target":"","active":0,"current":0,"spacer":0,"hasSubpages":0,"mobilePageType":"4"},{"title":"Top 6 m\u00edst v San Marco Ben\u00e1tky","link":"\/cs\/mesto\/navigace-na-strankach\/itinerare\/top-6-places-in-san-marco-venice","target":"","active":0,"current":0,"spacer":0,"hasSubpages":0,"mobilePageType":"4"},{"title":"Cyklistick\u00e1 prohl\u00eddka Ben\u00e1tek Lido","link":"\/cs\/mesto\/navigace-na-strankach\/itinerare\/venice-lido-bike-tour","target":"","active":0,"current":0,"spacer":0,"hasSubpages":0,"mobilePageType":"4"},{"title":"Itiner\u00e1\u0159 Torcello","link":"\/cs\/mesto\/navigace-na-strankach\/itinerare\/torcello-itinerary","target":"","active":0,"current":0,"spacer":0,"hasSubpages":0,"mobilePageType":"4"},{"title":"V\u00fdlet na lagunov\u00e9 ostrovy","link":"\/cs\/mesto\/navigace-na-strankach\/itinerare\/excursion-to-the-lagoon-islands","target":"","active":0,"current":0,"spacer":0,"hasSubpages":0,"mobilePageType":"4"},{"title":"Objevov\u00e1n\u00ed zahrad Lagoon","link":"\/cs\/mesto\/navigace-na-strankach\/itinerare\/discovering-the-gardens-of-the-lagoon","target":"","active":0,"current":0,"spacer":0,"hasSubpages":0,"mobilePageType":"4"},{"title":"Nejlep\u0161\u00ed muzea ben\u00e1tsk\u00e9ho um\u011bn\u00ed","link":"\/cs\/mesto\/navigace-na-strankach\/itinerare\/the-best-museums-of-venetian-art","target":"","active":0,"current":0,"spacer":0,"hasSubpages":0,"mobilePageType":"4"}]},{"title":"Restaurace","link":"\/cs\/mesto\/navigace-na-strankach\/restaurace","target":"","active":0,"current":0,"spacer":0,"hasSubpages":0,"mobilePageType":"1"},{"title":"Ben\u00e1tky po setm\u011bn\u00ed","link":"\/cs\/mesto\/navigace-na-strankach\/benatky-po-setmeni","target":"","active":0,"current":0,"spacer":0,"hasSubpages":1,"mobilePageType":"4","children":[{"title":"No\u010dn\u00ed kluby a diskot\u00e9ky","link":"\/cs\/mesto\/navigace-na-strankach\/benatky-po-setmeni\/night-clubs-and-discos","target":"","active":0,"current":0,"spacer":0,"hasSubpages":0,"mobilePageType":"1"}]},{"title":"Bary","link":"\/cs\/mesto\/navigace-na-strankach\/bary","target":"","active":0,"current":0,"spacer":0,"hasSubpages":0,"mobilePageType":"1"},{"title":"Kav\u00e1rny","link":"\/cs\/mesto\/navigace-na-strankach\/kavarny","target":"","active":0,"current":0,"spacer":0,"hasSubpages":0,"mobilePageType":"1"},{"title":"P\u0159\u00edjezd do Ben\u00e1tek","link":"\/cs\/mesto\/navigace-na-strankach\/prijezd-do-benatek","target":"","active":0,"current":0,"spacer":0,"hasSubpages":1,"mobilePageType":"1","children":[{"title":"Cesta na n\u00e1m\u011bst\u00ed svat\u00e9ho Marka z leti\u0161t\u011b Marco Polo","link":"\/cs\/mesto\/navigace-na-strankach\/prijezd-do-benatek\/reach-st-marks-square-from-marco-polo-airport","target":"","active":0,"current":0,"spacer":0,"hasSubpages":0,"mobilePageType":""},{"title":"Cesta na Piazzale Roma z leti\u0161t\u011b Marco Polo","link":"\/cs\/mesto\/navigace-na-strankach\/prijezd-do-benatek\/reach-piazzale-roma-from-marco-polo-airport","target":"","active":0,"current":0,"spacer":0,"hasSubpages":0,"mobilePageType":""},{"title":"Cesta na FS Venezia Mestre z leti\u0161t\u011b Marco Polo","link":"\/cs\/mesto\/navigace-na-strankach\/prijezd-do-benatek\/reach-venezia-mestre-fs-from-marco-polo-airport","target":"","active":0,"current":0,"spacer":0,"hasSubpages":0,"mobilePageType":""},{"title":"Jak se dostat do Ben\u00e1tek vlakem","link":"\/cs\/mesto\/navigace-na-strankach\/prijezd-do-benatek\/how-to-get-to-venice-by-train","target":"","active":0,"current":0,"spacer":0,"hasSubpages":0,"mobilePageType":""},{"title":"Jak se dostat do Ben\u00e1tek autem","link":"\/cs\/mesto\/navigace-na-strankach\/prijezd-do-benatek\/how-to-reach-venice-by-car","target":"","active":0,"current":0,"spacer":0,"hasSubpages":0,"mobilePageType":""},{"title":"P\u0159\u00edstav v\u00fdletn\u00edch lod\u00ed v Ben\u00e1tk\u00e1ch","link":"\/cs\/mesto\/navigace-na-strankach\/prijezd-do-benatek\/venice-cruise-ship-port","target":"","active":0,"current":0,"spacer":0,"hasSubpages":0,"mobilePageType":"4"}]},{"title":"Kde zaparkovat v Ben\u00e1tk\u00e1ch","link":"\/cs\/mesto\/navigace-na-strankach\/kde-zaparkovat-v-benatkach","target":"","active":0,"current":0,"spacer":0,"hasSubpages":0,"mobilePageType":"4"},{"title":"Co si vz\u00edt s sebou","link":"\/cs\/mesto\/navigace-na-strankach\/co-si-vzit-s-sebou","target":"","active":1,"current":1,"spacer":0,"hasSubpages":0,"mobilePageType":"4"}]},{"title":"Informace pro n\u00e1v\u0161t\u011bvn\u00edky","link":"\/cs\/mesto\/informace-pro-navstevniky","target":"","active":0,"current":0,"spacer":0,"hasSubpages":1,"mobilePageType":"1","children":[{"title":"Spropitn\u00e9 v Ben\u00e1tk\u00e1ch","link":"\/cs\/navigate\/tipping-in-venice","target":"","active":0,"current":0,"spacer":0,"hasSubpages":0,"mobilePageType":"4"},{"title":"\u00daschova zavazadel v Ben\u00e1tk\u00e1ch","link":"\/cs\/navigate\/baggage-storage-in-venice","target":"","active":0,"current":0,"spacer":0,"hasSubpages":0,"mobilePageType":""},{"title":"Kontaktn\u00ed \u010d\u00edsla pro p\u0159\u00edpad nouze","link":"\/cs\/mesto\/informace-pro-navstevniky\/emergency-contact-numbers","target":"","active":0,"current":0,"spacer":0,"hasSubpages":0,"mobilePageType":"4"},{"title":"Po\u010das\u00ed a ro\u010dn\u00ed obdob\u00ed","link":"\/cs\/mesto\/weather-seasons","target":"","active":0,"current":0,"spacer":0,"hasSubpages":1,"mobilePageType":"4","children":[{"title":"Ben\u00e1tky a po\u010das\u00ed b\u011bhem roku","link":"\/cs\/mesto\/weather-seasons\/venice-and-the-weather-throughout-the-year","target":"","active":0,"current":0,"spacer":0,"hasSubpages":0,"mobilePageType":"4"},{"title":"Acqua Alta v Ben\u00e1tk\u00e1ch","link":"\/cs\/mesto\/weather-seasons\/acqua-alta-in-venice","target":"","active":0,"current":0,"spacer":0,"hasSubpages":0,"mobilePageType":"4"}]},{"title":"Ve\u0159ejn\u00e9 toalety v Ben\u00e1tk\u00e1ch","link":"\/cs\/navigate\/public-toilets-in-venice","target":"","active":0,"current":0,"spacer":0,"hasSubpages":0,"mobilePageType":""},{"title":"Jak nakl\u00e1dat s odpady v Ben\u00e1tk\u00e1ch","link":"\/cs\/navigate\/how-to-manage-waste-in-venice","target":"","active":0,"current":0,"spacer":0,"hasSubpages":0,"mobilePageType":""},{"title":"Font\u00e1ny s pitnou vodou v Ben\u00e1tk\u00e1ch","link":"\/cs\/navigate\/drinking-water-fountains-in-venice","target":"","active":0,"current":0,"spacer":0,"hasSubpages":0,"mobilePageType":""},{"title":"Sim karty a WIFI pro turisty","link":"\/cs\/navigate\/sim-cards-and-wifi-for-tourists","target":"","active":0,"current":0,"spacer":0,"hasSubpages":0,"mobilePageType":""},{"title":"Cestovn\u00ed poji\u0161t\u011bn\u00ed","link":"\/cs\/stay\/travel-insurance","target":"","active":0,"current":0,"spacer":0,"hasSubpages":0,"mobilePageType":""},{"title":"Pasy, v\u00edza a turistick\u00e1 da\u0148 v Ben\u00e1tk\u00e1ch","link":"\/cs\/stay\/passports-visas-and-tourist-tax-in-venice","target":"","active":0,"current":0,"spacer":0,"hasSubpages":0,"mobilePageType":""},{"title":"Osvobozen\u00ed od DPH","link":"\/cs\/mesto\/shopping-in-venice\/vat-exemption","target":"","active":0,"current":0,"spacer":0,"hasSubpages":0,"mobilePageType":"4"},{"title":"Banky, bankomaty a sm\u011bn\u00e1rny","link":"\/cs\/mesto\/informace-pro-navstevniky\/banks-atms-and-money-changers","target":"","active":0,"current":0,"spacer":0,"hasSubpages":0,"mobilePageType":"4"}]}]},{"title":"Prohl\u00eddky Ben\u00e1tek a vstupenky","link":"\/cs\/prohlidky-benatek-a-vstupenky","target":"","active":0,"current":0,"spacer":0,"hasSubpages":1,"mobilePageType":"1","children":[{"title":"Ben\u00e1tky City Pass","link":"\/cs\/prohlidky-benatek-a-vstupenky\/venice-city-pass","target":"","active":0,"current":0,"spacer":0,"hasSubpages":0,"mobilePageType":"4"},{"title":"V\u00fdlety Gondolou","link":"\/cs\/prohlidky-benatek-a-vstupenky\/gondola-ride-tours","target":"","active":0,"current":0,"spacer":0,"hasSubpages":0,"mobilePageType":"4"},{"title":"Venice Walking Tours","link":"\/cs\/venice-tours-tickets\/venice-walking-tours","target":"","active":0,"current":0,"spacer":0,"hasSubpages":0,"mobilePageType":""},{"title":"Venice Art Tours","link":"\/cs\/venice-tours-tickets\/venice-art-tours","target":"","active":0,"current":0,"spacer":0,"hasSubpages":0,"mobilePageType":""}]},{"title":"Z\u016fsta\u0148te na","link":"\/cs\/zustante-na","target":"","active":0,"current":0,"spacer":0,"hasSubpages":1,"mobilePageType":"1","children":[{"title":"Hotel Booking","link":"https:\/\/venicexplorer.booking.xeni.com\/booknow\/hotels","target":"","active":0,"current":0,"spacer":0,"hasSubpages":0,"mobilePageType":"4"},{"title":"Flight Booking","link":"https:\/\/venicexplorer.booking.xeni.com\/booknow\/flights","target":"","active":0,"current":0,"spacer":0,"hasSubpages":0,"mobilePageType":"4"},{"title":"Car Booking","link":"https:\/\/venicexplorer.booking.xeni.com\/booknow\/cars","target":"","active":0,"current":0,"spacer":0,"hasSubpages":0,"mobilePageType":""},{"title":"Activity Booking","link":"https:\/\/venicexplorer.booking.xeni.com\/booknow\/activities","target":"","active":0,"current":0,"spacer":0,"hasSubpages":0,"mobilePageType":""}]}]},{"title":"M\u011bsto","link":"\/cs\/mesto","target":"","active":1,"current":0,"spacer":0,"hasSubpages":1,"mobilePageType":"1","children":[{"title":"To nejlep\u0161\u00ed z Ben\u00e1tek","link":"\/cs\/explore\/the-best-of-venice","target":"","active":0,"current":0,"spacer":0,"hasSubpages":1,"mobilePageType":"4","children":[{"title":"N\u00e1m\u011bst\u00ed Svat\u00e9ho Marka","link":"\/cs\/explore\/the-best-of-venice\/piazza-san-marco","target":"","active":0,"current":0,"spacer":0,"hasSubpages":0,"mobilePageType":"4"},{"title":"Bazilika svat\u00e9ho Marka","link":"https:\/\/venicexplorer.com\/cs\/explore\/venice-churches\/st-marks-basilica\/","target":"","active":0,"current":0,"spacer":0,"hasSubpages":0,"mobilePageType":"4"},{"title":"D\u00f3\u017eec\u00ed pal\u00e1c","link":"https:\/\/venicexplorer.com\/cs\/explore\/venice-museums-galleries\/doges-palace\/","target":"","active":0,"current":0,"spacer":0,"hasSubpages":0,"mobilePageType":"4"},{"title":"Kampanila svat\u00e9ho Marka","link":"\/cs\/explore\/the-best-of-venice\/st-marks-campanile","target":"","active":0,"current":0,"spacer":0,"hasSubpages":0,"mobilePageType":"4"},{"title":"Scuola Grande di San Rocco","link":"\/cs\/explore\/the-best-of-venice\/scuola-grande-di-san-rocco","target":"","active":0,"current":0,"spacer":0,"hasSubpages":0,"mobilePageType":"4"},{"title":"Most Rialto","link":"\/cs\/explore\/the-best-of-venice\/ponte-di-rialto","target":"","active":0,"current":0,"spacer":0,"hasSubpages":0,"mobilePageType":"4"},{"title":"Santa Maria della Sallute","link":"https:\/\/venicexplorer.com\/explore\/venice-churches\/santa-maria-della-salute\/","target":"","active":0,"current":0,"spacer":0,"hasSubpages":0,"mobilePageType":"4"},{"title":"Velk\u00fd kan\u00e1l","link":"\/cs\/explore\/the-best-of-venice\/grand-canal","target":"","active":0,"current":0,"spacer":0,"hasSubpages":0,"mobilePageType":"4"},{"title":"Most vzdech\u016f","link":"\/cs\/explore\/the-best-of-venice\/bridge-of-sighs","target":"","active":0,"current":0,"spacer":0,"hasSubpages":0,"mobilePageType":"4"},{"title":"N\u00e1rodn\u00ed knihovna Marciana","link":"\/cs\/explore\/the-best-of-venice\/marciana-national-library","target":"","active":0,"current":0,"spacer":0,"hasSubpages":0,"mobilePageType":"4"},{"title":"Kostel San Polo","link":"https:\/\/venicexplorer.com\/cs\/explore\/venice-churches\/chiesa-di-san-polo\/","target":"","active":0,"current":0,"spacer":0,"hasSubpages":0,"mobilePageType":"4"},{"title":"Redentore","link":"https:\/\/venicexplorer.com\/cs\/explore\/venice-churches\/the-redentore\/","target":"","active":0,"current":0,"spacer":0,"hasSubpages":0,"mobilePageType":"4"},{"title":"Zattere","link":"\/cs\/explore\/the-best-of-venice\/zattere","target":"","active":0,"current":0,"spacer":0,"hasSubpages":0,"mobilePageType":"4"},{"title":"Ben\u00e1tsk\u00e1 laguna","link":"\/cs\/explore\/the-best-of-venice\/the-venetian-lagoon","target":"","active":0,"current":0,"spacer":0,"hasSubpages":0,"mobilePageType":"4"},{"title":"Ben\u00e1tsk\u00e9 bien\u00e1le","link":"\/cs\/mesto\/venice-annual-events\/the-venice-biennale","target":"","active":0,"current":0,"spacer":0,"hasSubpages":0,"mobilePageType":"4"},{"title":"Gondoly","link":"\/cs\/explore\/the-best-of-venice\/gondolas","target":"","active":0,"current":0,"spacer":0,"hasSubpages":0,"mobilePageType":"4"},{"title":"Ben\u00e1tsk\u00fd karneval","link":"\/cs\/mesto\/venice-annual-events\/venice-carnival","target":"","active":0,"current":0,"spacer":0,"hasSubpages":0,"mobilePageType":"4"},{"title":"Hitorick\u00e9 regaty","link":"\/cs\/mesto\/venice-annual-events\/regata-storica","target":"","active":0,"current":0,"spacer":0,"hasSubpages":0,"mobilePageType":"4"},{"title":"Vogalonga","link":"\/cs\/mesto\/venice-annual-events\/vogalonga","target":"","active":0,"current":0,"spacer":0,"hasSubpages":0,"mobilePageType":"4"},{"title":"Ben\u00e1tsk\u00fd arzen\u00e1l","link":"\/cs\/explore\/the-best-of-venice\/the-arsenal-of-venice","target":"","active":0,"current":0,"spacer":0,"hasSubpages":0,"mobilePageType":"4"},{"title":"Maratony v lagun\u011b","link":"\/cs\/explore\/the-best-of-venice\/the-lagoon-marathon","target":"","active":0,"current":0,"spacer":0,"hasSubpages":0,"mobilePageType":"4"}]},{"title":"Odhalen\u00e9 Ben\u00e1tky","link":"\/cs\/mesto\/odhalene-benatky","target":"","active":0,"current":0,"spacer":0,"hasSubpages":1,"mobilePageType":"4","children":[{"title":"Short History of Venice","link":"\/cs\/the-city\/venice-uncovered\/short-history-of-venice","target":"","active":0,"current":0,"spacer":0,"hasSubpages":0,"mobilePageType":"4"},{"title":"V\u0161e o Ben\u00e1tk\u00e1ch","link":"\/cs\/mesto\/odhalene-benatky\/vse-o-benatkach","target":"","active":0,"current":0,"spacer":0,"hasSubpages":0,"mobilePageType":"4"},{"title":"Almanac of Venice History","link":"\/cs\/the-city\/venice-uncovered\/almanac-of-venice-history","target":"","active":0,"current":0,"spacer":0,"hasSubpages":0,"mobilePageType":"4"},{"title":"Ka\u017edoro\u010dn\u00ed  akce v Ben\u00e1tk\u00e1ch","link":"\/cs\/mesto\/venice-annual-events","target":"","active":0,"current":0,"spacer":0,"hasSubpages":1,"mobilePageType":"4","children":[{"title":"Ben\u00e1tsk\u00fd karneval","link":"\/cs\/mesto\/venice-annual-events\/venice-carnival","target":"","active":0,"current":0,"spacer":0,"hasSubpages":0,"mobilePageType":"4"},{"title":"Historick\u00e1 Regata","link":"\/cs\/mesto\/venice-annual-events\/regata-storica","target":"","active":0,"current":0,"spacer":0,"hasSubpages":0,"mobilePageType":"4"},{"title":"Vogalonga","link":"\/cs\/mesto\/venice-annual-events\/vogalonga","target":"","active":0,"current":0,"spacer":0,"hasSubpages":0,"mobilePageType":"4"},{"title":"Mezin\u00e1rodn\u00ed filmov\u00fd festival v Ben\u00e1tk\u00e1ch","link":"\/cs\/mesto\/venice-annual-events\/venice-international-film-festival","target":"","active":0,"current":0,"spacer":0,"hasSubpages":0,"mobilePageType":"4"},{"title":"Ben\u00e1tsk\u00e9 Bien\u00e1le","link":"\/cs\/mesto\/venice-annual-events\/the-venice-biennale","target":"","active":0,"current":0,"spacer":0,"hasSubpages":0,"mobilePageType":"4"},{"title":"Su e Zo per I Ponti","link":"\/cs\/mesto\/venice-annual-events\/su-e-zo-per-i-ponti","target":"","active":0,"current":0,"spacer":0,"hasSubpages":0,"mobilePageType":"4"},{"title":"Festa Della Sensa","link":"\/cs\/mesto\/venice-annual-events\/festa-della-sensa","target":"","active":0,"current":0,"spacer":0,"hasSubpages":0,"mobilePageType":"4"},{"title":"Sagra di Sant\u2019Antonio","link":"\/cs\/mesto\/venice-annual-events\/sagra-di-sant-antonio","target":"","active":0,"current":0,"spacer":0,"hasSubpages":0,"mobilePageType":"4"},{"title":"Festa della Salute","link":"\/cs\/mesto\/venice-annual-events\/festa-della-salute","target":"","active":0,"current":0,"spacer":0,"hasSubpages":0,"mobilePageType":"4"},{"title":"Festa del Redentore","link":"\/cs\/mesto\/venice-annual-events\/festa-del-redentore","target":"","active":0,"current":0,"spacer":0,"hasSubpages":0,"mobilePageType":"4"},{"title":"Festa di San Marco","link":"\/cs\/mesto\/venice-annual-events\/festa-di-san-marco","target":"","active":0,"current":0,"spacer":0,"hasSubpages":0,"mobilePageType":"4"},{"title":"Festa di Santi Pietro e Paolo","link":"\/cs\/mesto\/venice-annual-events\/festa-di-santi-pietro-e-paolo","target":"","active":0,"current":0,"spacer":0,"hasSubpages":0,"mobilePageType":"4"},{"title":"Festa di San Martino","link":"\/cs\/mesto\/venice-annual-events\/festa-di-san-martino","target":"","active":0,"current":0,"spacer":0,"hasSubpages":0,"mobilePageType":"4"},{"title":"Zioba Grasso","link":"\/cs\/mesto\/venice-annual-events\/zioba-grasso","target":"","active":0,"current":0,"spacer":0,"hasSubpages":0,"mobilePageType":"4"},{"title":"Sv\u00e1tek Mari\u00ed","link":"\/cs\/mesto\/venice-annual-events\/festa-delle-marie","target":"","active":0,"current":0,"spacer":0,"hasSubpages":0,"mobilePageType":"4"},{"title":"Ben\u00e1tsk\u00fd maraton","link":"\/cs\/mesto\/venice-annual-events\/the-venice-marathon","target":"","active":0,"current":0,"spacer":0,"hasSubpages":0,"mobilePageType":"4"},{"title":"P\u016flmaraton Jesolo Moonlight","link":"\/cs\/mesto\/venice-annual-events\/jesolo-moonlight-half-marathon","target":"","active":0,"current":0,"spacer":0,"hasSubpages":0,"mobilePageType":"4"},{"title":"No\u010dn\u00ed stezka v Ben\u00e1tk\u00e1ch","link":"\/cs\/mesto\/venice-annual-events\/venice-night-trail","target":"","active":0,"current":0,"spacer":0,"hasSubpages":0,"mobilePageType":"4"}]},{"title":"Ben\u00e1tsk\u00e9 Recepty","link":"\/cs\/mesto\/venetian-recipes","target":"","active":0,"current":0,"spacer":0,"hasSubpages":1,"mobilePageType":"4","children":[{"title":"R\u00fd\u017ee a hr\u00e1ch (Risi e Bisi)","link":"\/cs\/mesto\/venetian-recipes\/risi-e-bisi","target":"","active":0,"current":0,"spacer":0,"hasSubpages":0,"mobilePageType":"4"},{"title":"Fig a la Venessiana","link":"\/cs\/mesto\/venetian-recipes\/fegato-alla-veneziana","target":"","active":0,"current":0,"spacer":0,"hasSubpages":0,"mobilePageType":"4"},{"title":"Sma\u017een\u00e9 kr\u00e9my","link":"\/cs\/mesto\/venetian-recipes\/crema-fritte","target":"","active":0,"current":0,"spacer":0,"hasSubpages":0,"mobilePageType":"4"},{"title":"N\u00e1soben\u00e9 lilky","link":"\/cs\/mesto\/venetian-recipes\/moltiplicati-melanzane","target":"","active":0,"current":0,"spacer":0,"hasSubpages":0,"mobilePageType":"4"},{"title":"Pala\u010dinky od Toni Trolese","link":"\/cs\/mesto\/venetian-recipes\/frittelle-di-toni-trolese","target":"","active":0,"current":0,"spacer":0,"hasSubpages":0,"mobilePageType":"4"},{"title":"Sard\u00e8 in Sa\u00f2r","link":"\/cs\/mesto\/venetian-recipes\/sarde-in-saor","target":"","active":0,"current":0,"spacer":0,"hasSubpages":0,"mobilePageType":"4"},{"title":"Caramel Sauce","link":"\/cs\/mesto\/venetian-recipes\/caramel-sauce","target":"","active":0,"current":0,"spacer":0,"hasSubpages":0,"mobilePageType":"4"},{"title":"Pera al Forno e Biscotti Tavern","link":"\/cs\/mesto\/venetian-recipes\/pera-al-forno-e-biscotti-tavern","target":"","active":0,"current":0,"spacer":0,"hasSubpages":0,"mobilePageType":"4"},{"title":"Pane di Sapa","link":"\/cs\/mesto\/venetian-recipes\/pane-di-sapa","target":"","active":0,"current":0,"spacer":0,"hasSubpages":0,"mobilePageType":"4"},{"title":"Cuttles in Casseruola con il Loro Inchiostro","link":"\/cs\/mesto\/venetian-recipes\/cuttles-in-casseruola-con-il-loro-inchiostro","target":"","active":0,"current":0,"spacer":0,"hasSubpages":0,"mobilePageType":"4"},{"title":"il Baicoli","link":"\/cs\/mesto\/venetian-recipes\/il-baicoli","target":"","active":0,"current":0,"spacer":0,"hasSubpages":0,"mobilePageType":"4"},{"title":"Roditrici Tavern a Venezia","link":"\/cs\/mesto\/venetian-recipes\/cicchetti-veneziani","target":"","active":0,"current":0,"spacer":0,"hasSubpages":0,"mobilePageType":"4"}]},{"title":"Hudba a koncerty v Ben\u00e1tk\u00e1ch","link":"\/cs\/mesto\/music-and-concerts-in-venice","target":"","active":0,"current":0,"spacer":0,"hasSubpages":0,"mobilePageType":"4"},{"title":"Filmy nato\u010den\u00e9 v Ben\u00e1tk\u00e1ch","link":"\/cs\/explore\/films-shot-in-venice","target":"","active":0,"current":0,"spacer":0,"hasSubpages":0,"mobilePageType":"4"}]},{"title":"eXplore Ben\u00e1tky","link":"\/cs\/mesto\/explore-benatky","target":"","active":0,"current":0,"spacer":0,"hasSubpages":1,"mobilePageType":"1","children":[{"title":"Mapa Ben\u00e1tek","link":"\/cs\/","target":"","active":0,"current":0,"spacer":0,"hasSubpages":0,"mobilePageType":"3"},{"title":"Muzea a galerie v Ben\u00e1tk\u00e1ch","link":"\/cs\/mesto\/explore-benatky\/venice-museums-galleries","target":"","active":0,"current":0,"spacer":0,"hasSubpages":0,"mobilePageType":"1"},{"title":"Divadla","link":"\/cs\/mesto\/explore-benatky\/venice-theatres","target":"","active":0,"current":0,"spacer":0,"hasSubpages":0,"mobilePageType":"1"},{"title":"Kostely v Ben\u00e1tk\u00e1ch","link":"\/cs\/mesto\/explore-benatky\/venice-churches","target":"","active":0,"current":0,"spacer":0,"hasSubpages":0,"mobilePageType":"1"},{"title":"Sestieri","link":"\/cs\/mesto\/sestieri","target":"","active":0,"current":0,"spacer":0,"hasSubpages":1,"mobilePageType":"4","children":[{"title":"San Marco","link":"\/cs\/mesto\/sestieri\/san-marco","target":"","active":0,"current":0,"spacer":0,"hasSubpages":0,"mobilePageType":"4"},{"title":"San Polo","link":"\/cs\/mesto\/sestieri\/san-polo","target":"","active":0,"current":0,"spacer":0,"hasSubpages":0,"mobilePageType":"4"},{"title":"Santa Croce","link":"\/cs\/mesto\/sestieri\/santa-croce","target":"","active":0,"current":0,"spacer":0,"hasSubpages":0,"mobilePageType":"4"},{"title":"Castello","link":"\/cs\/mesto\/sestieri\/castello","target":"","active":0,"current":0,"spacer":0,"hasSubpages":0,"mobilePageType":"4"},{"title":"Dorsoduro","link":"\/cs\/mesto\/sestieri\/dorsoduro","target":"","active":0,"current":0,"spacer":0,"hasSubpages":0,"mobilePageType":"4"},{"title":"Cannaregio","link":"\/cs\/mesto\/sestieri\/cannaregio","target":"","active":0,"current":0,"spacer":0,"hasSubpages":0,"mobilePageType":"4"}]},{"title":"Hotels in Venice","link":"\/cs\/the-city\/explore-venice\/venice-hotels","target":"","active":0,"current":0,"spacer":0,"hasSubpages":0,"mobilePageType":"4"},{"title":"Nakupov\u00e1n\u00ed v Ben\u00e1tk\u00e1ch","link":"\/cs\/mesto\/shopping-in-venice","target":"","active":0,"current":0,"spacer":0,"hasSubpages":1,"mobilePageType":"4","children":[{"title":"Nakupov\u00e1n\u00ed v Ben\u00e1tk\u00e1ch, Obecn\u00e9 Informace","link":"\/cs\/mesto\/shopping-in-venice\/shopping-in-venice-general-information","target":"","active":0,"current":0,"spacer":0,"hasSubpages":0,"mobilePageType":"4"},{"title":"M\u00f3da a dopl\u0148ky","link":"\/cs\/mesto\/shopping-in-venice\/fashion-and-accessories","target":"","active":0,"current":0,"spacer":0,"hasSubpages":0,"mobilePageType":"4"},{"title":"Design interi\u00e9ru a tkaniny","link":"\/cs\/mesto\/shopping-in-venice\/fabrics-and-interior-design","target":"","active":0,"current":0,"spacer":0,"hasSubpages":0,"mobilePageType":"4"},{"title":"Masky a kost\u00fdmy","link":"\/cs\/mesto\/shopping-in-venice\/masks-and-costumes","target":"","active":0,"current":0,"spacer":0,"hasSubpages":0,"mobilePageType":"4"},{"title":"Sklo","link":"\/cs\/mesto\/shopping-in-venice\/glass","target":"","active":0,"current":0,"spacer":0,"hasSubpages":0,"mobilePageType":"4"},{"title":"\u0160perky","link":"\/cs\/mesto\/shopping-in-venice\/jewellery","target":"","active":0,"current":0,"spacer":0,"hasSubpages":0,"mobilePageType":"4"},{"title":"Knihy a d\u00e1rky","link":"\/cs\/mesto\/shopping-in-venice\/books-and-gifts","target":"","active":0,"current":0,"spacer":0,"hasSubpages":0,"mobilePageType":"4"},{"title":"Trhy a obchody s potravinami","link":"\/cs\/mesto\/shopping-in-venice\/markets-and-food-shops","target":"","active":0,"current":0,"spacer":0,"hasSubpages":0,"mobilePageType":"4"},{"title":"Trh Rialto a Pescheria","link":"\/cs\/mesto\/shopping-in-venice\/rialto-market-and-the-pescheria","target":"","active":0,"current":0,"spacer":0,"hasSubpages":0,"mobilePageType":"4"},{"title":"Jednotliv\u00e9 turistick\u00e9 slu\u017eby, kter\u00e9 maj\u00ed b\u00fdt zakoupeny","link":"\/cs\/mesto\/shopping-in-venice\/single-tourist-services-to-be-purchased","target":"","active":0,"current":0,"spacer":0,"hasSubpages":0,"mobilePageType":"4"}]},{"title":"Mimo vy\u0161lapan\u00e9 cesty","link":"\/cs\/mesto\/explore-benatky\/off-the-beaten-track-in-venice","target":"","active":0,"current":0,"spacer":0,"hasSubpages":0,"mobilePageType":"4"},{"title":"Venice Surroundings","link":"\/cs\/the-city\/explore-venice\/islands-of-venice\/default-title","target":"","active":0,"current":0,"spacer":0,"hasSubpages":0,"mobilePageType":"1"}]},{"title":"Navigace na str\u00e1nk\u00e1ch","link":"\/cs\/mesto\/navigace-na-strankach","target":"","active":1,"current":0,"spacer":0,"hasSubpages":1,"mobilePageType":"1","children":[{"title":"Itiner\u00e1\u0159e","link":"\/cs\/mesto\/navigace-na-strankach\/itinerare","target":"","active":0,"current":0,"spacer":0,"hasSubpages":1,"mobilePageType":"1","children":[{"title":"Celodenn\u00ed itiner\u00e1\u0159 San Marco","link":"\/cs\/mesto\/navigace-na-strankach\/itinerare\/san-marco-fullday-itinerary","target":"","active":0,"current":0,"spacer":0,"hasSubpages":0,"mobilePageType":"4"},{"title":"San Marco a Castello Itiner\u00e1\u0159","link":"\/cs\/mesto\/navigace-na-strankach\/itinerare\/san-marco-and-castello-itinerary","target":"","active":0,"current":0,"spacer":0,"hasSubpages":0,"mobilePageType":"4"},{"title":"San Polo a Dorsoduro","link":"\/cs\/mesto\/navigace-na-strankach\/itinerare\/san-polo-and-dorsoduro","target":"","active":0,"current":0,"spacer":0,"hasSubpages":0,"mobilePageType":"4"},{"title":"Ghetto, Cannaregio a Castello","link":"\/cs\/mesto\/navigace-na-strankach\/itinerare\/the-ghetto-cannaregio-and-castello","target":"","active":0,"current":0,"spacer":0,"hasSubpages":0,"mobilePageType":"4"},{"title":"Itiner\u00e1\u0159 Giudecca a San Giorgio Maggiore","link":"\/cs\/mesto\/navigace-na-strankach\/itinerare\/giudecca-and-san-giorgio-maggiore-itinerary","target":"","active":0,"current":0,"spacer":0,"hasSubpages":0,"mobilePageType":"4"},{"title":"Itinerario de Murano","link":"\/cs\/mesto\/navigace-na-strankach\/itinerare\/murano-itinerary","target":"","active":0,"current":0,"spacer":0,"hasSubpages":0,"mobilePageType":"4"},{"title":"Itiner\u00e1\u0159 Burana","link":"\/cs\/mesto\/navigace-na-strankach\/itinerare\/burano-itinerary","target":"","active":0,"current":0,"spacer":0,"hasSubpages":0,"mobilePageType":"4"},{"title":"Top 6 m\u00edst v San Marco Ben\u00e1tky","link":"\/cs\/mesto\/navigace-na-strankach\/itinerare\/top-6-places-in-san-marco-venice","target":"","active":0,"current":0,"spacer":0,"hasSubpages":0,"mobilePageType":"4"},{"title":"Cyklistick\u00e1 prohl\u00eddka Ben\u00e1tek Lido","link":"\/cs\/mesto\/navigace-na-strankach\/itinerare\/venice-lido-bike-tour","target":"","active":0,"current":0,"spacer":0,"hasSubpages":0,"mobilePageType":"4"},{"title":"Itiner\u00e1\u0159 Torcello","link":"\/cs\/mesto\/navigace-na-strankach\/itinerare\/torcello-itinerary","target":"","active":0,"current":0,"spacer":0,"hasSubpages":0,"mobilePageType":"4"},{"title":"V\u00fdlet na lagunov\u00e9 ostrovy","link":"\/cs\/mesto\/navigace-na-strankach\/itinerare\/excursion-to-the-lagoon-islands","target":"","active":0,"current":0,"spacer":0,"hasSubpages":0,"mobilePageType":"4"},{"title":"Objevov\u00e1n\u00ed zahrad Lagoon","link":"\/cs\/mesto\/navigace-na-strankach\/itinerare\/discovering-the-gardens-of-the-lagoon","target":"","active":0,"current":0,"spacer":0,"hasSubpages":0,"mobilePageType":"4"},{"title":"Nejlep\u0161\u00ed muzea ben\u00e1tsk\u00e9ho um\u011bn\u00ed","link":"\/cs\/mesto\/navigace-na-strankach\/itinerare\/the-best-museums-of-venetian-art","target":"","active":0,"current":0,"spacer":0,"hasSubpages":0,"mobilePageType":"4"}]},{"title":"Restaurace","link":"\/cs\/mesto\/navigace-na-strankach\/restaurace","target":"","active":0,"current":0,"spacer":0,"hasSubpages":0,"mobilePageType":"1"},{"title":"Ben\u00e1tky po setm\u011bn\u00ed","link":"\/cs\/mesto\/navigace-na-strankach\/benatky-po-setmeni","target":"","active":0,"current":0,"spacer":0,"hasSubpages":1,"mobilePageType":"4","children":[{"title":"No\u010dn\u00ed kluby a diskot\u00e9ky","link":"\/cs\/mesto\/navigace-na-strankach\/benatky-po-setmeni\/night-clubs-and-discos","target":"","active":0,"current":0,"spacer":0,"hasSubpages":0,"mobilePageType":"1"}]},{"title":"Bary","link":"\/cs\/mesto\/navigace-na-strankach\/bary","target":"","active":0,"current":0,"spacer":0,"hasSubpages":0,"mobilePageType":"1"},{"title":"Kav\u00e1rny","link":"\/cs\/mesto\/navigace-na-strankach\/kavarny","target":"","active":0,"current":0,"spacer":0,"hasSubpages":0,"mobilePageType":"1"},{"title":"P\u0159\u00edjezd do Ben\u00e1tek","link":"\/cs\/mesto\/navigace-na-strankach\/prijezd-do-benatek","target":"","active":0,"current":0,"spacer":0,"hasSubpages":1,"mobilePageType":"1","children":[{"title":"Cesta na n\u00e1m\u011bst\u00ed svat\u00e9ho Marka z leti\u0161t\u011b Marco Polo","link":"\/cs\/mesto\/navigace-na-strankach\/prijezd-do-benatek\/reach-st-marks-square-from-marco-polo-airport","target":"","active":0,"current":0,"spacer":0,"hasSubpages":0,"mobilePageType":""},{"title":"Cesta na Piazzale Roma z leti\u0161t\u011b Marco Polo","link":"\/cs\/mesto\/navigace-na-strankach\/prijezd-do-benatek\/reach-piazzale-roma-from-marco-polo-airport","target":"","active":0,"current":0,"spacer":0,"hasSubpages":0,"mobilePageType":""},{"title":"Cesta na FS Venezia Mestre z leti\u0161t\u011b Marco Polo","link":"\/cs\/mesto\/navigace-na-strankach\/prijezd-do-benatek\/reach-venezia-mestre-fs-from-marco-polo-airport","target":"","active":0,"current":0,"spacer":0,"hasSubpages":0,"mobilePageType":""},{"title":"Jak se dostat do Ben\u00e1tek vlakem","link":"\/cs\/mesto\/navigace-na-strankach\/prijezd-do-benatek\/how-to-get-to-venice-by-train","target":"","active":0,"current":0,"spacer":0,"hasSubpages":0,"mobilePageType":""},{"title":"Jak se dostat do Ben\u00e1tek autem","link":"\/cs\/mesto\/navigace-na-strankach\/prijezd-do-benatek\/how-to-reach-venice-by-car","target":"","active":0,"current":0,"spacer":0,"hasSubpages":0,"mobilePageType":""},{"title":"P\u0159\u00edstav v\u00fdletn\u00edch lod\u00ed v Ben\u00e1tk\u00e1ch","link":"\/cs\/mesto\/navigace-na-strankach\/prijezd-do-benatek\/venice-cruise-ship-port","target":"","active":0,"current":0,"spacer":0,"hasSubpages":0,"mobilePageType":"4"}]},{"title":"Kde zaparkovat v Ben\u00e1tk\u00e1ch","link":"\/cs\/mesto\/navigace-na-strankach\/kde-zaparkovat-v-benatkach","target":"","active":0,"current":0,"spacer":0,"hasSubpages":0,"mobilePageType":"4"},{"title":"Co si vz\u00edt s sebou","link":"\/cs\/mesto\/navigace-na-strankach\/co-si-vzit-s-sebou","target":"","active":1,"current":1,"spacer":0,"hasSubpages":0,"mobilePageType":"4"}]},{"title":"Informace pro n\u00e1v\u0161t\u011bvn\u00edky","link":"\/cs\/mesto\/informace-pro-navstevniky","target":"","active":0,"current":0,"spacer":0,"hasSubpages":1,"mobilePageType":"1","children":[{"title":"Spropitn\u00e9 v Ben\u00e1tk\u00e1ch","link":"\/cs\/navigate\/tipping-in-venice","target":"","active":0,"current":0,"spacer":0,"hasSubpages":0,"mobilePageType":"4"},{"title":"\u00daschova zavazadel v Ben\u00e1tk\u00e1ch","link":"\/cs\/navigate\/baggage-storage-in-venice","target":"","active":0,"current":0,"spacer":0,"hasSubpages":0,"mobilePageType":""},{"title":"Kontaktn\u00ed \u010d\u00edsla pro p\u0159\u00edpad nouze","link":"\/cs\/mesto\/informace-pro-navstevniky\/emergency-contact-numbers","target":"","active":0,"current":0,"spacer":0,"hasSubpages":0,"mobilePageType":"4"},{"title":"Po\u010das\u00ed a ro\u010dn\u00ed obdob\u00ed","link":"\/cs\/mesto\/weather-seasons","target":"","active":0,"current":0,"spacer":0,"hasSubpages":1,"mobilePageType":"4","children":[{"title":"Ben\u00e1tky a po\u010das\u00ed b\u011bhem roku","link":"\/cs\/mesto\/weather-seasons\/venice-and-the-weather-throughout-the-year","target":"","active":0,"current":0,"spacer":0,"hasSubpages":0,"mobilePageType":"4"},{"title":"Acqua Alta v Ben\u00e1tk\u00e1ch","link":"\/cs\/mesto\/weather-seasons\/acqua-alta-in-venice","target":"","active":0,"current":0,"spacer":0,"hasSubpages":0,"mobilePageType":"4"}]},{"title":"Ve\u0159ejn\u00e9 toalety v Ben\u00e1tk\u00e1ch","link":"\/cs\/navigate\/public-toilets-in-venice","target":"","active":0,"current":0,"spacer":0,"hasSubpages":0,"mobilePageType":""},{"title":"Jak nakl\u00e1dat s odpady v Ben\u00e1tk\u00e1ch","link":"\/cs\/navigate\/how-to-manage-waste-in-venice","target":"","active":0,"current":0,"spacer":0,"hasSubpages":0,"mobilePageType":""},{"title":"Font\u00e1ny s pitnou vodou v Ben\u00e1tk\u00e1ch","link":"\/cs\/navigate\/drinking-water-fountains-in-venice","target":"","active":0,"current":0,"spacer":0,"hasSubpages":0,"mobilePageType":""},{"title":"Sim karty a WIFI pro turisty","link":"\/cs\/navigate\/sim-cards-and-wifi-for-tourists","target":"","active":0,"current":0,"spacer":0,"hasSubpages":0,"mobilePageType":""},{"title":"Cestovn\u00ed poji\u0161t\u011bn\u00ed","link":"\/cs\/stay\/travel-insurance","target":"","active":0,"current":0,"spacer":0,"hasSubpages":0,"mobilePageType":""},{"title":"Pasy, v\u00edza a turistick\u00e1 da\u0148 v Ben\u00e1tk\u00e1ch","link":"\/cs\/stay\/passports-visas-and-tourist-tax-in-venice","target":"","active":0,"current":0,"spacer":0,"hasSubpages":0,"mobilePageType":""},{"title":"Osvobozen\u00ed od DPH","link":"\/cs\/mesto\/shopping-in-venice\/vat-exemption","target":"","active":0,"current":0,"spacer":0,"hasSubpages":0,"mobilePageType":"4"},{"title":"Banky, bankomaty a sm\u011bn\u00e1rny","link":"\/cs\/mesto\/informace-pro-navstevniky\/banks-atms-and-money-changers","target":"","active":0,"current":0,"spacer":0,"hasSubpages":0,"mobilePageType":"4"}]}]},{"title":"Navigace na str\u00e1nk\u00e1ch","link":"\/cs\/mesto\/navigace-na-strankach","target":"","active":1,"current":0,"spacer":0,"hasSubpages":1,"mobilePageType":"1","children":[{"title":"Itiner\u00e1\u0159e","link":"\/cs\/mesto\/navigace-na-strankach\/itinerare","target":"","active":0,"current":0,"spacer":0,"hasSubpages":1,"mobilePageType":"1","children":[{"title":"Celodenn\u00ed itiner\u00e1\u0159 San Marco","link":"\/cs\/mesto\/navigace-na-strankach\/itinerare\/san-marco-fullday-itinerary","target":"","active":0,"current":0,"spacer":0,"hasSubpages":0,"mobilePageType":"4"},{"title":"San Marco a Castello Itiner\u00e1\u0159","link":"\/cs\/mesto\/navigace-na-strankach\/itinerare\/san-marco-and-castello-itinerary","target":"","active":0,"current":0,"spacer":0,"hasSubpages":0,"mobilePageType":"4"},{"title":"San Polo a Dorsoduro","link":"\/cs\/mesto\/navigace-na-strankach\/itinerare\/san-polo-and-dorsoduro","target":"","active":0,"current":0,"spacer":0,"hasSubpages":0,"mobilePageType":"4"},{"title":"Ghetto, Cannaregio a Castello","link":"\/cs\/mesto\/navigace-na-strankach\/itinerare\/the-ghetto-cannaregio-and-castello","target":"","active":0,"current":0,"spacer":0,"hasSubpages":0,"mobilePageType":"4"},{"title":"Itiner\u00e1\u0159 Giudecca a San Giorgio Maggiore","link":"\/cs\/mesto\/navigace-na-strankach\/itinerare\/giudecca-and-san-giorgio-maggiore-itinerary","target":"","active":0,"current":0,"spacer":0,"hasSubpages":0,"mobilePageType":"4"},{"title":"Itinerario de Murano","link":"\/cs\/mesto\/navigace-na-strankach\/itinerare\/murano-itinerary","target":"","active":0,"current":0,"spacer":0,"hasSubpages":0,"mobilePageType":"4"},{"title":"Itiner\u00e1\u0159 Burana","link":"\/cs\/mesto\/navigace-na-strankach\/itinerare\/burano-itinerary","target":"","active":0,"current":0,"spacer":0,"hasSubpages":0,"mobilePageType":"4"},{"title":"Top 6 m\u00edst v San Marco Ben\u00e1tky","link":"\/cs\/mesto\/navigace-na-strankach\/itinerare\/top-6-places-in-san-marco-venice","target":"","active":0,"current":0,"spacer":0,"hasSubpages":0,"mobilePageType":"4"},{"title":"Cyklistick\u00e1 prohl\u00eddka Ben\u00e1tek Lido","link":"\/cs\/mesto\/navigace-na-strankach\/itinerare\/venice-lido-bike-tour","target":"","active":0,"current":0,"spacer":0,"hasSubpages":0,"mobilePageType":"4"},{"title":"Itiner\u00e1\u0159 Torcello","link":"\/cs\/mesto\/navigace-na-strankach\/itinerare\/torcello-itinerary","target":"","active":0,"current":0,"spacer":0,"hasSubpages":0,"mobilePageType":"4"},{"title":"V\u00fdlet na lagunov\u00e9 ostrovy","link":"\/cs\/mesto\/navigace-na-strankach\/itinerare\/excursion-to-the-lagoon-islands","target":"","active":0,"current":0,"spacer":0,"hasSubpages":0,"mobilePageType":"4"},{"title":"Objevov\u00e1n\u00ed zahrad Lagoon","link":"\/cs\/mesto\/navigace-na-strankach\/itinerare\/discovering-the-gardens-of-the-lagoon","target":"","active":0,"current":0,"spacer":0,"hasSubpages":0,"mobilePageType":"4"},{"title":"Nejlep\u0161\u00ed muzea ben\u00e1tsk\u00e9ho um\u011bn\u00ed","link":"\/cs\/mesto\/navigace-na-strankach\/itinerare\/the-best-museums-of-venetian-art","target":"","active":0,"current":0,"spacer":0,"hasSubpages":0,"mobilePageType":"4"}]},{"title":"Restaurace","link":"\/cs\/mesto\/navigace-na-strankach\/restaurace","target":"","active":0,"current":0,"spacer":0,"hasSubpages":0,"mobilePageType":"1"},{"title":"Ben\u00e1tky po setm\u011bn\u00ed","link":"\/cs\/mesto\/navigace-na-strankach\/benatky-po-setmeni","target":"","active":0,"current":0,"spacer":0,"hasSubpages":1,"mobilePageType":"4","children":[{"title":"No\u010dn\u00ed kluby a diskot\u00e9ky","link":"\/cs\/mesto\/navigace-na-strankach\/benatky-po-setmeni\/night-clubs-and-discos","target":"","active":0,"current":0,"spacer":0,"hasSubpages":0,"mobilePageType":"1"}]},{"title":"Bary","link":"\/cs\/mesto\/navigace-na-strankach\/bary","target":"","active":0,"current":0,"spacer":0,"hasSubpages":0,"mobilePageType":"1"},{"title":"Kav\u00e1rny","link":"\/cs\/mesto\/navigace-na-strankach\/kavarny","target":"","active":0,"current":0,"spacer":0,"hasSubpages":0,"mobilePageType":"1"},{"title":"P\u0159\u00edjezd do Ben\u00e1tek","link":"\/cs\/mesto\/navigace-na-strankach\/prijezd-do-benatek","target":"","active":0,"current":0,"spacer":0,"hasSubpages":1,"mobilePageType":"1","children":[{"title":"Cesta na n\u00e1m\u011bst\u00ed svat\u00e9ho Marka z leti\u0161t\u011b Marco Polo","link":"\/cs\/mesto\/navigace-na-strankach\/prijezd-do-benatek\/reach-st-marks-square-from-marco-polo-airport","target":"","active":0,"current":0,"spacer":0,"hasSubpages":0,"mobilePageType":""},{"title":"Cesta na Piazzale Roma z leti\u0161t\u011b Marco Polo","link":"\/cs\/mesto\/navigace-na-strankach\/prijezd-do-benatek\/reach-piazzale-roma-from-marco-polo-airport","target":"","active":0,"current":0,"spacer":0,"hasSubpages":0,"mobilePageType":""},{"title":"Cesta na FS Venezia Mestre z leti\u0161t\u011b Marco Polo","link":"\/cs\/mesto\/navigace-na-strankach\/prijezd-do-benatek\/reach-venezia-mestre-fs-from-marco-polo-airport","target":"","active":0,"current":0,"spacer":0,"hasSubpages":0,"mobilePageType":""},{"title":"Jak se dostat do Ben\u00e1tek vlakem","link":"\/cs\/mesto\/navigace-na-strankach\/prijezd-do-benatek\/how-to-get-to-venice-by-train","target":"","active":0,"current":0,"spacer":0,"hasSubpages":0,"mobilePageType":""},{"title":"Jak se dostat do Ben\u00e1tek autem","link":"\/cs\/mesto\/navigace-na-strankach\/prijezd-do-benatek\/how-to-reach-venice-by-car","target":"","active":0,"current":0,"spacer":0,"hasSubpages":0,"mobilePageType":""},{"title":"P\u0159\u00edstav v\u00fdletn\u00edch lod\u00ed v Ben\u00e1tk\u00e1ch","link":"\/cs\/mesto\/navigace-na-strankach\/prijezd-do-benatek\/venice-cruise-ship-port","target":"","active":0,"current":0,"spacer":0,"hasSubpages":0,"mobilePageType":"4"}]},{"title":"Kde zaparkovat v Ben\u00e1tk\u00e1ch","link":"\/cs\/mesto\/navigace-na-strankach\/kde-zaparkovat-v-benatkach","target":"","active":0,"current":0,"spacer":0,"hasSubpages":0,"mobilePageType":"4"},{"title":"Co si vz\u00edt s sebou","link":"\/cs\/mesto\/navigace-na-strankach\/co-si-vzit-s-sebou","target":"","active":1,"current":1,"spacer":0,"hasSubpages":0,"mobilePageType":"4"}]},{"title":"Co si vz\u00edt s sebou","link":"\/cs\/mesto\/navigace-na-strankach\/co-si-vzit-s-sebou","target":"","active":1,"current":1,"spacer":0,"hasSubpages":0,"mobilePageType":"4"}]}