{"id":718,"type":"Standard","slug":"\/navigate\/how-to-manage-waste-in-venice","media":[],"seo":{"title":"Jak nakl\u00e1dat s odpady v Ben\u00e1tk\u00e1ch, detail nakl\u00e1d\u00e1n\u00ed s odpady ","meta":[{"name":"description","content":"Jak nakl\u00e1dat s odpady v Ben\u00e1tk\u00e1ch, Ben\u00e1tky jsou jedine\u010dn\u00fdm m\u011bstem na sv\u011bt\u011b, proto\u017ee jak v\u0161ichni \u0159\u00edkaj\u00ed, le\u017e\u00ed na vod\u011b, detail nakl\u00e1d\u00e1n\u00ed s odpady VeniceXplorer"},{"name":"generator","content":"TYPO3 CMS x T3Headless"},{"name":"keywords","content":"Jak nakl\u00e1dat s odpady v Ben\u00e1tk\u00e1ch"},{"property":"og:title","content":"Jak nakl\u00e1dat s odpady v Ben\u00e1tk\u00e1ch, detail nakl\u00e1d\u00e1n\u00ed s odpady"},{"property":"og:description","content":"Jak nakl\u00e1dat s odpady v Ben\u00e1tk\u00e1ch, Ben\u00e1tky jsou jedine\u010dn\u00fdm m\u011bstem na sv\u011bt\u011b, proto\u017ee jak v\u0161ichni \u0159\u00edkaj\u00ed, le\u017e\u00ed na vod\u011b, detail nakl\u00e1d\u00e1n\u00ed s odpady VeniceXplorer"},{"name":"twitter:card","content":"summary"},{"name":"twitter:title","content":"Jak nakl\u00e1dat s odpady v Ben\u00e1tk\u00e1ch, detail nakl\u00e1d\u00e1n\u00ed s odpady"},{"name":"twitter:description","content":"Jak nakl\u00e1dat s odpady v Ben\u00e1tk\u00e1ch, Ben\u00e1tky jsou jedine\u010dn\u00fdm m\u011bstem na sv\u011bt\u011b, proto\u017ee jak v\u0161ichni \u0159\u00edkaj\u00ed, le\u017e\u00ed na vod\u011b, detail nakl\u00e1d\u00e1n\u00ed s odpady VeniceXplorer"}],"link":[{"href":"https:\/\/headless-stg.venicexplorer.com\/cs\/navigate\/how-to-manage-waste-in-venice","rel":"canonical"},{"rel":"alternate","hreflang":"de-DE","href":"\/\/headless-stg.venicexplorer.com\/de\/navigate\/how-to-manage-waste-in-venice"},{"rel":"alternate","hreflang":"it-IT","href":"\/\/headless-stg.venicexplorer.com\/it\/navigate\/how-to-manage-waste-in-venice"},{"rel":"alternate","hreflang":"zh-CN","href":"\/\/headless-stg.venicexplorer.com\/zh\/navigate\/how-to-manage-waste-in-venice"},{"rel":"alternate","hreflang":"cs-CZ","href":"\/\/headless-stg.venicexplorer.com\/cs\/navigate\/how-to-manage-waste-in-venice"},{"rel":"alternate","hreflang":"fr-FR","href":"\/\/headless-stg.venicexplorer.com\/fr\/navigate\/how-to-manage-waste-in-venice"},{"rel":"alternate","hreflang":"ja-JP","href":"\/\/headless-stg.venicexplorer.com\/ja\/navigate\/how-to-manage-waste-in-venice"},{"rel":"alternate","hreflang":"pt-PT","href":"\/\/headless-stg.venicexplorer.com\/pt\/navigate\/how-to-manage-waste-in-venice"},{"rel":"alternate","hreflang":"ru-RU","href":"\/\/headless-stg.venicexplorer.com\/ru\/navigate\/how-to-manage-waste-in-venice"},{"rel":"alternate","hreflang":"sk-SK","href":"\/\/headless-stg.venicexplorer.com\/sk\/navigate\/how-to-manage-waste-in-venice"},{"rel":"alternate","hreflang":"es-ES","href":"\/\/headless-stg.venicexplorer.com\/es\/navigate\/how-to-manage-waste-in-venice"}],"htmlAttrs":{"lang":"cs","dir":null},"bodyAttrs":{"class":"pid-718 layout-layout-1"}},"meta":{"title":"Jak nakl\u00e1dat s odpady v Ben\u00e1tk\u00e1ch, detail nakl\u00e1d\u00e1n\u00ed s odpady ","subtitle":"","abstract":"","description":"Jak nakl\u00e1dat s odpady v Ben\u00e1tk\u00e1ch, Ben\u00e1tky jsou jedine\u010dn\u00fdm m\u011bstem na sv\u011bt\u011b, proto\u017ee jak v\u0161ichni \u0159\u00edkaj\u00ed, le\u017e\u00ed na vod\u011b, detail nakl\u00e1d\u00e1n\u00ed s odpady VeniceXplorer","keywords":"Jak nakl\u00e1dat s odpady v Ben\u00e1tk\u00e1ch","canonical":"","robots":{"noIndex":false,"noFollow":false},"author":"","authorEmail":"","ogTitle":"Jak nakl\u00e1dat s odpady v Ben\u00e1tk\u00e1ch, detail nakl\u00e1d\u00e1n\u00ed s odpady","ogDescription":"Jak nakl\u00e1dat s odpady v Ben\u00e1tk\u00e1ch, Ben\u00e1tky jsou jedine\u010dn\u00fdm m\u011bstem na sv\u011bt\u011b, proto\u017ee jak v\u0161ichni \u0159\u00edkaj\u00ed, le\u017e\u00ed na vod\u011b, detail nakl\u00e1d\u00e1n\u00ed s odpady VeniceXplorer","ogImage":null,"twitterTitle":"Jak nakl\u00e1dat s odpady v Ben\u00e1tk\u00e1ch, detail nakl\u00e1d\u00e1n\u00ed s odpady","twitterDescription":"Jak nakl\u00e1dat s odpady v Ben\u00e1tk\u00e1ch, Ben\u00e1tky jsou jedine\u010dn\u00fdm m\u011bstem na sv\u011bt\u011b, proto\u017ee jak v\u0161ichni \u0159\u00edkaj\u00ed, le\u017e\u00ed na vod\u011b, detail nakl\u00e1d\u00e1n\u00ed s odpady VeniceXplorer","twitterCard":"summary","twitterImage":null},"categories":"","breadcrumbs":[{"title":"Home","link":"\/cs\/","target":"","active":1,"current":0,"spacer":0,"hasSubpages":1},{"title":"M\u011bsto","link":"\/cs\/mesto","target":"","active":1,"current":0,"spacer":0,"hasSubpages":1},{"title":"Informace pro n\u00e1v\u0161t\u011bvn\u00edky","link":"\/cs\/mesto\/informace-pro-navstevniky","target":"","active":1,"current":0,"spacer":0,"hasSubpages":1},{"title":"Jak nakl\u00e1dat s odpady v Ben\u00e1tk\u00e1ch","link":"\/cs\/navigate\/how-to-manage-waste-in-venice","target":"","active":1,"current":1,"spacer":0,"hasSubpages":0}],"appearance":{"layout":"layout-1","backendLayout":"subpage"},"content":{"colPos110":[{"id":9406,"type":"html","colPos":110,"categories":"","appearance":{"layout":"default","frameClass":"default","spaceBefore":"","spaceAfter":""},"content":{"header":"","bodytext":"<div data-tiqets-widget=\"availability\" data-layout=\"compact\" data-orientation=\"vertical\" data-product-id=\"1013980\" data-currency=\"EUR\" data-partner=\"venice-tickets\" data-tq-campaign=\"venice_manage_waste\"><\/div>"}},{"id":9695,"type":"html","colPos":110,"categories":"","appearance":{"layout":"default","frameClass":"default","spaceBefore":"","spaceAfter":""},"content":{"header":"","bodytext":"<script async src=\"https:\/\/pagead2.googlesyndication.com\/pagead\/js\/adsbygoogle.js?client=ca-pub-1040989709317155\"\r\n     crossorigin=\"anonymous\"><\/script>\r\n<ins class=\"adsbygoogle\"\r\n     style=\"display:block\"\r\n     data-ad-format=\"fluid\"\r\n     data-ad-layout-key=\"-hh-7+2h-1m-4u\"\r\n     data-ad-client=\"ca-pub-1040989709317155\"\r\n     data-ad-slot=\"6592320004\"><\/ins>\r\n<script>\r\n     (adsbygoogle = window.adsbygoogle || []).push({});\r\n<\/script>"}},{"id":9405,"type":"html","colPos":110,"categories":"","appearance":{"layout":"default","frameClass":"default","spaceBefore":"","spaceAfter":""},"content":{"header":"","bodytext":"<div data-gyg-href=\"https:\/\/widget.getyourguide.com\/default\/availability.frame\" data-gyg-tour-id=\"234117\" data-gyg-locale-code=\"cs-CZ\" data-gyg-currency=\"EUR\" data-gyg-widget=\"availability\" data-gyg-variant=\"horizontal\" data-gyg-partner-id=\"NWNDQWO\" data-gyg-cmp=\"Doge's_palace_entry_ticket\"><\/div>"}},{"id":7996,"type":"html","colPos":110,"categories":"","appearance":{"layout":"default","frameClass":"default","spaceBefore":"","spaceAfter":""},"content":{"header":"","bodytext":"<div data-tiqets-widget=\"availability\" data-layout=\"compact\" data-orientation=\"vertical\" data-product-id=\"974328\" data-currency=\"EUR\" data-partner=\"venice-tickets\" data-tq-campaign=\"venice_manage_waste\"><\/div> "}},{"id":9940,"type":"html","colPos":110,"categories":"","appearance":{"layout":"default","frameClass":"default","spaceBefore":"","spaceAfter":""},"content":{"header":"","bodytext":"<div data-gyg-widget=\"auto\" data-gyg-partner-id=\"NWNDQWO\" data-gyg-cmp=\"auto-recommendation\"><\/div>"}}],"colPos2":[{"id":6538,"type":"textpic","colPos":2,"categories":"","appearance":{"layout":"default","frameClass":"indent","spaceBefore":"large","spaceAfter":"medium"},"content":{"header":"","subheader":"","headerLayout":0,"headerPosition":"","headerLink":"","enlargeImageOnClick":false,"bodytext":"<p>Ben\u00e1tky jsou jednou z nejvyhled\u00e1van\u011bj\u0161\u00edch destinac\u00ed na sv\u011bt\u011b. Za svou proslulou kr\u00e1su a jedine\u010dnost vd\u011b\u010d\u00ed Ben\u00e1tky p\u0159edev\u0161\u00edm vodn\u00edm kan\u00e1l\u016fm, historii a architektu\u0159e. Pro ochranu a zachov\u00e1n\u00ed tak v\u00fdjime\u010dn\u00e9ho m\u011bsta je z\u00e1sadn\u00ed udr\u017eiteln\u00e9 cestov\u00e1n\u00ed. P\u0159i cestov\u00e1n\u00ed do Ben\u00e1tek dbejte na nakl\u00e1d\u00e1n\u00ed s odpady. Pom\u016f\u017ee to v\u00e1m, ostatn\u00edm cestovatel\u016fm i Ben\u00e1t\u010dan\u016fm, abyste se z m\u011bsta a jeho \u010dist\u00e9ho prost\u0159ed\u00ed mohli t\u011b\u0161it po dlouhou dobu. Pono\u0159te se do na\u0161eho \u010dl\u00e1nku, kter\u00fd v\u00e1m odpov\u00ed na v\u0161echny ot\u00e1zky t\u00fdkaj\u00edc\u00ed se nakl\u00e1d\u00e1n\u00ed s odpady v Ben\u00e1tk\u00e1ch!<\/p><blockquote><p>N\u00e1m\u011bst\u00ed svat\u00e9ho Marka neboli Piazza San Marco je jedn\u00edm z nejkr\u00e1sn\u011bj\u0161\u00edch architektonick\u00fdch komplex\u016f na sv\u011bt\u011b a pravd\u011bpodobn\u011b jedn\u00edm z <a href=\"\/cs\/explore\/the-best-of-venice\"><strong>nejlep\u0161\u00edch v Ben\u00e1tk\u00e1ch<\/strong><\/a>...<\/p><\/blockquote><h2>Kdy byste se m\u011bli starat o odpad v Ben\u00e1tk\u00e1ch<\/h2>\n<p>Pokud jste ubytov\u00e1ni v hotelu, o va\u0161e odpadky se s nejv\u011bt\u0161\u00ed pravd\u011bpodobnost\u00ed postar\u00e1 person\u00e1l. Pokud jste v\u0161ak ubytov\u00e1ni v apartm\u00e1nu nebo v Airbnb, budete muset s odpadem nakl\u00e1dat sami. Postup v\u011bt\u0161inou z\u00e1vis\u00ed na typu a um\u00edst\u011bn\u00ed va\u0161eho pron\u00e1jmu a na dohod\u011b s pronaj\u00edmatelem. Aby byly Ben\u00e1tky \u010dist\u00e9 a atraktivn\u00ed, m\u011bli byste tak\u00e9 myslet na odpad, kter\u00fd vyprodukujete p\u0159i toulk\u00e1ch ulicemi m\u011bsta. Nezapome\u0148te, \u017ee pravidla se v r\u016fzn\u00fdch <a href=\"https:\/\/venicexplorer.com\/the-city\/geography-of-venice\" target=\"_blank\" rel=\"noreferrer\">\u010dtvrt\u00edch Ben\u00e1tek<\/a> li\u0161\u00ed. Co plat\u00ed pro centrum Ben\u00e1tek a <a href=\"https:\/\/venicexplorer.com\/explore\/off-the-beaten-track-in-venice\/giudecca\" target=\"_blank\" rel=\"noreferrer\">Giudeccu<\/a>, nemus\u00ed platit pro <a href=\"https:\/\/venicexplorer.com\/explore\/off-the-beaten-track-in-venice\/murano-and-its-glassworks\" target=\"_blank\" rel=\"noreferrer\">Murano<\/a>, <a href=\"https:\/\/venicexplorer.com\/explore\/off-the-beaten-track-in-venice\/burano-and-its-lace\" target=\"_blank\" rel=\"noreferrer\">Burano<\/a>, <a href=\"https:\/\/venicexplorer.com\/explore\/off-the-beaten-track-in-venice\/venetian-lido\" target=\"_blank\" rel=\"noreferrer\">Lido<\/a> nebo <a href=\"https:\/\/venicexplorer.com\/explore\/off-the-beaten-track-in-venice\/venice-mestre\" target=\"_blank\" rel=\"noreferrer\">Mestre<\/a>. Va\u0161e drobn\u00e1 ka\u017edodenn\u00ed pomoc m\u00e1 v\u011bt\u0161\u00ed v\u00fdznam, ne\u017e si mysl\u00edte. Pokud se rozhodnete nedodr\u017eovat p\u0159edpisy, pokuty za nespr\u00e1vn\u00e9 nakl\u00e1d\u00e1n\u00ed s odpadem za\u010d\u00ednaj\u00ed na 167 eurech.<\/p><blockquote><p>Ben\u00e1tky jsou z hlediska hotelov\u00e9 logistiky velmi specifick\u00fdm m\u011bstem. Tento \u010dl\u00e1nek Pr\u016fvodce <a href=\"\/cs\/the-city\/explore-venice\/venice-hotels\"><strong>hotely v Ben\u00e1tk\u00e1ch<\/strong><\/a> v\u00e1m poskytne p\u0159edstavu o v\u0161ech typech ubytov\u00e1n\u00ed, kter\u00e9 jsou v Ben\u00e1tk\u00e1ch k dispozici.<\/p><\/blockquote>","gallery":{"position":{"horizontal":"center","vertical":"above","noWrap":false},"width":600,"count":{"files":0,"columns":1,"rows":0},"columnSpacing":10,"border":{"enabled":false,"width":2,"padding":0},"rows":[]}}},{"id":9696,"type":"html","colPos":2,"categories":"","appearance":{"layout":"default","frameClass":"default","spaceBefore":"","spaceAfter":""},"content":{"header":"","bodytext":"<div data-tiqets-widget=\"discovery\" data-cards-layout=\"horizontal\" data-content-type=\"product\" data-content-ids=\"974345\" data-currency=\"EUR\" data-partner=\"venice-tickets\"><\/div>"}},{"id":8019,"type":"textpic","colPos":2,"categories":"","appearance":{"layout":"default","frameClass":"default","spaceBefore":"","spaceAfter":""},"content":{"header":"","subheader":"","headerLayout":0,"headerPosition":"","headerLink":"","enlargeImageOnClick":false,"bodytext":"<h2>Jak nakl\u00e1dat s odpady v Ben\u00e1tk\u00e1ch ?&nbsp;<\/h2>\n<p>V n\u011bkter\u00fdch evropsk\u00fdch destinac\u00edch, jako je nap\u0159\u00edklad Brusel, m\u016f\u017eete pytle s odpadky polo\u017eit na ulici p\u0159ed sv\u00e9 bydli\u0161t\u011b. V Ben\u00e1tk\u00e1ch to v\u0161ak neplat\u00ed. Pokud bydl\u00edte v pronajat\u00e9m byt\u011b, m\u00e1te k dispozici dv\u011b mo\u017enosti.&nbsp;<\/p>\n<p>V dob\u011b od 6:30 do 8:30 m\u016f\u017eete odpadky odn\u00e9st na sb\u011brn\u00e1 m\u00edsta. Takov\u00e1 m\u00edsta najdete po cel\u00e9m m\u011bst\u011b, obvykle v bl\u00edzkosti kan\u00e1l\u016f. Vyu\u017eijte na\u0161i interaktivn\u00ed <a href=\"https:\/\/venicexplorer.com\/\" target=\"_blank\" rel=\"noreferrer\">mapu Ben\u00e1tek<\/a> a sb\u011brn\u00e1 m\u00edsta rychle najd\u011bte. Dal\u0161\u00ed mo\u017enost\u00ed je po\u010dkat na osobu, kter\u00e1 chod\u00ed od domu k domu a sb\u00edr\u00e1 odpadky. Obvykle chod\u00ed od 8:30 do 12:00 hodin. Po\u017e\u00e1dejte spr\u00e1vce nemovitosti nebo pronaj\u00edmatele, aby v\u00e1m sd\u011blil p\u0159ibli\u017en\u00fd \u010das jejich p\u0159\u00edjezdu. Druh\u00e1 mo\u017enost je vynikaj\u00edc\u00ed v\u00fdhodou pro m\u00e9n\u011b mobiln\u00ed cestuj\u00edc\u00ed.&nbsp;<\/p><blockquote><p>Ben\u00e1tky v It\u00e1lii jsou n\u00e1dhern\u00fdm m\u011bstem a jedn\u00edm z nejlep\u0161\u00edch m\u00edst na seznamu ka\u017ed\u00e9ho cestovatele. Je to hlavn\u00ed m\u011bsto regionu Ben\u00e1tsko ..........<a href=\"\/cs\/mesto\/odhalene-benatky\"><strong>v\u00edce o Ben\u00e1tk\u00e1ch<\/strong><\/a><\/p><\/blockquote><h2>Jak recyklovat odpad v Ben\u00e1tk\u00e1ch?<\/h2>\n<p>Stejn\u011b jako kdekoli jinde byste m\u011bli i v Ben\u00e1tk\u00e1ch recyklovat odpadky. Neh\u00e1zejte pros\u00edm v\u0161e do jednoho ko\u0161e. V Ben\u00e1tk\u00e1ch se pod pojmem \"rifiuto residuo\" rozum\u00ed organick\u00fd odpad, kter\u00fd poch\u00e1z\u00ed p\u0159edev\u0161\u00edm z kuchyn\u011b. Zbytek je ur\u010den k recyklaci podle pravidel m\u011bsta. Spole\u010dnost Veritas sv\u00e1\u017e\u00ed organick\u00fd odpad denn\u011b krom\u011b ned\u011bl\u00ed a <a href=\"https:\/\/venicexplorer.com\/the-city\/venice-culture\/annual-events\" target=\"_blank\" rel=\"noreferrer\">sv\u00e1tk\u016f<\/a>. R\u016fzn\u00e9 druhy recyklovateln\u00e9ho odpadu se sb\u00edraj\u00ed v r\u016fzn\u00e9 dny (viz rozpis n\u00ed\u017ee).&nbsp;<\/p>\n<p>P\u0159i p\u0159ihla\u0161ov\u00e1n\u00ed do pron\u00e1jmu se ujist\u011bte, \u017ee jsou v\u00e1m jasn\u00e1 o\u010dek\u00e1v\u00e1n\u00ed ohledn\u011b nakl\u00e1d\u00e1n\u00ed s odpady. Mohou v\u00e1s nap\u0159\u00edklad po\u017e\u00e1dat, abyste odvezli zbytkov\u00fd odpad a zbytek p\u0159enechali \u00faklidov\u00e9 \u010det\u011b. Nebo v\u00e1s mohou po\u017e\u00e1dat, abyste se na konci pobytu postarali o ve\u0161ker\u00fd odpad, v\u010detn\u011b recyklovateln\u00e9ho.&nbsp;<\/p>","gallery":{"position":{"horizontal":"center","vertical":"above","noWrap":false},"width":600,"count":{"files":0,"columns":1,"rows":0},"columnSpacing":10,"border":{"enabled":false,"width":2,"padding":0},"rows":[]}}},{"id":9697,"type":"html","colPos":2,"categories":"","appearance":{"layout":"default","frameClass":"default","spaceBefore":"","spaceAfter":""},"content":{"header":"","bodytext":"<div data-gyg-href=\"https:\/\/widget.getyourguide.com\/default\/activities.frame\" data-gyg-locale-code=\"en-US\" data-gyg-widget=\"activities\" data-gyg-number-of-items=\"3\" data-gyg-partner-id=\"NWNDQWO\" data-gyg-tour-ids=\"184334,451258,6853\"><\/div>"}},{"id":9210,"type":"textpic","colPos":2,"categories":"","appearance":{"layout":"default","frameClass":"default","spaceBefore":"","spaceAfter":""},"content":{"header":"","subheader":"","headerLayout":0,"headerPosition":"","headerLink":"","enlargeImageOnClick":false,"bodytext":"<h2>Harmonogram svozu odpadu v Ben\u00e1tk\u00e1ch<\/h2>\n<p><strong>Pond\u011bl\u00ed a\u017e sobota, 6:30 - 8:30 hodin<\/strong> - organick\u00fd nebo zbytkov\u00fd odpad<\/p>\n<p><strong>Pond\u011bl\u00ed, st\u0159eda a p\u00e1tek, 6:30 - 8:30 hodin<\/strong> - pap\u00edr, lepenka, noviny a Tetra Pak.<\/p>\n<p><strong>\u00daterky, \u010dtvrtky a soboty, 6:30 - 8:30 hodin<\/strong> - sklo, plasty a plechovky.<\/p><blockquote><p>Ben\u00e1tky jsou jedine\u010dnou cestovn\u00ed destinac\u00ed. Mnoho cestovatel\u016f m\u00e1 toto kr\u00e1sn\u00e9 m\u011bsto na sv\u00e9m cestovatelsk\u00e9m seznamu, pod\u00edvejte se na \u010dl\u00e1nek <a href=\"\/cs\/mesto\/navigace-na-strankach\/co-si-vzit-s-sebou\"><strong>Kdy nav\u0161t\u00edvit Ben\u00e1tky a co si p\u0159iv\u00e9zt<\/strong><\/a>.....<\/p><\/blockquote><h2>Nadm\u011brn\u00fd nebo nebezpe\u010dn\u00fd odpad<\/h2>\n<p>Pokud se v Ben\u00e1tk\u00e1ch zdr\u017eujete del\u0161\u00ed dobu nebo zde dokonce pl\u00e1nujete bydlet, m\u011bli byste v\u011bd\u011bt, jak se postarat o nadrozm\u011brn\u00e9 nebo nebezpe\u010dn\u00e9 p\u0159edm\u011bty. Najd\u011bte si ekocentrum, kde nebezpe\u010dn\u00fd odpad, jako jsou pro\u0161l\u00e9 l\u00e9ky, oleje, baterie apod. zlikvidujete. V Ben\u00e1tk\u00e1ch je n\u011bkolik ekocenter, v\u0161echna najdete na map\u011b Ben\u00e1tek. Spole\u010dnost zab\u00fdvaj\u00edc\u00ed se nakl\u00e1d\u00e1n\u00edm s odpady m\u016f\u017ee po domluv\u011b odebrat objemn\u00fd odpad z dom\u00e1cnosti. Slu\u017eba je zdarma, pokud se jedn\u00e1 o p\u0159edm\u011bty do jednoho metru krychlov\u00e9ho. Pokud toto mno\u017estv\u00ed p\u0159ekro\u010d\u00edte, obsluha v\u00e1m poskytne odhad za likvidaci.<\/p>","gallery":{"position":{"horizontal":"center","vertical":"above","noWrap":false},"width":600,"count":{"files":0,"columns":1,"rows":0},"columnSpacing":10,"border":{"enabled":false,"width":2,"padding":0},"rows":[]}}}],"colPos200":[{"id":8020,"type":"html","colPos":200,"categories":"","appearance":{"layout":"default","frameClass":"default","spaceBefore":"","spaceAfter":""},"content":{"header":"","bodytext":"<div data-vi-partner-id=P00039620 data-vi-widget-ref=W-a147b50f-c8ea-4cb8-8d5b-5773d7647858 ><\/div>"}},{"id":9209,"type":"html","colPos":200,"categories":"","appearance":{"layout":"default","frameClass":"default","spaceBefore":"","spaceAfter":""},"content":{"header":"","bodytext":"<script async src=\"https:\/\/pagead2.googlesyndication.com\/pagead\/js\/adsbygoogle.js?client=ca-pub-1040989709317155\"\r\n     crossorigin=\"anonymous\"><\/script>\r\n<!-- vx-display-ad -->\r\n<ins class=\"adsbygoogle\"\r\n     style=\"display:block\"\r\n     data-ad-client=\"ca-pub-1040989709317155\"\r\n     data-ad-slot=\"6062932500\"\r\n     data-ad-format=\"auto\"\r\n     data-full-width-responsive=\"true\"><\/ins>\r\n<script>\r\n     (adsbygoogle = window.adsbygoogle || []).push({});\r\n<\/script>"}}],"colPos0":[{"id":1901,"type":"venice_banner_picture","colPos":0,"categories":"","appearance":{"layout":"default","frameClass":"default","spaceBefore":"","spaceAfter":""},"content":{"header":"Jak nakl\u00e1dat s odpady v Ben\u00e1tk\u00e1ch","subheader":"","headerLayout":0,"headerPosition":"","headerLink":"","media":[{"publicUrl":"https:\/\/cdn.venicexplorer.com\/fileadmin\/venice-images\/venice_waste_collection.jpg","properties":{"title":null,"alternative":"How to manage waste in Venice","description":null,"link":null,"linkData":null,"mimeType":"image\/jpeg","type":"image","filename":"venice_waste_collection.jpg","originalUrl":"https:\/\/cdn.venicexplorer.com\/fileadmin\/venice-images\/venice_waste_collection.jpg","uidLocal":773,"fileReferenceUid":282517,"size":"213 KB","dimensions":{"width":1024,"height":683},"cropDimensions":{"width":1024,"height":683},"crop":{"default":{"cropArea":{"x":0,"y":0,"width":1,"height":1},"selectedRatio":"NaN","focusArea":null}},"autoplay":null,"extension":"jpg"}}]}}]},"i18n":[{"languageId":0,"locale":"en_US.UTF-8","title":"English","navigationTitle":"English","twoLetterIsoCode":"en","hreflang":"en-us","direction":"ltr","flag":"flags-us","link":"\/navigate\/how-to-manage-waste-in-venice","active":0,"current":0,"available":1},{"languageId":1,"locale":"de_DE.UTF-8","title":"Deutch","navigationTitle":"Deutch","twoLetterIsoCode":"de","hreflang":"de-DE","direction":"ltr","flag":"flags-de","link":"\/de\/navigate\/how-to-manage-waste-in-venice","active":0,"current":0,"available":1},{"languageId":2,"locale":"it_IT.UTF-8","title":"Italian","navigationTitle":"Italian","twoLetterIsoCode":"it","hreflang":"it-IT","direction":"ltr","flag":"flags-it","link":"\/it\/navigate\/how-to-manage-waste-in-venice","active":0,"current":0,"available":1},{"languageId":3,"locale":"zh_CN.UTF-8","title":"Chinese","navigationTitle":"CN","twoLetterIsoCode":"zh","hreflang":"zh-CN","direction":"ltr","flag":"flags-cn","link":"\/zh\/navigate\/how-to-manage-waste-in-venice","active":0,"current":0,"available":1},{"languageId":5,"locale":"cs_CZ.UTF-8","title":"Czech","navigationTitle":"CZ","twoLetterIsoCode":"cs","hreflang":"cs-CZ","direction":"ltr","flag":"flags-cz","link":"\/cs\/navigate\/how-to-manage-waste-in-venice","active":1,"current":0,"available":1},{"languageId":4,"locale":"fr_FR.UTF-8","title":"French","navigationTitle":"fr","twoLetterIsoCode":"fr","hreflang":"fr-FR","direction":"ltr","flag":"flags-fr","link":"\/fr\/navigate\/how-to-manage-waste-in-venice","active":0,"current":0,"available":1},{"languageId":6,"locale":"ja_JP.UTF-8","title":"Japanese","navigationTitle":"JP","twoLetterIsoCode":"ja","hreflang":"ja-JP","direction":"ltr","flag":"flags-jp","link":"\/ja\/navigate\/how-to-manage-waste-in-venice","active":0,"current":0,"available":1},{"languageId":7,"locale":"pt_PT.UTF-8","title":"Portuguese","navigationTitle":"PT","twoLetterIsoCode":"pt","hreflang":"pt-PT","direction":"ltr","flag":"flags-pt","link":"\/pt\/navigate\/how-to-manage-waste-in-venice","active":0,"current":0,"available":1},{"languageId":9,"locale":"ru_RU.UTF-8","title":"Russian","navigationTitle":"RU","twoLetterIsoCode":"ru","hreflang":"ru-RU","direction":"ltr","flag":"flags-ru","link":"\/ru\/navigate\/how-to-manage-waste-in-venice","active":0,"current":0,"available":1},{"languageId":10,"locale":"sk_SK.UTF-8","title":"Slovak","navigationTitle":"Sk","twoLetterIsoCode":"sk","hreflang":"sk-SK","direction":"ltr","flag":"flags-sk","link":"\/sk\/navigate\/how-to-manage-waste-in-venice","active":0,"current":0,"available":1},{"languageId":8,"locale":"es_ES.UTF-8","title":"Spanish","navigationTitle":"ES","twoLetterIsoCode":"es","hreflang":"es-ES","direction":"ltr","flag":"flags-es","link":"\/es\/navigate\/how-to-manage-waste-in-venice","active":0,"current":0,"available":1},{"languageId":11,"locale":"ar_SA.UTF-8","title":"Arabic","navigationTitle":"\u0627\u0644\u0639\u0631\u0628\u064a\u0629","twoLetterIsoCode":"ar","hreflang":"ar_SA","direction":"rtl","flag":"flags-tn","link":"\/ar\/navigate\/how-to-manage-waste-in-venice","active":0,"current":0,"available":0},{"languageId":12,"locale":"hi_IN","title":"Hindi","navigationTitle":"\u0939\u093f\u0928\u094d\u0926\u0940","twoLetterIsoCode":"hi","hreflang":"hi_IN","direction":"ltr","flag":"flags-in","link":"\/hi\/navigate\/how-to-manage-waste-in-venice","active":0,"current":0,"available":0}],"title":"Jak nakl\u00e1dat s odpady v Ben\u00e1tk\u00e1ch","osmId":"","longitude":"0","latitude":"0","mobilePageType":"","schemaPageType":"WebPage","googleAnalyticsId":"G-RQ3LZE7DK1","picture":[],"searchbox":{"additionalFilters":[],"existingParameters":null,"pluginNamespace":"tx_solr","name":"q","value":null,"query":null,"searchUri":"\/cs\/navigate\/how-to-manage-waste-in-venice?type=7383","suggestUri":"\/cs\/navigate\/how-to-manage-waste-in-venice?type=7384"},"navigation":[{"title":"Home","link":"\/cs\/","target":"","active":1,"current":0,"spacer":0,"hasSubpages":1,"mobilePageType":"3","children":[{"title":"M\u011bsto","link":"\/cs\/mesto","target":"","active":1,"current":0,"spacer":0,"hasSubpages":1,"mobilePageType":"1","children":[{"title":"To nejlep\u0161\u00ed z Ben\u00e1tek","link":"\/cs\/explore\/the-best-of-venice","target":"","active":0,"current":0,"spacer":0,"hasSubpages":1,"mobilePageType":"4","children":[{"title":"N\u00e1m\u011bst\u00ed Svat\u00e9ho Marka","link":"\/cs\/explore\/the-best-of-venice\/piazza-san-marco","target":"","active":0,"current":0,"spacer":0,"hasSubpages":0,"mobilePageType":"4"},{"title":"Bazilika svat\u00e9ho Marka","link":"https:\/\/venicexplorer.com\/cs\/explore\/venice-churches\/st-marks-basilica\/","target":"","active":0,"current":0,"spacer":0,"hasSubpages":0,"mobilePageType":"4"},{"title":"D\u00f3\u017eec\u00ed pal\u00e1c","link":"https:\/\/venicexplorer.com\/cs\/explore\/venice-museums-galleries\/doges-palace\/","target":"","active":0,"current":0,"spacer":0,"hasSubpages":0,"mobilePageType":"4"},{"title":"Kampanila svat\u00e9ho Marka","link":"\/cs\/explore\/the-best-of-venice\/st-marks-campanile","target":"","active":0,"current":0,"spacer":0,"hasSubpages":0,"mobilePageType":"4"},{"title":"Scuola Grande di San Rocco","link":"\/cs\/explore\/the-best-of-venice\/scuola-grande-di-san-rocco","target":"","active":0,"current":0,"spacer":0,"hasSubpages":0,"mobilePageType":"4"},{"title":"Most Rialto","link":"\/cs\/explore\/the-best-of-venice\/ponte-di-rialto","target":"","active":0,"current":0,"spacer":0,"hasSubpages":0,"mobilePageType":"4"},{"title":"Santa Maria della Sallute","link":"https:\/\/venicexplorer.com\/explore\/venice-churches\/santa-maria-della-salute\/","target":"","active":0,"current":0,"spacer":0,"hasSubpages":0,"mobilePageType":"4"},{"title":"Velk\u00fd kan\u00e1l","link":"\/cs\/explore\/the-best-of-venice\/grand-canal","target":"","active":0,"current":0,"spacer":0,"hasSubpages":0,"mobilePageType":"4"},{"title":"Most vzdech\u016f","link":"\/cs\/explore\/the-best-of-venice\/bridge-of-sighs","target":"","active":0,"current":0,"spacer":0,"hasSubpages":0,"mobilePageType":"4"},{"title":"N\u00e1rodn\u00ed knihovna Marciana","link":"\/cs\/explore\/the-best-of-venice\/marciana-national-library","target":"","active":0,"current":0,"spacer":0,"hasSubpages":0,"mobilePageType":"4"},{"title":"Kostel San Polo","link":"https:\/\/venicexplorer.com\/cs\/explore\/venice-churches\/chiesa-di-san-polo\/","target":"","active":0,"current":0,"spacer":0,"hasSubpages":0,"mobilePageType":"4"},{"title":"Redentore","link":"https:\/\/venicexplorer.com\/cs\/explore\/venice-churches\/the-redentore\/","target":"","active":0,"current":0,"spacer":0,"hasSubpages":0,"mobilePageType":"4"},{"title":"Zattere","link":"\/cs\/explore\/the-best-of-venice\/zattere","target":"","active":0,"current":0,"spacer":0,"hasSubpages":0,"mobilePageType":"4"},{"title":"Ben\u00e1tsk\u00e1 laguna","link":"\/cs\/explore\/the-best-of-venice\/the-venetian-lagoon","target":"","active":0,"current":0,"spacer":0,"hasSubpages":0,"mobilePageType":"4"},{"title":"Ben\u00e1tsk\u00e9 bien\u00e1le","link":"\/cs\/mesto\/venice-annual-events\/the-venice-biennale","target":"","active":0,"current":0,"spacer":0,"hasSubpages":0,"mobilePageType":"4"},{"title":"Gondoly","link":"\/cs\/explore\/the-best-of-venice\/gondolas","target":"","active":0,"current":0,"spacer":0,"hasSubpages":0,"mobilePageType":"4"},{"title":"Ben\u00e1tsk\u00fd karneval","link":"\/cs\/mesto\/venice-annual-events\/venice-carnival","target":"","active":0,"current":0,"spacer":0,"hasSubpages":0,"mobilePageType":"4"},{"title":"Hitorick\u00e9 regaty","link":"\/cs\/mesto\/venice-annual-events\/regata-storica","target":"","active":0,"current":0,"spacer":0,"hasSubpages":0,"mobilePageType":"4"},{"title":"Vogalonga","link":"\/cs\/mesto\/venice-annual-events\/vogalonga","target":"","active":0,"current":0,"spacer":0,"hasSubpages":0,"mobilePageType":"4"},{"title":"Ben\u00e1tsk\u00fd arzen\u00e1l","link":"\/cs\/explore\/the-best-of-venice\/the-arsenal-of-venice","target":"","active":0,"current":0,"spacer":0,"hasSubpages":0,"mobilePageType":"4"},{"title":"Maratony v lagun\u011b","link":"\/cs\/explore\/the-best-of-venice\/the-lagoon-marathon","target":"","active":0,"current":0,"spacer":0,"hasSubpages":0,"mobilePageType":"4"}]},{"title":"Odhalen\u00e9 Ben\u00e1tky","link":"\/cs\/mesto\/odhalene-benatky","target":"","active":0,"current":0,"spacer":0,"hasSubpages":1,"mobilePageType":"4","children":[{"title":"Short History of Venice","link":"\/cs\/the-city\/venice-uncovered\/short-history-of-venice","target":"","active":0,"current":0,"spacer":0,"hasSubpages":0,"mobilePageType":"4"},{"title":"V\u0161e o Ben\u00e1tk\u00e1ch","link":"\/cs\/mesto\/odhalene-benatky\/vse-o-benatkach","target":"","active":0,"current":0,"spacer":0,"hasSubpages":0,"mobilePageType":"4"},{"title":"Almanac of Venice History","link":"\/cs\/the-city\/venice-uncovered\/almanac-of-venice-history","target":"","active":0,"current":0,"spacer":0,"hasSubpages":0,"mobilePageType":"4"},{"title":"Ka\u017edoro\u010dn\u00ed  akce v Ben\u00e1tk\u00e1ch","link":"\/cs\/mesto\/venice-annual-events","target":"","active":0,"current":0,"spacer":0,"hasSubpages":1,"mobilePageType":"4","children":[{"title":"Ben\u00e1tsk\u00fd karneval","link":"\/cs\/mesto\/venice-annual-events\/venice-carnival","target":"","active":0,"current":0,"spacer":0,"hasSubpages":0,"mobilePageType":"4"},{"title":"Historick\u00e1 Regata","link":"\/cs\/mesto\/venice-annual-events\/regata-storica","target":"","active":0,"current":0,"spacer":0,"hasSubpages":0,"mobilePageType":"4"},{"title":"Vogalonga","link":"\/cs\/mesto\/venice-annual-events\/vogalonga","target":"","active":0,"current":0,"spacer":0,"hasSubpages":0,"mobilePageType":"4"},{"title":"Mezin\u00e1rodn\u00ed filmov\u00fd festival v Ben\u00e1tk\u00e1ch","link":"\/cs\/mesto\/venice-annual-events\/venice-international-film-festival","target":"","active":0,"current":0,"spacer":0,"hasSubpages":0,"mobilePageType":"4"},{"title":"Ben\u00e1tsk\u00e9 Bien\u00e1le","link":"\/cs\/mesto\/venice-annual-events\/the-venice-biennale","target":"","active":0,"current":0,"spacer":0,"hasSubpages":0,"mobilePageType":"4"},{"title":"Su e Zo per I Ponti","link":"\/cs\/mesto\/venice-annual-events\/su-e-zo-per-i-ponti","target":"","active":0,"current":0,"spacer":0,"hasSubpages":0,"mobilePageType":"4"},{"title":"Festa Della Sensa","link":"\/cs\/mesto\/venice-annual-events\/festa-della-sensa","target":"","active":0,"current":0,"spacer":0,"hasSubpages":0,"mobilePageType":"4"},{"title":"Sagra di Sant\u2019Antonio","link":"\/cs\/mesto\/venice-annual-events\/sagra-di-sant-antonio","target":"","active":0,"current":0,"spacer":0,"hasSubpages":0,"mobilePageType":"4"},{"title":"Festa della Salute","link":"\/cs\/mesto\/venice-annual-events\/festa-della-salute","target":"","active":0,"current":0,"spacer":0,"hasSubpages":0,"mobilePageType":"4"},{"title":"Festa del Redentore","link":"\/cs\/mesto\/venice-annual-events\/festa-del-redentore","target":"","active":0,"current":0,"spacer":0,"hasSubpages":0,"mobilePageType":"4"},{"title":"Festa di San Marco","link":"\/cs\/mesto\/venice-annual-events\/festa-di-san-marco","target":"","active":0,"current":0,"spacer":0,"hasSubpages":0,"mobilePageType":"4"},{"title":"Festa di Santi Pietro e Paolo","link":"\/cs\/mesto\/venice-annual-events\/festa-di-santi-pietro-e-paolo","target":"","active":0,"current":0,"spacer":0,"hasSubpages":0,"mobilePageType":"4"},{"title":"Festa di San Martino","link":"\/cs\/mesto\/venice-annual-events\/festa-di-san-martino","target":"","active":0,"current":0,"spacer":0,"hasSubpages":0,"mobilePageType":"4"},{"title":"Zioba Grasso","link":"\/cs\/mesto\/venice-annual-events\/zioba-grasso","target":"","active":0,"current":0,"spacer":0,"hasSubpages":0,"mobilePageType":"4"},{"title":"Sv\u00e1tek Mari\u00ed","link":"\/cs\/mesto\/venice-annual-events\/festa-delle-marie","target":"","active":0,"current":0,"spacer":0,"hasSubpages":0,"mobilePageType":"4"},{"title":"Ben\u00e1tsk\u00fd maraton","link":"\/cs\/mesto\/venice-annual-events\/the-venice-marathon","target":"","active":0,"current":0,"spacer":0,"hasSubpages":0,"mobilePageType":"4"},{"title":"P\u016flmaraton Jesolo Moonlight","link":"\/cs\/mesto\/venice-annual-events\/jesolo-moonlight-half-marathon","target":"","active":0,"current":0,"spacer":0,"hasSubpages":0,"mobilePageType":"4"},{"title":"No\u010dn\u00ed stezka v Ben\u00e1tk\u00e1ch","link":"\/cs\/mesto\/venice-annual-events\/venice-night-trail","target":"","active":0,"current":0,"spacer":0,"hasSubpages":0,"mobilePageType":"4"}]},{"title":"Ben\u00e1tsk\u00e9 Recepty","link":"\/cs\/mesto\/venetian-recipes","target":"","active":0,"current":0,"spacer":0,"hasSubpages":1,"mobilePageType":"4","children":[{"title":"R\u00fd\u017ee a hr\u00e1ch (Risi e Bisi)","link":"\/cs\/mesto\/venetian-recipes\/risi-e-bisi","target":"","active":0,"current":0,"spacer":0,"hasSubpages":0,"mobilePageType":"4"},{"title":"Fig a la Venessiana","link":"\/cs\/mesto\/venetian-recipes\/fegato-alla-veneziana","target":"","active":0,"current":0,"spacer":0,"hasSubpages":0,"mobilePageType":"4"},{"title":"Sma\u017een\u00e9 kr\u00e9my","link":"\/cs\/mesto\/venetian-recipes\/crema-fritte","target":"","active":0,"current":0,"spacer":0,"hasSubpages":0,"mobilePageType":"4"},{"title":"N\u00e1soben\u00e9 lilky","link":"\/cs\/mesto\/venetian-recipes\/moltiplicati-melanzane","target":"","active":0,"current":0,"spacer":0,"hasSubpages":0,"mobilePageType":"4"},{"title":"Pala\u010dinky od Toni Trolese","link":"\/cs\/mesto\/venetian-recipes\/frittelle-di-toni-trolese","target":"","active":0,"current":0,"spacer":0,"hasSubpages":0,"mobilePageType":"4"},{"title":"Sard\u00e8 in Sa\u00f2r","link":"\/cs\/mesto\/venetian-recipes\/sarde-in-saor","target":"","active":0,"current":0,"spacer":0,"hasSubpages":0,"mobilePageType":"4"},{"title":"Caramel Sauce","link":"\/cs\/mesto\/venetian-recipes\/caramel-sauce","target":"","active":0,"current":0,"spacer":0,"hasSubpages":0,"mobilePageType":"4"},{"title":"Pera al Forno e Biscotti Tavern","link":"\/cs\/mesto\/venetian-recipes\/pera-al-forno-e-biscotti-tavern","target":"","active":0,"current":0,"spacer":0,"hasSubpages":0,"mobilePageType":"4"},{"title":"Pane di Sapa","link":"\/cs\/mesto\/venetian-recipes\/pane-di-sapa","target":"","active":0,"current":0,"spacer":0,"hasSubpages":0,"mobilePageType":"4"},{"title":"Cuttles in Casseruola con il Loro Inchiostro","link":"\/cs\/mesto\/venetian-recipes\/cuttles-in-casseruola-con-il-loro-inchiostro","target":"","active":0,"current":0,"spacer":0,"hasSubpages":0,"mobilePageType":"4"},{"title":"il Baicoli","link":"\/cs\/mesto\/venetian-recipes\/il-baicoli","target":"","active":0,"current":0,"spacer":0,"hasSubpages":0,"mobilePageType":"4"},{"title":"Roditrici Tavern a Venezia","link":"\/cs\/mesto\/venetian-recipes\/cicchetti-veneziani","target":"","active":0,"current":0,"spacer":0,"hasSubpages":0,"mobilePageType":"4"}]},{"title":"Hudba a koncerty v Ben\u00e1tk\u00e1ch","link":"\/cs\/mesto\/music-and-concerts-in-venice","target":"","active":0,"current":0,"spacer":0,"hasSubpages":0,"mobilePageType":"4"},{"title":"Filmy nato\u010den\u00e9 v Ben\u00e1tk\u00e1ch","link":"\/cs\/explore\/films-shot-in-venice","target":"","active":0,"current":0,"spacer":0,"hasSubpages":0,"mobilePageType":"4"}]},{"title":"eXplore Ben\u00e1tky","link":"\/cs\/mesto\/explore-benatky","target":"","active":0,"current":0,"spacer":0,"hasSubpages":1,"mobilePageType":"1","children":[{"title":"Mapa Ben\u00e1tek","link":"\/cs\/","target":"","active":0,"current":0,"spacer":0,"hasSubpages":0,"mobilePageType":"3"},{"title":"Muzea a galerie v Ben\u00e1tk\u00e1ch","link":"\/cs\/mesto\/explore-benatky\/venice-museums-galleries","target":"","active":0,"current":0,"spacer":0,"hasSubpages":0,"mobilePageType":"1"},{"title":"Divadla","link":"\/cs\/mesto\/explore-benatky\/venice-theatres","target":"","active":0,"current":0,"spacer":0,"hasSubpages":0,"mobilePageType":"1"},{"title":"Kostely v Ben\u00e1tk\u00e1ch","link":"\/cs\/mesto\/explore-benatky\/venice-churches","target":"","active":0,"current":0,"spacer":0,"hasSubpages":0,"mobilePageType":"1"},{"title":"Sestieri","link":"\/cs\/mesto\/sestieri","target":"","active":0,"current":0,"spacer":0,"hasSubpages":1,"mobilePageType":"4","children":[{"title":"San Marco","link":"\/cs\/mesto\/sestieri\/san-marco","target":"","active":0,"current":0,"spacer":0,"hasSubpages":0,"mobilePageType":"4"},{"title":"San Polo","link":"\/cs\/mesto\/sestieri\/san-polo","target":"","active":0,"current":0,"spacer":0,"hasSubpages":0,"mobilePageType":"4"},{"title":"Santa Croce","link":"\/cs\/mesto\/sestieri\/santa-croce","target":"","active":0,"current":0,"spacer":0,"hasSubpages":0,"mobilePageType":"4"},{"title":"Castello","link":"\/cs\/mesto\/sestieri\/castello","target":"","active":0,"current":0,"spacer":0,"hasSubpages":0,"mobilePageType":"4"},{"title":"Dorsoduro","link":"\/cs\/mesto\/sestieri\/dorsoduro","target":"","active":0,"current":0,"spacer":0,"hasSubpages":0,"mobilePageType":"4"},{"title":"Cannaregio","link":"\/cs\/mesto\/sestieri\/cannaregio","target":"","active":0,"current":0,"spacer":0,"hasSubpages":0,"mobilePageType":"4"}]},{"title":"Hotels in Venice","link":"\/cs\/the-city\/explore-venice\/venice-hotels","target":"","active":0,"current":0,"spacer":0,"hasSubpages":0,"mobilePageType":"4"},{"title":"Nakupov\u00e1n\u00ed v Ben\u00e1tk\u00e1ch","link":"\/cs\/mesto\/shopping-in-venice","target":"","active":0,"current":0,"spacer":0,"hasSubpages":1,"mobilePageType":"4","children":[{"title":"Nakupov\u00e1n\u00ed v Ben\u00e1tk\u00e1ch, Obecn\u00e9 Informace","link":"\/cs\/mesto\/shopping-in-venice\/shopping-in-venice-general-information","target":"","active":0,"current":0,"spacer":0,"hasSubpages":0,"mobilePageType":"4"},{"title":"M\u00f3da a dopl\u0148ky","link":"\/cs\/mesto\/shopping-in-venice\/fashion-and-accessories","target":"","active":0,"current":0,"spacer":0,"hasSubpages":0,"mobilePageType":"4"},{"title":"Design interi\u00e9ru a tkaniny","link":"\/cs\/mesto\/shopping-in-venice\/fabrics-and-interior-design","target":"","active":0,"current":0,"spacer":0,"hasSubpages":0,"mobilePageType":"4"},{"title":"Masky a kost\u00fdmy","link":"\/cs\/mesto\/shopping-in-venice\/masks-and-costumes","target":"","active":0,"current":0,"spacer":0,"hasSubpages":0,"mobilePageType":"4"},{"title":"Sklo","link":"\/cs\/mesto\/shopping-in-venice\/glass","target":"","active":0,"current":0,"spacer":0,"hasSubpages":0,"mobilePageType":"4"},{"title":"\u0160perky","link":"\/cs\/mesto\/shopping-in-venice\/jewellery","target":"","active":0,"current":0,"spacer":0,"hasSubpages":0,"mobilePageType":"4"},{"title":"Knihy a d\u00e1rky","link":"\/cs\/mesto\/shopping-in-venice\/books-and-gifts","target":"","active":0,"current":0,"spacer":0,"hasSubpages":0,"mobilePageType":"4"},{"title":"Trhy a obchody s potravinami","link":"\/cs\/mesto\/shopping-in-venice\/markets-and-food-shops","target":"","active":0,"current":0,"spacer":0,"hasSubpages":0,"mobilePageType":"4"},{"title":"Trh Rialto a Pescheria","link":"\/cs\/mesto\/shopping-in-venice\/rialto-market-and-the-pescheria","target":"","active":0,"current":0,"spacer":0,"hasSubpages":0,"mobilePageType":"4"},{"title":"Jednotliv\u00e9 turistick\u00e9 slu\u017eby, kter\u00e9 maj\u00ed b\u00fdt zakoupeny","link":"\/cs\/mesto\/shopping-in-venice\/single-tourist-services-to-be-purchased","target":"","active":0,"current":0,"spacer":0,"hasSubpages":0,"mobilePageType":"4"}]},{"title":"Mimo vy\u0161lapan\u00e9 cesty","link":"\/cs\/mesto\/explore-benatky\/off-the-beaten-track-in-venice","target":"","active":0,"current":0,"spacer":0,"hasSubpages":0,"mobilePageType":"4"},{"title":"Venice Surroundings","link":"\/cs\/the-city\/explore-venice\/islands-of-venice\/default-title","target":"","active":0,"current":0,"spacer":0,"hasSubpages":0,"mobilePageType":"1"}]},{"title":"Navigace na str\u00e1nk\u00e1ch","link":"\/cs\/mesto\/navigace-na-strankach","target":"","active":0,"current":0,"spacer":0,"hasSubpages":1,"mobilePageType":"1","children":[{"title":"Itiner\u00e1\u0159e","link":"\/cs\/mesto\/navigace-na-strankach\/itinerare","target":"","active":0,"current":0,"spacer":0,"hasSubpages":1,"mobilePageType":"1","children":[{"title":"Celodenn\u00ed itiner\u00e1\u0159 San Marco","link":"\/cs\/mesto\/navigace-na-strankach\/itinerare\/san-marco-fullday-itinerary","target":"","active":0,"current":0,"spacer":0,"hasSubpages":0,"mobilePageType":"4"},{"title":"San Marco a Castello Itiner\u00e1\u0159","link":"\/cs\/mesto\/navigace-na-strankach\/itinerare\/san-marco-and-castello-itinerary","target":"","active":0,"current":0,"spacer":0,"hasSubpages":0,"mobilePageType":"4"},{"title":"San Polo a Dorsoduro","link":"\/cs\/mesto\/navigace-na-strankach\/itinerare\/san-polo-and-dorsoduro","target":"","active":0,"current":0,"spacer":0,"hasSubpages":0,"mobilePageType":"4"},{"title":"Ghetto, Cannaregio a Castello","link":"\/cs\/mesto\/navigace-na-strankach\/itinerare\/the-ghetto-cannaregio-and-castello","target":"","active":0,"current":0,"spacer":0,"hasSubpages":0,"mobilePageType":"4"},{"title":"Itiner\u00e1\u0159 Giudecca a San Giorgio Maggiore","link":"\/cs\/mesto\/navigace-na-strankach\/itinerare\/giudecca-and-san-giorgio-maggiore-itinerary","target":"","active":0,"current":0,"spacer":0,"hasSubpages":0,"mobilePageType":"4"},{"title":"Itinerario de Murano","link":"\/cs\/mesto\/navigace-na-strankach\/itinerare\/murano-itinerary","target":"","active":0,"current":0,"spacer":0,"hasSubpages":0,"mobilePageType":"4"},{"title":"Itiner\u00e1\u0159 Burana","link":"\/cs\/mesto\/navigace-na-strankach\/itinerare\/burano-itinerary","target":"","active":0,"current":0,"spacer":0,"hasSubpages":0,"mobilePageType":"4"},{"title":"Top 6 m\u00edst v San Marco Ben\u00e1tky","link":"\/cs\/mesto\/navigace-na-strankach\/itinerare\/top-6-places-in-san-marco-venice","target":"","active":0,"current":0,"spacer":0,"hasSubpages":0,"mobilePageType":"4"},{"title":"Cyklistick\u00e1 prohl\u00eddka Ben\u00e1tek Lido","link":"\/cs\/mesto\/navigace-na-strankach\/itinerare\/venice-lido-bike-tour","target":"","active":0,"current":0,"spacer":0,"hasSubpages":0,"mobilePageType":"4"},{"title":"Itiner\u00e1\u0159 Torcello","link":"\/cs\/mesto\/navigace-na-strankach\/itinerare\/torcello-itinerary","target":"","active":0,"current":0,"spacer":0,"hasSubpages":0,"mobilePageType":"4"},{"title":"V\u00fdlet na lagunov\u00e9 ostrovy","link":"\/cs\/mesto\/navigace-na-strankach\/itinerare\/excursion-to-the-lagoon-islands","target":"","active":0,"current":0,"spacer":0,"hasSubpages":0,"mobilePageType":"4"},{"title":"Objevov\u00e1n\u00ed zahrad Lagoon","link":"\/cs\/mesto\/navigace-na-strankach\/itinerare\/discovering-the-gardens-of-the-lagoon","target":"","active":0,"current":0,"spacer":0,"hasSubpages":0,"mobilePageType":"4"},{"title":"Nejlep\u0161\u00ed muzea ben\u00e1tsk\u00e9ho um\u011bn\u00ed","link":"\/cs\/mesto\/navigace-na-strankach\/itinerare\/the-best-museums-of-venetian-art","target":"","active":0,"current":0,"spacer":0,"hasSubpages":0,"mobilePageType":"4"}]},{"title":"Restaurace","link":"\/cs\/mesto\/navigace-na-strankach\/restaurace","target":"","active":0,"current":0,"spacer":0,"hasSubpages":0,"mobilePageType":"1"},{"title":"Ben\u00e1tky po setm\u011bn\u00ed","link":"\/cs\/mesto\/navigace-na-strankach\/benatky-po-setmeni","target":"","active":0,"current":0,"spacer":0,"hasSubpages":1,"mobilePageType":"4","children":[{"title":"No\u010dn\u00ed kluby a diskot\u00e9ky","link":"\/cs\/mesto\/navigace-na-strankach\/benatky-po-setmeni\/night-clubs-and-discos","target":"","active":0,"current":0,"spacer":0,"hasSubpages":0,"mobilePageType":"1"}]},{"title":"Bary","link":"\/cs\/mesto\/navigace-na-strankach\/bary","target":"","active":0,"current":0,"spacer":0,"hasSubpages":0,"mobilePageType":"1"},{"title":"Kav\u00e1rny","link":"\/cs\/mesto\/navigace-na-strankach\/kavarny","target":"","active":0,"current":0,"spacer":0,"hasSubpages":0,"mobilePageType":"1"},{"title":"P\u0159\u00edjezd do Ben\u00e1tek","link":"\/cs\/mesto\/navigace-na-strankach\/prijezd-do-benatek","target":"","active":0,"current":0,"spacer":0,"hasSubpages":1,"mobilePageType":"1","children":[{"title":"Cesta na n\u00e1m\u011bst\u00ed svat\u00e9ho Marka z leti\u0161t\u011b Marco Polo","link":"\/cs\/mesto\/navigace-na-strankach\/prijezd-do-benatek\/reach-st-marks-square-from-marco-polo-airport","target":"","active":0,"current":0,"spacer":0,"hasSubpages":0,"mobilePageType":""},{"title":"Cesta na Piazzale Roma z leti\u0161t\u011b Marco Polo","link":"\/cs\/mesto\/navigace-na-strankach\/prijezd-do-benatek\/reach-piazzale-roma-from-marco-polo-airport","target":"","active":0,"current":0,"spacer":0,"hasSubpages":0,"mobilePageType":""},{"title":"Cesta na FS Venezia Mestre z leti\u0161t\u011b Marco Polo","link":"\/cs\/mesto\/navigace-na-strankach\/prijezd-do-benatek\/reach-venezia-mestre-fs-from-marco-polo-airport","target":"","active":0,"current":0,"spacer":0,"hasSubpages":0,"mobilePageType":""},{"title":"Jak se dostat do Ben\u00e1tek vlakem","link":"\/cs\/mesto\/navigace-na-strankach\/prijezd-do-benatek\/how-to-get-to-venice-by-train","target":"","active":0,"current":0,"spacer":0,"hasSubpages":0,"mobilePageType":""},{"title":"Jak se dostat do Ben\u00e1tek autem","link":"\/cs\/mesto\/navigace-na-strankach\/prijezd-do-benatek\/how-to-reach-venice-by-car","target":"","active":0,"current":0,"spacer":0,"hasSubpages":0,"mobilePageType":""},{"title":"P\u0159\u00edstav v\u00fdletn\u00edch lod\u00ed v Ben\u00e1tk\u00e1ch","link":"\/cs\/mesto\/navigace-na-strankach\/prijezd-do-benatek\/venice-cruise-ship-port","target":"","active":0,"current":0,"spacer":0,"hasSubpages":0,"mobilePageType":"4"}]},{"title":"Kde zaparkovat v Ben\u00e1tk\u00e1ch","link":"\/cs\/mesto\/navigace-na-strankach\/kde-zaparkovat-v-benatkach","target":"","active":0,"current":0,"spacer":0,"hasSubpages":0,"mobilePageType":"4"},{"title":"Co si vz\u00edt s sebou","link":"\/cs\/mesto\/navigace-na-strankach\/co-si-vzit-s-sebou","target":"","active":0,"current":0,"spacer":0,"hasSubpages":0,"mobilePageType":"4"}]},{"title":"Informace pro n\u00e1v\u0161t\u011bvn\u00edky","link":"\/cs\/mesto\/informace-pro-navstevniky","target":"","active":1,"current":0,"spacer":0,"hasSubpages":1,"mobilePageType":"1","children":[{"title":"Spropitn\u00e9 v Ben\u00e1tk\u00e1ch","link":"\/cs\/navigate\/tipping-in-venice","target":"","active":0,"current":0,"spacer":0,"hasSubpages":0,"mobilePageType":"4"},{"title":"\u00daschova zavazadel v Ben\u00e1tk\u00e1ch","link":"\/cs\/navigate\/baggage-storage-in-venice","target":"","active":0,"current":0,"spacer":0,"hasSubpages":0,"mobilePageType":""},{"title":"Kontaktn\u00ed \u010d\u00edsla pro p\u0159\u00edpad nouze","link":"\/cs\/mesto\/informace-pro-navstevniky\/emergency-contact-numbers","target":"","active":0,"current":0,"spacer":0,"hasSubpages":0,"mobilePageType":"4"},{"title":"Po\u010das\u00ed a ro\u010dn\u00ed obdob\u00ed","link":"\/cs\/mesto\/weather-seasons","target":"","active":0,"current":0,"spacer":0,"hasSubpages":1,"mobilePageType":"4","children":[{"title":"Ben\u00e1tky a po\u010das\u00ed b\u011bhem roku","link":"\/cs\/mesto\/weather-seasons\/venice-and-the-weather-throughout-the-year","target":"","active":0,"current":0,"spacer":0,"hasSubpages":0,"mobilePageType":"4"},{"title":"Acqua Alta v Ben\u00e1tk\u00e1ch","link":"\/cs\/mesto\/weather-seasons\/acqua-alta-in-venice","target":"","active":0,"current":0,"spacer":0,"hasSubpages":0,"mobilePageType":"4"}]},{"title":"Ve\u0159ejn\u00e9 toalety v Ben\u00e1tk\u00e1ch","link":"\/cs\/navigate\/public-toilets-in-venice","target":"","active":0,"current":0,"spacer":0,"hasSubpages":0,"mobilePageType":""},{"title":"Jak nakl\u00e1dat s odpady v Ben\u00e1tk\u00e1ch","link":"\/cs\/navigate\/how-to-manage-waste-in-venice","target":"","active":1,"current":1,"spacer":0,"hasSubpages":0,"mobilePageType":""},{"title":"Font\u00e1ny s pitnou vodou v Ben\u00e1tk\u00e1ch","link":"\/cs\/navigate\/drinking-water-fountains-in-venice","target":"","active":0,"current":0,"spacer":0,"hasSubpages":0,"mobilePageType":""},{"title":"Sim karty a WIFI pro turisty","link":"\/cs\/navigate\/sim-cards-and-wifi-for-tourists","target":"","active":0,"current":0,"spacer":0,"hasSubpages":0,"mobilePageType":""},{"title":"Cestovn\u00ed poji\u0161t\u011bn\u00ed","link":"\/cs\/stay\/travel-insurance","target":"","active":0,"current":0,"spacer":0,"hasSubpages":0,"mobilePageType":""},{"title":"Pasy, v\u00edza a turistick\u00e1 da\u0148 v Ben\u00e1tk\u00e1ch","link":"\/cs\/stay\/passports-visas-and-tourist-tax-in-venice","target":"","active":0,"current":0,"spacer":0,"hasSubpages":0,"mobilePageType":""},{"title":"Osvobozen\u00ed od DPH","link":"\/cs\/mesto\/shopping-in-venice\/vat-exemption","target":"","active":0,"current":0,"spacer":0,"hasSubpages":0,"mobilePageType":"4"},{"title":"Banky, bankomaty a sm\u011bn\u00e1rny","link":"\/cs\/mesto\/informace-pro-navstevniky\/banks-atms-and-money-changers","target":"","active":0,"current":0,"spacer":0,"hasSubpages":0,"mobilePageType":"4"}]}]},{"title":"Prohl\u00eddky Ben\u00e1tek a vstupenky","link":"\/cs\/prohlidky-benatek-a-vstupenky","target":"","active":0,"current":0,"spacer":0,"hasSubpages":1,"mobilePageType":"1","children":[{"title":"Ben\u00e1tky City Pass","link":"\/cs\/prohlidky-benatek-a-vstupenky\/venice-city-pass","target":"","active":0,"current":0,"spacer":0,"hasSubpages":0,"mobilePageType":"4"},{"title":"V\u00fdlety Gondolou","link":"\/cs\/prohlidky-benatek-a-vstupenky\/gondola-ride-tours","target":"","active":0,"current":0,"spacer":0,"hasSubpages":0,"mobilePageType":"4"},{"title":"Venice Walking Tours","link":"\/cs\/venice-tours-tickets\/venice-walking-tours","target":"","active":0,"current":0,"spacer":0,"hasSubpages":0,"mobilePageType":""},{"title":"Venice Art Tours","link":"\/cs\/venice-tours-tickets\/venice-art-tours","target":"","active":0,"current":0,"spacer":0,"hasSubpages":0,"mobilePageType":""}]},{"title":"Z\u016fsta\u0148te na","link":"\/cs\/zustante-na","target":"","active":0,"current":0,"spacer":0,"hasSubpages":1,"mobilePageType":"1","children":[{"title":"Hotel Booking","link":"https:\/\/venicexplorer.booking.xeni.com\/booknow\/hotels","target":"","active":0,"current":0,"spacer":0,"hasSubpages":0,"mobilePageType":"4"},{"title":"Flight Booking","link":"https:\/\/venicexplorer.booking.xeni.com\/booknow\/flights","target":"","active":0,"current":0,"spacer":0,"hasSubpages":0,"mobilePageType":"4"},{"title":"Car Booking","link":"https:\/\/venicexplorer.booking.xeni.com\/booknow\/cars","target":"","active":0,"current":0,"spacer":0,"hasSubpages":0,"mobilePageType":""},{"title":"Activity Booking","link":"https:\/\/venicexplorer.booking.xeni.com\/booknow\/activities","target":"","active":0,"current":0,"spacer":0,"hasSubpages":0,"mobilePageType":""}]}]},{"title":"M\u011bsto","link":"\/cs\/mesto","target":"","active":1,"current":0,"spacer":0,"hasSubpages":1,"mobilePageType":"1","children":[{"title":"To nejlep\u0161\u00ed z Ben\u00e1tek","link":"\/cs\/explore\/the-best-of-venice","target":"","active":0,"current":0,"spacer":0,"hasSubpages":1,"mobilePageType":"4","children":[{"title":"N\u00e1m\u011bst\u00ed Svat\u00e9ho Marka","link":"\/cs\/explore\/the-best-of-venice\/piazza-san-marco","target":"","active":0,"current":0,"spacer":0,"hasSubpages":0,"mobilePageType":"4"},{"title":"Bazilika svat\u00e9ho Marka","link":"https:\/\/venicexplorer.com\/cs\/explore\/venice-churches\/st-marks-basilica\/","target":"","active":0,"current":0,"spacer":0,"hasSubpages":0,"mobilePageType":"4"},{"title":"D\u00f3\u017eec\u00ed pal\u00e1c","link":"https:\/\/venicexplorer.com\/cs\/explore\/venice-museums-galleries\/doges-palace\/","target":"","active":0,"current":0,"spacer":0,"hasSubpages":0,"mobilePageType":"4"},{"title":"Kampanila svat\u00e9ho Marka","link":"\/cs\/explore\/the-best-of-venice\/st-marks-campanile","target":"","active":0,"current":0,"spacer":0,"hasSubpages":0,"mobilePageType":"4"},{"title":"Scuola Grande di San Rocco","link":"\/cs\/explore\/the-best-of-venice\/scuola-grande-di-san-rocco","target":"","active":0,"current":0,"spacer":0,"hasSubpages":0,"mobilePageType":"4"},{"title":"Most Rialto","link":"\/cs\/explore\/the-best-of-venice\/ponte-di-rialto","target":"","active":0,"current":0,"spacer":0,"hasSubpages":0,"mobilePageType":"4"},{"title":"Santa Maria della Sallute","link":"https:\/\/venicexplorer.com\/explore\/venice-churches\/santa-maria-della-salute\/","target":"","active":0,"current":0,"spacer":0,"hasSubpages":0,"mobilePageType":"4"},{"title":"Velk\u00fd kan\u00e1l","link":"\/cs\/explore\/the-best-of-venice\/grand-canal","target":"","active":0,"current":0,"spacer":0,"hasSubpages":0,"mobilePageType":"4"},{"title":"Most vzdech\u016f","link":"\/cs\/explore\/the-best-of-venice\/bridge-of-sighs","target":"","active":0,"current":0,"spacer":0,"hasSubpages":0,"mobilePageType":"4"},{"title":"N\u00e1rodn\u00ed knihovna Marciana","link":"\/cs\/explore\/the-best-of-venice\/marciana-national-library","target":"","active":0,"current":0,"spacer":0,"hasSubpages":0,"mobilePageType":"4"},{"title":"Kostel San Polo","link":"https:\/\/venicexplorer.com\/cs\/explore\/venice-churches\/chiesa-di-san-polo\/","target":"","active":0,"current":0,"spacer":0,"hasSubpages":0,"mobilePageType":"4"},{"title":"Redentore","link":"https:\/\/venicexplorer.com\/cs\/explore\/venice-churches\/the-redentore\/","target":"","active":0,"current":0,"spacer":0,"hasSubpages":0,"mobilePageType":"4"},{"title":"Zattere","link":"\/cs\/explore\/the-best-of-venice\/zattere","target":"","active":0,"current":0,"spacer":0,"hasSubpages":0,"mobilePageType":"4"},{"title":"Ben\u00e1tsk\u00e1 laguna","link":"\/cs\/explore\/the-best-of-venice\/the-venetian-lagoon","target":"","active":0,"current":0,"spacer":0,"hasSubpages":0,"mobilePageType":"4"},{"title":"Ben\u00e1tsk\u00e9 bien\u00e1le","link":"\/cs\/mesto\/venice-annual-events\/the-venice-biennale","target":"","active":0,"current":0,"spacer":0,"hasSubpages":0,"mobilePageType":"4"},{"title":"Gondoly","link":"\/cs\/explore\/the-best-of-venice\/gondolas","target":"","active":0,"current":0,"spacer":0,"hasSubpages":0,"mobilePageType":"4"},{"title":"Ben\u00e1tsk\u00fd karneval","link":"\/cs\/mesto\/venice-annual-events\/venice-carnival","target":"","active":0,"current":0,"spacer":0,"hasSubpages":0,"mobilePageType":"4"},{"title":"Hitorick\u00e9 regaty","link":"\/cs\/mesto\/venice-annual-events\/regata-storica","target":"","active":0,"current":0,"spacer":0,"hasSubpages":0,"mobilePageType":"4"},{"title":"Vogalonga","link":"\/cs\/mesto\/venice-annual-events\/vogalonga","target":"","active":0,"current":0,"spacer":0,"hasSubpages":0,"mobilePageType":"4"},{"title":"Ben\u00e1tsk\u00fd arzen\u00e1l","link":"\/cs\/explore\/the-best-of-venice\/the-arsenal-of-venice","target":"","active":0,"current":0,"spacer":0,"hasSubpages":0,"mobilePageType":"4"},{"title":"Maratony v lagun\u011b","link":"\/cs\/explore\/the-best-of-venice\/the-lagoon-marathon","target":"","active":0,"current":0,"spacer":0,"hasSubpages":0,"mobilePageType":"4"}]},{"title":"Odhalen\u00e9 Ben\u00e1tky","link":"\/cs\/mesto\/odhalene-benatky","target":"","active":0,"current":0,"spacer":0,"hasSubpages":1,"mobilePageType":"4","children":[{"title":"Short History of Venice","link":"\/cs\/the-city\/venice-uncovered\/short-history-of-venice","target":"","active":0,"current":0,"spacer":0,"hasSubpages":0,"mobilePageType":"4"},{"title":"V\u0161e o Ben\u00e1tk\u00e1ch","link":"\/cs\/mesto\/odhalene-benatky\/vse-o-benatkach","target":"","active":0,"current":0,"spacer":0,"hasSubpages":0,"mobilePageType":"4"},{"title":"Almanac of Venice History","link":"\/cs\/the-city\/venice-uncovered\/almanac-of-venice-history","target":"","active":0,"current":0,"spacer":0,"hasSubpages":0,"mobilePageType":"4"},{"title":"Ka\u017edoro\u010dn\u00ed  akce v Ben\u00e1tk\u00e1ch","link":"\/cs\/mesto\/venice-annual-events","target":"","active":0,"current":0,"spacer":0,"hasSubpages":1,"mobilePageType":"4","children":[{"title":"Ben\u00e1tsk\u00fd karneval","link":"\/cs\/mesto\/venice-annual-events\/venice-carnival","target":"","active":0,"current":0,"spacer":0,"hasSubpages":0,"mobilePageType":"4"},{"title":"Historick\u00e1 Regata","link":"\/cs\/mesto\/venice-annual-events\/regata-storica","target":"","active":0,"current":0,"spacer":0,"hasSubpages":0,"mobilePageType":"4"},{"title":"Vogalonga","link":"\/cs\/mesto\/venice-annual-events\/vogalonga","target":"","active":0,"current":0,"spacer":0,"hasSubpages":0,"mobilePageType":"4"},{"title":"Mezin\u00e1rodn\u00ed filmov\u00fd festival v Ben\u00e1tk\u00e1ch","link":"\/cs\/mesto\/venice-annual-events\/venice-international-film-festival","target":"","active":0,"current":0,"spacer":0,"hasSubpages":0,"mobilePageType":"4"},{"title":"Ben\u00e1tsk\u00e9 Bien\u00e1le","link":"\/cs\/mesto\/venice-annual-events\/the-venice-biennale","target":"","active":0,"current":0,"spacer":0,"hasSubpages":0,"mobilePageType":"4"},{"title":"Su e Zo per I Ponti","link":"\/cs\/mesto\/venice-annual-events\/su-e-zo-per-i-ponti","target":"","active":0,"current":0,"spacer":0,"hasSubpages":0,"mobilePageType":"4"},{"title":"Festa Della Sensa","link":"\/cs\/mesto\/venice-annual-events\/festa-della-sensa","target":"","active":0,"current":0,"spacer":0,"hasSubpages":0,"mobilePageType":"4"},{"title":"Sagra di Sant\u2019Antonio","link":"\/cs\/mesto\/venice-annual-events\/sagra-di-sant-antonio","target":"","active":0,"current":0,"spacer":0,"hasSubpages":0,"mobilePageType":"4"},{"title":"Festa della Salute","link":"\/cs\/mesto\/venice-annual-events\/festa-della-salute","target":"","active":0,"current":0,"spacer":0,"hasSubpages":0,"mobilePageType":"4"},{"title":"Festa del Redentore","link":"\/cs\/mesto\/venice-annual-events\/festa-del-redentore","target":"","active":0,"current":0,"spacer":0,"hasSubpages":0,"mobilePageType":"4"},{"title":"Festa di San Marco","link":"\/cs\/mesto\/venice-annual-events\/festa-di-san-marco","target":"","active":0,"current":0,"spacer":0,"hasSubpages":0,"mobilePageType":"4"},{"title":"Festa di Santi Pietro e Paolo","link":"\/cs\/mesto\/venice-annual-events\/festa-di-santi-pietro-e-paolo","target":"","active":0,"current":0,"spacer":0,"hasSubpages":0,"mobilePageType":"4"},{"title":"Festa di San Martino","link":"\/cs\/mesto\/venice-annual-events\/festa-di-san-martino","target":"","active":0,"current":0,"spacer":0,"hasSubpages":0,"mobilePageType":"4"},{"title":"Zioba Grasso","link":"\/cs\/mesto\/venice-annual-events\/zioba-grasso","target":"","active":0,"current":0,"spacer":0,"hasSubpages":0,"mobilePageType":"4"},{"title":"Sv\u00e1tek Mari\u00ed","link":"\/cs\/mesto\/venice-annual-events\/festa-delle-marie","target":"","active":0,"current":0,"spacer":0,"hasSubpages":0,"mobilePageType":"4"},{"title":"Ben\u00e1tsk\u00fd maraton","link":"\/cs\/mesto\/venice-annual-events\/the-venice-marathon","target":"","active":0,"current":0,"spacer":0,"hasSubpages":0,"mobilePageType":"4"},{"title":"P\u016flmaraton Jesolo Moonlight","link":"\/cs\/mesto\/venice-annual-events\/jesolo-moonlight-half-marathon","target":"","active":0,"current":0,"spacer":0,"hasSubpages":0,"mobilePageType":"4"},{"title":"No\u010dn\u00ed stezka v Ben\u00e1tk\u00e1ch","link":"\/cs\/mesto\/venice-annual-events\/venice-night-trail","target":"","active":0,"current":0,"spacer":0,"hasSubpages":0,"mobilePageType":"4"}]},{"title":"Ben\u00e1tsk\u00e9 Recepty","link":"\/cs\/mesto\/venetian-recipes","target":"","active":0,"current":0,"spacer":0,"hasSubpages":1,"mobilePageType":"4","children":[{"title":"R\u00fd\u017ee a hr\u00e1ch (Risi e Bisi)","link":"\/cs\/mesto\/venetian-recipes\/risi-e-bisi","target":"","active":0,"current":0,"spacer":0,"hasSubpages":0,"mobilePageType":"4"},{"title":"Fig a la Venessiana","link":"\/cs\/mesto\/venetian-recipes\/fegato-alla-veneziana","target":"","active":0,"current":0,"spacer":0,"hasSubpages":0,"mobilePageType":"4"},{"title":"Sma\u017een\u00e9 kr\u00e9my","link":"\/cs\/mesto\/venetian-recipes\/crema-fritte","target":"","active":0,"current":0,"spacer":0,"hasSubpages":0,"mobilePageType":"4"},{"title":"N\u00e1soben\u00e9 lilky","link":"\/cs\/mesto\/venetian-recipes\/moltiplicati-melanzane","target":"","active":0,"current":0,"spacer":0,"hasSubpages":0,"mobilePageType":"4"},{"title":"Pala\u010dinky od Toni Trolese","link":"\/cs\/mesto\/venetian-recipes\/frittelle-di-toni-trolese","target":"","active":0,"current":0,"spacer":0,"hasSubpages":0,"mobilePageType":"4"},{"title":"Sard\u00e8 in Sa\u00f2r","link":"\/cs\/mesto\/venetian-recipes\/sarde-in-saor","target":"","active":0,"current":0,"spacer":0,"hasSubpages":0,"mobilePageType":"4"},{"title":"Caramel Sauce","link":"\/cs\/mesto\/venetian-recipes\/caramel-sauce","target":"","active":0,"current":0,"spacer":0,"hasSubpages":0,"mobilePageType":"4"},{"title":"Pera al Forno e Biscotti Tavern","link":"\/cs\/mesto\/venetian-recipes\/pera-al-forno-e-biscotti-tavern","target":"","active":0,"current":0,"spacer":0,"hasSubpages":0,"mobilePageType":"4"},{"title":"Pane di Sapa","link":"\/cs\/mesto\/venetian-recipes\/pane-di-sapa","target":"","active":0,"current":0,"spacer":0,"hasSubpages":0,"mobilePageType":"4"},{"title":"Cuttles in Casseruola con il Loro Inchiostro","link":"\/cs\/mesto\/venetian-recipes\/cuttles-in-casseruola-con-il-loro-inchiostro","target":"","active":0,"current":0,"spacer":0,"hasSubpages":0,"mobilePageType":"4"},{"title":"il Baicoli","link":"\/cs\/mesto\/venetian-recipes\/il-baicoli","target":"","active":0,"current":0,"spacer":0,"hasSubpages":0,"mobilePageType":"4"},{"title":"Roditrici Tavern a Venezia","link":"\/cs\/mesto\/venetian-recipes\/cicchetti-veneziani","target":"","active":0,"current":0,"spacer":0,"hasSubpages":0,"mobilePageType":"4"}]},{"title":"Hudba a koncerty v Ben\u00e1tk\u00e1ch","link":"\/cs\/mesto\/music-and-concerts-in-venice","target":"","active":0,"current":0,"spacer":0,"hasSubpages":0,"mobilePageType":"4"},{"title":"Filmy nato\u010den\u00e9 v Ben\u00e1tk\u00e1ch","link":"\/cs\/explore\/films-shot-in-venice","target":"","active":0,"current":0,"spacer":0,"hasSubpages":0,"mobilePageType":"4"}]},{"title":"eXplore Ben\u00e1tky","link":"\/cs\/mesto\/explore-benatky","target":"","active":0,"current":0,"spacer":0,"hasSubpages":1,"mobilePageType":"1","children":[{"title":"Mapa Ben\u00e1tek","link":"\/cs\/","target":"","active":0,"current":0,"spacer":0,"hasSubpages":0,"mobilePageType":"3"},{"title":"Muzea a galerie v Ben\u00e1tk\u00e1ch","link":"\/cs\/mesto\/explore-benatky\/venice-museums-galleries","target":"","active":0,"current":0,"spacer":0,"hasSubpages":0,"mobilePageType":"1"},{"title":"Divadla","link":"\/cs\/mesto\/explore-benatky\/venice-theatres","target":"","active":0,"current":0,"spacer":0,"hasSubpages":0,"mobilePageType":"1"},{"title":"Kostely v Ben\u00e1tk\u00e1ch","link":"\/cs\/mesto\/explore-benatky\/venice-churches","target":"","active":0,"current":0,"spacer":0,"hasSubpages":0,"mobilePageType":"1"},{"title":"Sestieri","link":"\/cs\/mesto\/sestieri","target":"","active":0,"current":0,"spacer":0,"hasSubpages":1,"mobilePageType":"4","children":[{"title":"San Marco","link":"\/cs\/mesto\/sestieri\/san-marco","target":"","active":0,"current":0,"spacer":0,"hasSubpages":0,"mobilePageType":"4"},{"title":"San Polo","link":"\/cs\/mesto\/sestieri\/san-polo","target":"","active":0,"current":0,"spacer":0,"hasSubpages":0,"mobilePageType":"4"},{"title":"Santa Croce","link":"\/cs\/mesto\/sestieri\/santa-croce","target":"","active":0,"current":0,"spacer":0,"hasSubpages":0,"mobilePageType":"4"},{"title":"Castello","link":"\/cs\/mesto\/sestieri\/castello","target":"","active":0,"current":0,"spacer":0,"hasSubpages":0,"mobilePageType":"4"},{"title":"Dorsoduro","link":"\/cs\/mesto\/sestieri\/dorsoduro","target":"","active":0,"current":0,"spacer":0,"hasSubpages":0,"mobilePageType":"4"},{"title":"Cannaregio","link":"\/cs\/mesto\/sestieri\/cannaregio","target":"","active":0,"current":0,"spacer":0,"hasSubpages":0,"mobilePageType":"4"}]},{"title":"Hotels in Venice","link":"\/cs\/the-city\/explore-venice\/venice-hotels","target":"","active":0,"current":0,"spacer":0,"hasSubpages":0,"mobilePageType":"4"},{"title":"Nakupov\u00e1n\u00ed v Ben\u00e1tk\u00e1ch","link":"\/cs\/mesto\/shopping-in-venice","target":"","active":0,"current":0,"spacer":0,"hasSubpages":1,"mobilePageType":"4","children":[{"title":"Nakupov\u00e1n\u00ed v Ben\u00e1tk\u00e1ch, Obecn\u00e9 Informace","link":"\/cs\/mesto\/shopping-in-venice\/shopping-in-venice-general-information","target":"","active":0,"current":0,"spacer":0,"hasSubpages":0,"mobilePageType":"4"},{"title":"M\u00f3da a dopl\u0148ky","link":"\/cs\/mesto\/shopping-in-venice\/fashion-and-accessories","target":"","active":0,"current":0,"spacer":0,"hasSubpages":0,"mobilePageType":"4"},{"title":"Design interi\u00e9ru a tkaniny","link":"\/cs\/mesto\/shopping-in-venice\/fabrics-and-interior-design","target":"","active":0,"current":0,"spacer":0,"hasSubpages":0,"mobilePageType":"4"},{"title":"Masky a kost\u00fdmy","link":"\/cs\/mesto\/shopping-in-venice\/masks-and-costumes","target":"","active":0,"current":0,"spacer":0,"hasSubpages":0,"mobilePageType":"4"},{"title":"Sklo","link":"\/cs\/mesto\/shopping-in-venice\/glass","target":"","active":0,"current":0,"spacer":0,"hasSubpages":0,"mobilePageType":"4"},{"title":"\u0160perky","link":"\/cs\/mesto\/shopping-in-venice\/jewellery","target":"","active":0,"current":0,"spacer":0,"hasSubpages":0,"mobilePageType":"4"},{"title":"Knihy a d\u00e1rky","link":"\/cs\/mesto\/shopping-in-venice\/books-and-gifts","target":"","active":0,"current":0,"spacer":0,"hasSubpages":0,"mobilePageType":"4"},{"title":"Trhy a obchody s potravinami","link":"\/cs\/mesto\/shopping-in-venice\/markets-and-food-shops","target":"","active":0,"current":0,"spacer":0,"hasSubpages":0,"mobilePageType":"4"},{"title":"Trh Rialto a Pescheria","link":"\/cs\/mesto\/shopping-in-venice\/rialto-market-and-the-pescheria","target":"","active":0,"current":0,"spacer":0,"hasSubpages":0,"mobilePageType":"4"},{"title":"Jednotliv\u00e9 turistick\u00e9 slu\u017eby, kter\u00e9 maj\u00ed b\u00fdt zakoupeny","link":"\/cs\/mesto\/shopping-in-venice\/single-tourist-services-to-be-purchased","target":"","active":0,"current":0,"spacer":0,"hasSubpages":0,"mobilePageType":"4"}]},{"title":"Mimo vy\u0161lapan\u00e9 cesty","link":"\/cs\/mesto\/explore-benatky\/off-the-beaten-track-in-venice","target":"","active":0,"current":0,"spacer":0,"hasSubpages":0,"mobilePageType":"4"},{"title":"Venice Surroundings","link":"\/cs\/the-city\/explore-venice\/islands-of-venice\/default-title","target":"","active":0,"current":0,"spacer":0,"hasSubpages":0,"mobilePageType":"1"}]},{"title":"Navigace na str\u00e1nk\u00e1ch","link":"\/cs\/mesto\/navigace-na-strankach","target":"","active":0,"current":0,"spacer":0,"hasSubpages":1,"mobilePageType":"1","children":[{"title":"Itiner\u00e1\u0159e","link":"\/cs\/mesto\/navigace-na-strankach\/itinerare","target":"","active":0,"current":0,"spacer":0,"hasSubpages":1,"mobilePageType":"1","children":[{"title":"Celodenn\u00ed itiner\u00e1\u0159 San Marco","link":"\/cs\/mesto\/navigace-na-strankach\/itinerare\/san-marco-fullday-itinerary","target":"","active":0,"current":0,"spacer":0,"hasSubpages":0,"mobilePageType":"4"},{"title":"San Marco a Castello Itiner\u00e1\u0159","link":"\/cs\/mesto\/navigace-na-strankach\/itinerare\/san-marco-and-castello-itinerary","target":"","active":0,"current":0,"spacer":0,"hasSubpages":0,"mobilePageType":"4"},{"title":"San Polo a Dorsoduro","link":"\/cs\/mesto\/navigace-na-strankach\/itinerare\/san-polo-and-dorsoduro","target":"","active":0,"current":0,"spacer":0,"hasSubpages":0,"mobilePageType":"4"},{"title":"Ghetto, Cannaregio a Castello","link":"\/cs\/mesto\/navigace-na-strankach\/itinerare\/the-ghetto-cannaregio-and-castello","target":"","active":0,"current":0,"spacer":0,"hasSubpages":0,"mobilePageType":"4"},{"title":"Itiner\u00e1\u0159 Giudecca a San Giorgio Maggiore","link":"\/cs\/mesto\/navigace-na-strankach\/itinerare\/giudecca-and-san-giorgio-maggiore-itinerary","target":"","active":0,"current":0,"spacer":0,"hasSubpages":0,"mobilePageType":"4"},{"title":"Itinerario de Murano","link":"\/cs\/mesto\/navigace-na-strankach\/itinerare\/murano-itinerary","target":"","active":0,"current":0,"spacer":0,"hasSubpages":0,"mobilePageType":"4"},{"title":"Itiner\u00e1\u0159 Burana","link":"\/cs\/mesto\/navigace-na-strankach\/itinerare\/burano-itinerary","target":"","active":0,"current":0,"spacer":0,"hasSubpages":0,"mobilePageType":"4"},{"title":"Top 6 m\u00edst v San Marco Ben\u00e1tky","link":"\/cs\/mesto\/navigace-na-strankach\/itinerare\/top-6-places-in-san-marco-venice","target":"","active":0,"current":0,"spacer":0,"hasSubpages":0,"mobilePageType":"4"},{"title":"Cyklistick\u00e1 prohl\u00eddka Ben\u00e1tek Lido","link":"\/cs\/mesto\/navigace-na-strankach\/itinerare\/venice-lido-bike-tour","target":"","active":0,"current":0,"spacer":0,"hasSubpages":0,"mobilePageType":"4"},{"title":"Itiner\u00e1\u0159 Torcello","link":"\/cs\/mesto\/navigace-na-strankach\/itinerare\/torcello-itinerary","target":"","active":0,"current":0,"spacer":0,"hasSubpages":0,"mobilePageType":"4"},{"title":"V\u00fdlet na lagunov\u00e9 ostrovy","link":"\/cs\/mesto\/navigace-na-strankach\/itinerare\/excursion-to-the-lagoon-islands","target":"","active":0,"current":0,"spacer":0,"hasSubpages":0,"mobilePageType":"4"},{"title":"Objevov\u00e1n\u00ed zahrad Lagoon","link":"\/cs\/mesto\/navigace-na-strankach\/itinerare\/discovering-the-gardens-of-the-lagoon","target":"","active":0,"current":0,"spacer":0,"hasSubpages":0,"mobilePageType":"4"},{"title":"Nejlep\u0161\u00ed muzea ben\u00e1tsk\u00e9ho um\u011bn\u00ed","link":"\/cs\/mesto\/navigace-na-strankach\/itinerare\/the-best-museums-of-venetian-art","target":"","active":0,"current":0,"spacer":0,"hasSubpages":0,"mobilePageType":"4"}]},{"title":"Restaurace","link":"\/cs\/mesto\/navigace-na-strankach\/restaurace","target":"","active":0,"current":0,"spacer":0,"hasSubpages":0,"mobilePageType":"1"},{"title":"Ben\u00e1tky po setm\u011bn\u00ed","link":"\/cs\/mesto\/navigace-na-strankach\/benatky-po-setmeni","target":"","active":0,"current":0,"spacer":0,"hasSubpages":1,"mobilePageType":"4","children":[{"title":"No\u010dn\u00ed kluby a diskot\u00e9ky","link":"\/cs\/mesto\/navigace-na-strankach\/benatky-po-setmeni\/night-clubs-and-discos","target":"","active":0,"current":0,"spacer":0,"hasSubpages":0,"mobilePageType":"1"}]},{"title":"Bary","link":"\/cs\/mesto\/navigace-na-strankach\/bary","target":"","active":0,"current":0,"spacer":0,"hasSubpages":0,"mobilePageType":"1"},{"title":"Kav\u00e1rny","link":"\/cs\/mesto\/navigace-na-strankach\/kavarny","target":"","active":0,"current":0,"spacer":0,"hasSubpages":0,"mobilePageType":"1"},{"title":"P\u0159\u00edjezd do Ben\u00e1tek","link":"\/cs\/mesto\/navigace-na-strankach\/prijezd-do-benatek","target":"","active":0,"current":0,"spacer":0,"hasSubpages":1,"mobilePageType":"1","children":[{"title":"Cesta na n\u00e1m\u011bst\u00ed svat\u00e9ho Marka z leti\u0161t\u011b Marco Polo","link":"\/cs\/mesto\/navigace-na-strankach\/prijezd-do-benatek\/reach-st-marks-square-from-marco-polo-airport","target":"","active":0,"current":0,"spacer":0,"hasSubpages":0,"mobilePageType":""},{"title":"Cesta na Piazzale Roma z leti\u0161t\u011b Marco Polo","link":"\/cs\/mesto\/navigace-na-strankach\/prijezd-do-benatek\/reach-piazzale-roma-from-marco-polo-airport","target":"","active":0,"current":0,"spacer":0,"hasSubpages":0,"mobilePageType":""},{"title":"Cesta na FS Venezia Mestre z leti\u0161t\u011b Marco Polo","link":"\/cs\/mesto\/navigace-na-strankach\/prijezd-do-benatek\/reach-venezia-mestre-fs-from-marco-polo-airport","target":"","active":0,"current":0,"spacer":0,"hasSubpages":0,"mobilePageType":""},{"title":"Jak se dostat do Ben\u00e1tek vlakem","link":"\/cs\/mesto\/navigace-na-strankach\/prijezd-do-benatek\/how-to-get-to-venice-by-train","target":"","active":0,"current":0,"spacer":0,"hasSubpages":0,"mobilePageType":""},{"title":"Jak se dostat do Ben\u00e1tek autem","link":"\/cs\/mesto\/navigace-na-strankach\/prijezd-do-benatek\/how-to-reach-venice-by-car","target":"","active":0,"current":0,"spacer":0,"hasSubpages":0,"mobilePageType":""},{"title":"P\u0159\u00edstav v\u00fdletn\u00edch lod\u00ed v Ben\u00e1tk\u00e1ch","link":"\/cs\/mesto\/navigace-na-strankach\/prijezd-do-benatek\/venice-cruise-ship-port","target":"","active":0,"current":0,"spacer":0,"hasSubpages":0,"mobilePageType":"4"}]},{"title":"Kde zaparkovat v Ben\u00e1tk\u00e1ch","link":"\/cs\/mesto\/navigace-na-strankach\/kde-zaparkovat-v-benatkach","target":"","active":0,"current":0,"spacer":0,"hasSubpages":0,"mobilePageType":"4"},{"title":"Co si vz\u00edt s sebou","link":"\/cs\/mesto\/navigace-na-strankach\/co-si-vzit-s-sebou","target":"","active":0,"current":0,"spacer":0,"hasSubpages":0,"mobilePageType":"4"}]},{"title":"Informace pro n\u00e1v\u0161t\u011bvn\u00edky","link":"\/cs\/mesto\/informace-pro-navstevniky","target":"","active":1,"current":0,"spacer":0,"hasSubpages":1,"mobilePageType":"1","children":[{"title":"Spropitn\u00e9 v Ben\u00e1tk\u00e1ch","link":"\/cs\/navigate\/tipping-in-venice","target":"","active":0,"current":0,"spacer":0,"hasSubpages":0,"mobilePageType":"4"},{"title":"\u00daschova zavazadel v Ben\u00e1tk\u00e1ch","link":"\/cs\/navigate\/baggage-storage-in-venice","target":"","active":0,"current":0,"spacer":0,"hasSubpages":0,"mobilePageType":""},{"title":"Kontaktn\u00ed \u010d\u00edsla pro p\u0159\u00edpad nouze","link":"\/cs\/mesto\/informace-pro-navstevniky\/emergency-contact-numbers","target":"","active":0,"current":0,"spacer":0,"hasSubpages":0,"mobilePageType":"4"},{"title":"Po\u010das\u00ed a ro\u010dn\u00ed obdob\u00ed","link":"\/cs\/mesto\/weather-seasons","target":"","active":0,"current":0,"spacer":0,"hasSubpages":1,"mobilePageType":"4","children":[{"title":"Ben\u00e1tky a po\u010das\u00ed b\u011bhem roku","link":"\/cs\/mesto\/weather-seasons\/venice-and-the-weather-throughout-the-year","target":"","active":0,"current":0,"spacer":0,"hasSubpages":0,"mobilePageType":"4"},{"title":"Acqua Alta v Ben\u00e1tk\u00e1ch","link":"\/cs\/mesto\/weather-seasons\/acqua-alta-in-venice","target":"","active":0,"current":0,"spacer":0,"hasSubpages":0,"mobilePageType":"4"}]},{"title":"Ve\u0159ejn\u00e9 toalety v Ben\u00e1tk\u00e1ch","link":"\/cs\/navigate\/public-toilets-in-venice","target":"","active":0,"current":0,"spacer":0,"hasSubpages":0,"mobilePageType":""},{"title":"Jak nakl\u00e1dat s odpady v Ben\u00e1tk\u00e1ch","link":"\/cs\/navigate\/how-to-manage-waste-in-venice","target":"","active":1,"current":1,"spacer":0,"hasSubpages":0,"mobilePageType":""},{"title":"Font\u00e1ny s pitnou vodou v Ben\u00e1tk\u00e1ch","link":"\/cs\/navigate\/drinking-water-fountains-in-venice","target":"","active":0,"current":0,"spacer":0,"hasSubpages":0,"mobilePageType":""},{"title":"Sim karty a WIFI pro turisty","link":"\/cs\/navigate\/sim-cards-and-wifi-for-tourists","target":"","active":0,"current":0,"spacer":0,"hasSubpages":0,"mobilePageType":""},{"title":"Cestovn\u00ed poji\u0161t\u011bn\u00ed","link":"\/cs\/stay\/travel-insurance","target":"","active":0,"current":0,"spacer":0,"hasSubpages":0,"mobilePageType":""},{"title":"Pasy, v\u00edza a turistick\u00e1 da\u0148 v Ben\u00e1tk\u00e1ch","link":"\/cs\/stay\/passports-visas-and-tourist-tax-in-venice","target":"","active":0,"current":0,"spacer":0,"hasSubpages":0,"mobilePageType":""},{"title":"Osvobozen\u00ed od DPH","link":"\/cs\/mesto\/shopping-in-venice\/vat-exemption","target":"","active":0,"current":0,"spacer":0,"hasSubpages":0,"mobilePageType":"4"},{"title":"Banky, bankomaty a sm\u011bn\u00e1rny","link":"\/cs\/mesto\/informace-pro-navstevniky\/banks-atms-and-money-changers","target":"","active":0,"current":0,"spacer":0,"hasSubpages":0,"mobilePageType":"4"}]}]},{"title":"Informace pro n\u00e1v\u0161t\u011bvn\u00edky","link":"\/cs\/mesto\/informace-pro-navstevniky","target":"","active":1,"current":0,"spacer":0,"hasSubpages":1,"mobilePageType":"1","children":[{"title":"Spropitn\u00e9 v Ben\u00e1tk\u00e1ch","link":"\/cs\/navigate\/tipping-in-venice","target":"","active":0,"current":0,"spacer":0,"hasSubpages":0,"mobilePageType":"4"},{"title":"\u00daschova zavazadel v Ben\u00e1tk\u00e1ch","link":"\/cs\/navigate\/baggage-storage-in-venice","target":"","active":0,"current":0,"spacer":0,"hasSubpages":0,"mobilePageType":""},{"title":"Kontaktn\u00ed \u010d\u00edsla pro p\u0159\u00edpad nouze","link":"\/cs\/mesto\/informace-pro-navstevniky\/emergency-contact-numbers","target":"","active":0,"current":0,"spacer":0,"hasSubpages":0,"mobilePageType":"4"},{"title":"Po\u010das\u00ed a ro\u010dn\u00ed obdob\u00ed","link":"\/cs\/mesto\/weather-seasons","target":"","active":0,"current":0,"spacer":0,"hasSubpages":1,"mobilePageType":"4","children":[{"title":"Ben\u00e1tky a po\u010das\u00ed b\u011bhem roku","link":"\/cs\/mesto\/weather-seasons\/venice-and-the-weather-throughout-the-year","target":"","active":0,"current":0,"spacer":0,"hasSubpages":0,"mobilePageType":"4"},{"title":"Acqua Alta v Ben\u00e1tk\u00e1ch","link":"\/cs\/mesto\/weather-seasons\/acqua-alta-in-venice","target":"","active":0,"current":0,"spacer":0,"hasSubpages":0,"mobilePageType":"4"}]},{"title":"Ve\u0159ejn\u00e9 toalety v Ben\u00e1tk\u00e1ch","link":"\/cs\/navigate\/public-toilets-in-venice","target":"","active":0,"current":0,"spacer":0,"hasSubpages":0,"mobilePageType":""},{"title":"Jak nakl\u00e1dat s odpady v Ben\u00e1tk\u00e1ch","link":"\/cs\/navigate\/how-to-manage-waste-in-venice","target":"","active":1,"current":1,"spacer":0,"hasSubpages":0,"mobilePageType":""},{"title":"Font\u00e1ny s pitnou vodou v Ben\u00e1tk\u00e1ch","link":"\/cs\/navigate\/drinking-water-fountains-in-venice","target":"","active":0,"current":0,"spacer":0,"hasSubpages":0,"mobilePageType":""},{"title":"Sim karty a WIFI pro turisty","link":"\/cs\/navigate\/sim-cards-and-wifi-for-tourists","target":"","active":0,"current":0,"spacer":0,"hasSubpages":0,"mobilePageType":""},{"title":"Cestovn\u00ed poji\u0161t\u011bn\u00ed","link":"\/cs\/stay\/travel-insurance","target":"","active":0,"current":0,"spacer":0,"hasSubpages":0,"mobilePageType":""},{"title":"Pasy, v\u00edza a turistick\u00e1 da\u0148 v Ben\u00e1tk\u00e1ch","link":"\/cs\/stay\/passports-visas-and-tourist-tax-in-venice","target":"","active":0,"current":0,"spacer":0,"hasSubpages":0,"mobilePageType":""},{"title":"Osvobozen\u00ed od DPH","link":"\/cs\/mesto\/shopping-in-venice\/vat-exemption","target":"","active":0,"current":0,"spacer":0,"hasSubpages":0,"mobilePageType":"4"},{"title":"Banky, bankomaty a sm\u011bn\u00e1rny","link":"\/cs\/mesto\/informace-pro-navstevniky\/banks-atms-and-money-changers","target":"","active":0,"current":0,"spacer":0,"hasSubpages":0,"mobilePageType":"4"}]},{"title":"Jak nakl\u00e1dat s odpady v Ben\u00e1tk\u00e1ch","link":"\/cs\/navigate\/how-to-manage-waste-in-venice","target":"","active":1,"current":1,"spacer":0,"hasSubpages":0,"mobilePageType":""}]}